{"id":15979,"date":"2021-05-13T15:49:59","date_gmt":"2021-05-13T19:49:59","guid":{"rendered":"https:\/\/jrfortin.com\/jrf\/?page_id=15979"},"modified":"2023-01-07T12:09:51","modified_gmt":"2023-01-07T17:09:51","slug":"eveil-des-consciences","status":"publish","type":"page","link":"https:\/\/jrfortin.com\/jrf\/eveil-des-consciences\/","title":{"rendered":"\u00c9veil des consciences"},"content":{"rendered":"<p>S\u00e9rie d\u2019articles dans la cat\u00e9gorie \u00ab \u00c9veil des consciences \u00bb.<br \/>\nR\u00e9seau de vie de Shihan Jean-Rock Fortin, M.A.<\/p>\n<hr \/>\n<p style=\"text-align: center;\"><div id=\"bdpp-post-gridbox-1\" class=\"bdpp-wrap bdpp-lite bdpp-post-grid-box-wrap bdpp-post-data-wrap bdpp-design-1  bdpp-clearfix\">\r\n\t<div class=\"bdpp-post-grid-box-inr-wrap bdpp-post-data-inr-wrap bdpp-clearfix\">\t<div class=\"bdpp-post-gridbox bdpp-post-gridbox-left bdpp-col-2 bdpp-columns bdpp-post-20294 bdpp-post-standard  bdpp-has-thumb\">\r\n\t\t<div class=\"bdpp-post-grid-content\">\r\n\t\t\t\t\r\n\t\t\t<div class=\"bdpp-post-img-link\">\t\r\n\t\t\t\t<a class=\"bdpp-post-linkoverlay\" href=\"https:\/\/jrfortin.com\/jrf\/blog\/le-rapport-du-congres-americain-donnent-raison-sur-toute-la-ligne-aux-complotistes\/\"><\/a>\r\n\t\t\t\t<div class=\"bdpp-post-img-bg\" style=\"height:500px; background-image:url(https:\/\/i0.wp.com\/jrfortin.com\/jrf\/wp-content\/uploads\/2024\/12\/aigle.png?fit=710%2C710&#038;ssl=1);\"><\/div>\r\n\t\t\t\t\t\t\t<\/div>\r\n\t\t\t\r\n\t\t\t<div class=\"bdpp-post-content-overlay\">\r\n\t\t\t\t<h2 class=\"bdpp-post-title\">\r\n\t\t\t\t\t<a href=\"https:\/\/jrfortin.com\/jrf\/blog\/le-rapport-du-congres-americain-donnent-raison-sur-toute-la-ligne-aux-complotistes\/\">Le rapport du Congr\u00e8s am\u00e9ricain donne raison sur toute la ligne aux complotistes<\/a>\r\n\t\t\t\t<\/h2>\r\n\r\n\t\t\t\t\t\t\t\t<div class=\"bdpp-post-meta bdpp-post-meta-up\">\r\n\t\t\t\t\t<span class=\"bdpp-post-meta-data bdpp-post-date\"><i class=\"fa fa-clock-o\"><\/i>10 d\u00e9cembre 2024<\/span>\t\t\t\t<\/div>\r\n\t\t\t\t\t\t\t\t<div class=\"bdpp-post-content\">\r\n\t\t\t\t\t<div class=\"bdpp-post-desc\">Voici les grandes lignes d\u2019un rapport explosif de 520 pages sur la pland\u00e9mie de COVID-19 rendu public mercredi dernier par un sous-comit\u00e9 sp\u00e9cial du Congr\u00e8s am\u00e9ricain dirig\u00e9 par des \u00e9lus r\u00e9publicains et d\u00e9mocrates. Apr\u00e8s deux ans d\u2019enqu\u00eate, ce que certains voulaient taire ou maquiller a finalement \u00e9clat\u00e9 au grand jour. Le rapport nous apprend entre autres que: Le virus a \u00e9t\u00e9 fabriqu\u00e9 dans un laboratoire \u00e0 Wuhan (Chine) dans le cadre de recherches sur le gain de fonction financ\u00e9es par l\u2019\u00c9tat am\u00e9ricain. \u00c7a signifie que le virus a \u00e9t\u00e9 d\u00e9velopp\u00e9 dans le but sp\u00e9cifique de servir contre les humains. Les...<\/div>\r\n\t\t\t\t\t\t\t\t\t\t\t<a href=\"https:\/\/jrfortin.com\/jrf\/blog\/le-rapport-du-congres-americain-donnent-raison-sur-toute-la-ligne-aux-complotistes\/\" class=\"bdpp-rdmr-btn\">Lire la suite<\/a>\r\n\t\t\t\t\t\t\t\t\t<\/div>\r\n\t\t\t\t\t\t\t<\/div>\r\n\t\t<\/div>\r\n\t<\/div>\r\n\r\n<div class=\"bdpp-post-gridbox bdpp-post-gridbox-right bdpp-col-2 bdpp-columns bdpp-post-20170 bdpp-post-standard  bdpp-has-thumb\">\r\n\t<div class=\"bdpp-post-grid-content bdpp-clearfix\">\r\n\t\t\t\t<div class=\"bdpp-col-s-4 bdpp-columns\">\r\n\t\t\t<div class=\"bdpp-post-img-bg\">\r\n\t\t\t\t<a href=\"https:\/\/jrfortin.com\/jrf\/blog\/vax-arnm-le-japon-declare-letat-durgence\/\">\r\n\t\t\t\t\t<img decoding=\"async\" src=\"https:\/\/i0.wp.com\/jrfortin.com\/jrf\/wp-content\/uploads\/2024\/08\/jap.png?resize=120%2C120&#038;ssl=1\" class=\"bdpp-img bdpp-post-feat-img\" alt=\"VAX ARNm &#8211; LE JAPON D\u00c9CLARE L&rsquo;\u00c9TAT D&rsquo;URGENCE\" \/>\r\n\t\t\t\t\t\t\t\t\t<\/a>\r\n\t\t\t<\/div>\r\n\t\t<\/div>\r\n\t\t\r\n\t\t<div class=\"bdpp-col-s-8 bdpp-columns\">\r\n\t\t\t\r\n\t\t\t<div class=\"bdpp-post-content-overlay\">\r\n\t\t\t\t<h4 class=\"bdpp-post-title\">\r\n\t\t\t\t\t<a href=\"https:\/\/jrfortin.com\/jrf\/blog\/vax-arnm-le-japon-declare-letat-durgence\/\">VAX ARNm &#8211; LE JAPON D\u00c9CLARE L&rsquo;\u00c9TAT D&rsquo;URGENCE<\/a>\r\n\t\t\t\t<\/h4>\r\n\r\n\t\t\t\t\t\t\t\t<div class=\"bdpp-post-meta bdpp-post-meta-up\">\r\n\t\t\t\t\t<span class=\"bdpp-post-meta-data bdpp-post-date\"><i class=\"fa fa-clock-o\"><\/i>29 ao\u00fbt 2024<\/span>\t\t\t\t<\/div>\r\n\t\t\t\t\t\t\t<\/div>\r\n\t\t<\/div>\r\n\t<\/div>\r\n<\/div>\r\n\r\n<div class=\"bdpp-post-gridbox bdpp-post-gridbox-right bdpp-col-2 bdpp-columns bdpp-post-20139 bdpp-post-standard  bdpp-has-thumb\">\r\n\t<div class=\"bdpp-post-grid-content bdpp-clearfix\">\r\n\t\t\t\t<div class=\"bdpp-col-s-4 bdpp-columns\">\r\n\t\t\t<div class=\"bdpp-post-img-bg\">\r\n\t\t\t\t<a href=\"https:\/\/jrfortin.com\/jrf\/blog\/les-energies-massives-sur-terre-et-comment-sy-acclimater\/\">\r\n\t\t\t\t\t<img decoding=\"async\" src=\"https:\/\/i0.wp.com\/jrfortin.com\/jrf\/wp-content\/uploads\/2024\/08\/441745938_443483788372641_5139281013341636243_n.jpg?resize=120%2C120&#038;ssl=1\" class=\"bdpp-img bdpp-post-feat-img\" alt=\"Les \u00c9nergies Massives sur Terre et Comment S\u2019y Acclimater\" \/>\r\n\t\t\t\t\t\t\t\t\t<\/a>\r\n\t\t\t<\/div>\r\n\t\t<\/div>\r\n\t\t\r\n\t\t<div class=\"bdpp-col-s-8 bdpp-columns\">\r\n\t\t\t\r\n\t\t\t<div class=\"bdpp-post-content-overlay\">\r\n\t\t\t\t<h4 class=\"bdpp-post-title\">\r\n\t\t\t\t\t<a href=\"https:\/\/jrfortin.com\/jrf\/blog\/les-energies-massives-sur-terre-et-comment-sy-acclimater\/\">Les \u00c9nergies Massives sur Terre et Comment S\u2019y Acclimater<\/a>\r\n\t\t\t\t<\/h4>\r\n\r\n\t\t\t\t\t\t\t\t<div class=\"bdpp-post-meta bdpp-post-meta-up\">\r\n\t\t\t\t\t<span class=\"bdpp-post-meta-data bdpp-post-date\"><i class=\"fa fa-clock-o\"><\/i>2 ao\u00fbt 2024<\/span>\t\t\t\t<\/div>\r\n\t\t\t\t\t\t\t<\/div>\r\n\t\t<\/div>\r\n\t<\/div>\r\n<\/div>\r\n\r\n<div class=\"bdpp-post-gridbox bdpp-post-gridbox-right bdpp-col-2 bdpp-columns bdpp-post-20132 bdpp-post-standard  bdpp-has-thumb\">\r\n\t<div class=\"bdpp-post-grid-content bdpp-clearfix\">\r\n\t\t\t\t<div class=\"bdpp-col-s-4 bdpp-columns\">\r\n\t\t\t<div class=\"bdpp-post-img-bg\">\r\n\t\t\t\t<a href=\"https:\/\/jrfortin.com\/jrf\/blog\/sinistre-verite-sur-les-faux-vaccins\/\">\r\n\t\t\t\t\t<img decoding=\"async\" src=\"https:\/\/i0.wp.com\/jrfortin.com\/jrf\/wp-content\/uploads\/2024\/08\/438087530_405232762305131_7747192819405942843_n.jpg?resize=120%2C120&#038;ssl=1\" class=\"bdpp-img bdpp-post-feat-img\" alt=\"SINISTRE V\u00c9RIT\u00c9 SUR LES FAUX VAX\" \/>\r\n\t\t\t\t\t\t\t\t\t<\/a>\r\n\t\t\t<\/div>\r\n\t\t<\/div>\r\n\t\t\r\n\t\t<div class=\"bdpp-col-s-8 bdpp-columns\">\r\n\t\t\t\r\n\t\t\t<div class=\"bdpp-post-content-overlay\">\r\n\t\t\t\t<h4 class=\"bdpp-post-title\">\r\n\t\t\t\t\t<a href=\"https:\/\/jrfortin.com\/jrf\/blog\/sinistre-verite-sur-les-faux-vaccins\/\">SINISTRE V\u00c9RIT\u00c9 SUR LES FAUX VAX<\/a>\r\n\t\t\t\t<\/h4>\r\n\r\n\t\t\t\t\t\t\t\t<div class=\"bdpp-post-meta bdpp-post-meta-up\">\r\n\t\t\t\t\t<span class=\"bdpp-post-meta-data bdpp-post-date\"><i class=\"fa fa-clock-o\"><\/i>1 ao\u00fbt 2024<\/span>\t\t\t\t<\/div>\r\n\t\t\t\t\t\t\t<\/div>\r\n\t\t<\/div>\r\n\t<\/div>\r\n<\/div>\r\n\r\n<div class=\"bdpp-post-gridbox bdpp-post-gridbox-right bdpp-col-2 bdpp-columns bdpp-post-19975 bdpp-post-standard  bdpp-has-thumb\">\r\n\t<div class=\"bdpp-post-grid-content bdpp-clearfix\">\r\n\t\t\t\t<div class=\"bdpp-col-s-4 bdpp-columns\">\r\n\t\t\t<div class=\"bdpp-post-img-bg\">\r\n\t\t\t\t<a href=\"https:\/\/jrfortin.com\/jrf\/blog\/tribune-du-pr-christian-perronne\/\">\r\n\t\t\t\t\t<img decoding=\"async\" src=\"https:\/\/i0.wp.com\/jrfortin.com\/jrf\/wp-content\/uploads\/2024\/03\/428624680_923998229727120_3654883802408572904_n.jpg?resize=120%2C120&#038;ssl=1\" class=\"bdpp-img bdpp-post-feat-img\" alt=\"TRIBUNE du Pr. CHRISTIAN PERRONNE\" \/>\r\n\t\t\t\t\t\t\t\t\t<\/a>\r\n\t\t\t<\/div>\r\n\t\t<\/div>\r\n\t\t\r\n\t\t<div class=\"bdpp-col-s-8 bdpp-columns\">\r\n\t\t\t\r\n\t\t\t<div class=\"bdpp-post-content-overlay\">\r\n\t\t\t\t<h4 class=\"bdpp-post-title\">\r\n\t\t\t\t\t<a href=\"https:\/\/jrfortin.com\/jrf\/blog\/tribune-du-pr-christian-perronne\/\">TRIBUNE du Pr. CHRISTIAN PERRONNE<\/a>\r\n\t\t\t\t<\/h4>\r\n\r\n\t\t\t\t\t\t\t\t<div class=\"bdpp-post-meta bdpp-post-meta-up\">\r\n\t\t\t\t\t<span class=\"bdpp-post-meta-data bdpp-post-date\"><i class=\"fa fa-clock-o\"><\/i>14 mars 2024<\/span>\t\t\t\t<\/div>\r\n\t\t\t\t\t\t\t<\/div>\r\n\t\t<\/div>\r\n\t<\/div>\r\n<\/div>\r\n\r\n<div class=\"bdpp-post-gridbox bdpp-post-gridbox-right bdpp-col-2 bdpp-columns bdpp-post-19969 bdpp-post-standard  bdpp-has-thumb\">\r\n\t<div class=\"bdpp-post-grid-content bdpp-clearfix\">\r\n\t\t\t\t<div class=\"bdpp-col-s-4 bdpp-columns\">\r\n\t\t\t<div class=\"bdpp-post-img-bg\">\r\n\t\t\t\t<a href=\"https:\/\/jrfortin.com\/jrf\/blog\/je-suis-libre-et-souverain-et-je-ne-consens-pas\/\">\r\n\t\t\t\t\t<img decoding=\"async\" src=\"https:\/\/i0.wp.com\/jrfortin.com\/jrf\/wp-content\/uploads\/2024\/03\/tigre.png?resize=120%2C120&#038;ssl=1\" class=\"bdpp-img bdpp-post-feat-img\" alt=\"JE SUIS libre et Souverain, et je ne consens pas&#8230;\" \/>\r\n\t\t\t\t\t\t\t\t\t<\/a>\r\n\t\t\t<\/div>\r\n\t\t<\/div>\r\n\t\t\r\n\t\t<div class=\"bdpp-col-s-8 bdpp-columns\">\r\n\t\t\t\r\n\t\t\t<div class=\"bdpp-post-content-overlay\">\r\n\t\t\t\t<h4 class=\"bdpp-post-title\">\r\n\t\t\t\t\t<a href=\"https:\/\/jrfortin.com\/jrf\/blog\/je-suis-libre-et-souverain-et-je-ne-consens-pas\/\">JE SUIS libre et Souverain, et je ne consens pas&#8230;<\/a>\r\n\t\t\t\t<\/h4>\r\n\r\n\t\t\t\t\t\t\t\t<div class=\"bdpp-post-meta bdpp-post-meta-up\">\r\n\t\t\t\t\t<span class=\"bdpp-post-meta-data bdpp-post-date\"><i class=\"fa fa-clock-o\"><\/i>10 mars 2024<\/span>\t\t\t\t<\/div>\r\n\t\t\t\t\t\t\t<\/div>\r\n\t\t<\/div>\r\n\t<\/div>\r\n<\/div>\r\n\r\n<div class=\"bdpp-post-gridbox bdpp-post-gridbox-right bdpp-col-2 bdpp-columns bdpp-post-19926 bdpp-post-standard  bdpp-has-thumb\">\r\n\t<div class=\"bdpp-post-grid-content bdpp-clearfix\">\r\n\t\t\t\t<div class=\"bdpp-col-s-4 bdpp-columns\">\r\n\t\t\t<div class=\"bdpp-post-img-bg\">\r\n\t\t\t\t<a href=\"https:\/\/jrfortin.com\/jrf\/blog\/agora-tv-resume-de-la-deconfiture-mondiale-traitement-de-choc-pour-les-endormis\/\">\r\n\t\t\t\t\t<img decoding=\"async\" src=\"https:\/\/i0.wp.com\/jrfortin.com\/jrf\/wp-content\/uploads\/2023\/12\/iStock-871774168.jpg?resize=120%2C120&#038;ssl=1\" class=\"bdpp-img bdpp-post-feat-img\" alt=\"Agora TV : R\u00e9sum\u00e9 de la d\u00e9confiture mondiale (traitement de choc pour endormis)\" \/>\r\n\t\t\t\t\t\t\t\t\t<\/a>\r\n\t\t\t<\/div>\r\n\t\t<\/div>\r\n\t\t\r\n\t\t<div class=\"bdpp-col-s-8 bdpp-columns\">\r\n\t\t\t\r\n\t\t\t<div class=\"bdpp-post-content-overlay\">\r\n\t\t\t\t<h4 class=\"bdpp-post-title\">\r\n\t\t\t\t\t<a href=\"https:\/\/jrfortin.com\/jrf\/blog\/agora-tv-resume-de-la-deconfiture-mondiale-traitement-de-choc-pour-les-endormis\/\">Agora TV : R\u00e9sum\u00e9 de la d\u00e9confiture mondiale (traitement de choc pour endormis)<\/a>\r\n\t\t\t\t<\/h4>\r\n\r\n\t\t\t\t\t\t\t\t<div class=\"bdpp-post-meta bdpp-post-meta-up\">\r\n\t\t\t\t\t<span class=\"bdpp-post-meta-data bdpp-post-date\"><i class=\"fa fa-clock-o\"><\/i>21 d\u00e9cembre 2023<\/span>\t\t\t\t<\/div>\r\n\t\t\t\t\t\t\t<\/div>\r\n\t\t<\/div>\r\n\t<\/div>\r\n<\/div>\r\n\r\n<div class=\"bdpp-post-gridbox bdpp-post-gridbox-right bdpp-col-2 bdpp-columns bdpp-post-19919 bdpp-post-standard  bdpp-has-thumb\">\r\n\t<div class=\"bdpp-post-grid-content bdpp-clearfix\">\r\n\t\t\t\t<div class=\"bdpp-col-s-4 bdpp-columns\">\r\n\t\t\t<div class=\"bdpp-post-img-bg\">\r\n\t\t\t\t<a href=\"https:\/\/jrfortin.com\/jrf\/blog\/conference-du-professeur-didier-raoult-au-quebec\/\">\r\n\t\t\t\t\t<img decoding=\"async\" src=\"https:\/\/i0.wp.com\/jrfortin.com\/jrf\/wp-content\/uploads\/2023\/12\/Capture-decran-le-2023-12-16-a-09.34.48.png?resize=120%2C120&#038;ssl=1\" class=\"bdpp-img bdpp-post-feat-img\" alt=\"Conf\u00e9rence du Professeur Didier Raoult au Qu\u00e9bec\" \/>\r\n\t\t\t\t\t\t\t\t\t<\/a>\r\n\t\t\t<\/div>\r\n\t\t<\/div>\r\n\t\t\r\n\t\t<div class=\"bdpp-col-s-8 bdpp-columns\">\r\n\t\t\t\r\n\t\t\t<div class=\"bdpp-post-content-overlay\">\r\n\t\t\t\t<h4 class=\"bdpp-post-title\">\r\n\t\t\t\t\t<a href=\"https:\/\/jrfortin.com\/jrf\/blog\/conference-du-professeur-didier-raoult-au-quebec\/\">Conf\u00e9rence du Professeur Didier Raoult au Qu\u00e9bec<\/a>\r\n\t\t\t\t<\/h4>\r\n\r\n\t\t\t\t\t\t\t\t<div class=\"bdpp-post-meta bdpp-post-meta-up\">\r\n\t\t\t\t\t<span class=\"bdpp-post-meta-data bdpp-post-date\"><i class=\"fa fa-clock-o\"><\/i>16 d\u00e9cembre 2023<\/span>\t\t\t\t<\/div>\r\n\t\t\t\t\t\t\t<\/div>\r\n\t\t<\/div>\r\n\t<\/div>\r\n<\/div>\r\n\r\n<div class=\"bdpp-post-gridbox bdpp-post-gridbox-right bdpp-col-2 bdpp-columns bdpp-post-19737 bdpp-post-standard  bdpp-has-thumb\">\r\n\t<div class=\"bdpp-post-grid-content bdpp-clearfix\">\r\n\t\t\t\t<div class=\"bdpp-col-s-4 bdpp-columns\">\r\n\t\t\t<div class=\"bdpp-post-img-bg\">\r\n\t\t\t\t<a href=\"https:\/\/jrfortin.com\/jrf\/blog\/ouvrez-les-yeux-sur-le-trafic-international-denfants-et-la-pedocratie-dans-nos-societes\/\">\r\n\t\t\t\t\t<img decoding=\"async\" src=\"https:\/\/i0.wp.com\/jrfortin.com\/jrf\/wp-content\/uploads\/2023\/08\/soundofsilence.jpg?resize=120%2C120&#038;ssl=1\" class=\"bdpp-img bdpp-post-feat-img\" alt=\"Ouvrez les yeux sur le trafic international d&rsquo;enfants et la p\u00e9docratie dans nos Soci\u00e9t\u00e9s\" \/>\r\n\t\t\t\t\t\t\t\t\t<\/a>\r\n\t\t\t<\/div>\r\n\t\t<\/div>\r\n\t\t\r\n\t\t<div class=\"bdpp-col-s-8 bdpp-columns\">\r\n\t\t\t\r\n\t\t\t<div class=\"bdpp-post-content-overlay\">\r\n\t\t\t\t<h4 class=\"bdpp-post-title\">\r\n\t\t\t\t\t<a href=\"https:\/\/jrfortin.com\/jrf\/blog\/ouvrez-les-yeux-sur-le-trafic-international-denfants-et-la-pedocratie-dans-nos-societes\/\">Ouvrez les yeux sur le trafic international d&rsquo;enfants et la p\u00e9docratie dans nos Soci\u00e9t\u00e9s<\/a>\r\n\t\t\t\t<\/h4>\r\n\r\n\t\t\t\t\t\t\t\t<div class=\"bdpp-post-meta bdpp-post-meta-up\">\r\n\t\t\t\t\t<span class=\"bdpp-post-meta-data bdpp-post-date\"><i class=\"fa fa-clock-o\"><\/i>5 ao\u00fbt 2023<\/span>\t\t\t\t<\/div>\r\n\t\t\t\t\t\t\t<\/div>\r\n\t\t<\/div>\r\n\t<\/div>\r\n<\/div>\r\n\r\n<div class=\"bdpp-post-gridbox bdpp-post-gridbox-right bdpp-col-2 bdpp-columns bdpp-post-19623 bdpp-post-standard  bdpp-has-thumb\">\r\n\t<div class=\"bdpp-post-grid-content bdpp-clearfix\">\r\n\t\t\t\t<div class=\"bdpp-col-s-4 bdpp-columns\">\r\n\t\t\t<div class=\"bdpp-post-img-bg\">\r\n\t\t\t\t<a href=\"https:\/\/jrfortin.com\/jrf\/blog\/19623\/\">\r\n\t\t\t\t\t<img decoding=\"async\" src=\"https:\/\/i0.wp.com\/jrfortin.com\/jrf\/wp-content\/uploads\/2023\/07\/tome21.png?resize=120%2C120&#038;ssl=1\" class=\"bdpp-img bdpp-post-feat-img\" alt=\"Introduction du livre en r\u00e9daction : Ki, le Chemin de l&rsquo;\u00c9veil (Tome II)\" \/>\r\n\t\t\t\t\t\t\t\t\t<\/a>\r\n\t\t\t<\/div>\r\n\t\t<\/div>\r\n\t\t\r\n\t\t<div class=\"bdpp-col-s-8 bdpp-columns\">\r\n\t\t\t\r\n\t\t\t<div class=\"bdpp-post-content-overlay\">\r\n\t\t\t\t<h4 class=\"bdpp-post-title\">\r\n\t\t\t\t\t<a href=\"https:\/\/jrfortin.com\/jrf\/blog\/19623\/\">Introduction du livre en r\u00e9daction : Ki, le Chemin de l&rsquo;\u00c9veil (Tome II)<\/a>\r\n\t\t\t\t<\/h4>\r\n\r\n\t\t\t\t\t\t\t\t<div class=\"bdpp-post-meta bdpp-post-meta-up\">\r\n\t\t\t\t\t<span class=\"bdpp-post-meta-data bdpp-post-date\"><i class=\"fa fa-clock-o\"><\/i>20 juillet 2023<\/span>\t\t\t\t<\/div>\r\n\t\t\t\t\t\t\t<\/div>\r\n\t\t<\/div>\r\n\t<\/div>\r\n<\/div>\r\n\r\n<div class=\"bdpp-post-gridbox bdpp-post-gridbox-right bdpp-col-2 bdpp-columns bdpp-post-19618 bdpp-post-standard  bdpp-has-thumb\">\r\n\t<div class=\"bdpp-post-grid-content bdpp-clearfix\">\r\n\t\t\t\t<div class=\"bdpp-col-s-4 bdpp-columns\">\r\n\t\t\t<div class=\"bdpp-post-img-bg\">\r\n\t\t\t\t<a href=\"https:\/\/jrfortin.com\/jrf\/blog\/procedure-dassainissement-et-de-protection-dun-lieu-en-conscience-extrait-du-livre-en-redaction-ki-le-chemin-de-leveil-tome-ii\/\">\r\n\t\t\t\t\t<img decoding=\"async\" src=\"https:\/\/i0.wp.com\/jrfortin.com\/jrf\/wp-content\/uploads\/2021\/06\/640x640_13129794.png?resize=120%2C120&#038;ssl=1\" class=\"bdpp-img bdpp-post-feat-img\" alt=\"Assainissement et protection d\u2019un lieu en conscience &#8211; Extrait du livre en r\u00e9daction : Ki, le Chemin de l&rsquo;\u00c9veil (Tome II)\" \/>\r\n\t\t\t\t\t\t\t\t\t<\/a>\r\n\t\t\t<\/div>\r\n\t\t<\/div>\r\n\t\t\r\n\t\t<div class=\"bdpp-col-s-8 bdpp-columns\">\r\n\t\t\t\r\n\t\t\t<div class=\"bdpp-post-content-overlay\">\r\n\t\t\t\t<h4 class=\"bdpp-post-title\">\r\n\t\t\t\t\t<a href=\"https:\/\/jrfortin.com\/jrf\/blog\/procedure-dassainissement-et-de-protection-dun-lieu-en-conscience-extrait-du-livre-en-redaction-ki-le-chemin-de-leveil-tome-ii\/\">Assainissement et protection d\u2019un lieu en conscience &#8211; Extrait du livre en r\u00e9daction : Ki, le Chemin de l&rsquo;\u00c9veil (Tome II)<\/a>\r\n\t\t\t\t<\/h4>\r\n\r\n\t\t\t\t\t\t\t\t<div class=\"bdpp-post-meta bdpp-post-meta-up\">\r\n\t\t\t\t\t<span class=\"bdpp-post-meta-data bdpp-post-date\"><i class=\"fa fa-clock-o\"><\/i>20 juillet 2023<\/span>\t\t\t\t<\/div>\r\n\t\t\t\t\t\t\t<\/div>\r\n\t\t<\/div>\r\n\t<\/div>\r\n<\/div>\r\n\r\n<div class=\"bdpp-post-gridbox bdpp-post-gridbox-right bdpp-col-2 bdpp-columns bdpp-post-19611 bdpp-post-standard  bdpp-has-thumb\">\r\n\t<div class=\"bdpp-post-grid-content bdpp-clearfix\">\r\n\t\t\t\t<div class=\"bdpp-col-s-4 bdpp-columns\">\r\n\t\t\t<div class=\"bdpp-post-img-bg\">\r\n\t\t\t\t<a href=\"https:\/\/jrfortin.com\/jrf\/blog\/soins-a-distance-extrait-du-livre-en-redaction-ki-le-chemin-de-leveil-tome-ii\/\">\r\n\t\t\t\t\t<img decoding=\"async\" src=\"https:\/\/i0.wp.com\/jrfortin.com\/jrf\/wp-content\/uploads\/2021\/06\/118931354_3296188657155185_124533391707667569_n-1-1.png?resize=120%2C120&#038;ssl=1\" class=\"bdpp-img bdpp-post-feat-img\" alt=\"Soins \u00e0 distance &#8211; Extrait du livre en r\u00e9daction : Ki, le Chemin de l&rsquo;\u00c9veil (Tome II)\" \/>\r\n\t\t\t\t\t\t\t\t\t<\/a>\r\n\t\t\t<\/div>\r\n\t\t<\/div>\r\n\t\t\r\n\t\t<div class=\"bdpp-col-s-8 bdpp-columns\">\r\n\t\t\t\r\n\t\t\t<div class=\"bdpp-post-content-overlay\">\r\n\t\t\t\t<h4 class=\"bdpp-post-title\">\r\n\t\t\t\t\t<a href=\"https:\/\/jrfortin.com\/jrf\/blog\/soins-a-distance-extrait-du-livre-en-redaction-ki-le-chemin-de-leveil-tome-ii\/\">Soins \u00e0 distance &#8211; Extrait du livre en r\u00e9daction : Ki, le Chemin de l&rsquo;\u00c9veil (Tome II)<\/a>\r\n\t\t\t\t<\/h4>\r\n\r\n\t\t\t\t\t\t\t\t<div class=\"bdpp-post-meta bdpp-post-meta-up\">\r\n\t\t\t\t\t<span class=\"bdpp-post-meta-data bdpp-post-date\"><i class=\"fa fa-clock-o\"><\/i>20 juillet 2023<\/span>\t\t\t\t<\/div>\r\n\t\t\t\t\t\t\t<\/div>\r\n\t\t<\/div>\r\n\t<\/div>\r\n<\/div>\r\n\r\n<div class=\"bdpp-post-gridbox bdpp-post-gridbox-right bdpp-col-2 bdpp-columns bdpp-post-19601 bdpp-post-standard  bdpp-has-thumb\">\r\n\t<div class=\"bdpp-post-grid-content bdpp-clearfix\">\r\n\t\t\t\t<div class=\"bdpp-col-s-4 bdpp-columns\">\r\n\t\t\t<div class=\"bdpp-post-img-bg\">\r\n\t\t\t\t<a href=\"https:\/\/jrfortin.com\/jrf\/blog\/19601\/\">\r\n\t\t\t\t\t<img decoding=\"async\" src=\"https:\/\/i0.wp.com\/jrfortin.com\/jrf\/wp-content\/uploads\/2023\/07\/sitting.png?resize=120%2C120&#038;ssl=1\" class=\"bdpp-img bdpp-post-feat-img\" alt=\"Le v\u00e9ritable sens des arts martiaux &#8211; Extrait du livre en r\u00e9daction : Ki, le Chemin de l&rsquo;\u00c9veil (Tome II)\" \/>\r\n\t\t\t\t\t\t\t\t\t<\/a>\r\n\t\t\t<\/div>\r\n\t\t<\/div>\r\n\t\t\r\n\t\t<div class=\"bdpp-col-s-8 bdpp-columns\">\r\n\t\t\t\r\n\t\t\t<div class=\"bdpp-post-content-overlay\">\r\n\t\t\t\t<h4 class=\"bdpp-post-title\">\r\n\t\t\t\t\t<a href=\"https:\/\/jrfortin.com\/jrf\/blog\/19601\/\">Le v\u00e9ritable sens des arts martiaux &#8211; Extrait du livre en r\u00e9daction : Ki, le Chemin de l&rsquo;\u00c9veil (Tome II)<\/a>\r\n\t\t\t\t<\/h4>\r\n\r\n\t\t\t\t\t\t\t\t<div class=\"bdpp-post-meta bdpp-post-meta-up\">\r\n\t\t\t\t\t<span class=\"bdpp-post-meta-data bdpp-post-date\"><i class=\"fa fa-clock-o\"><\/i>20 juillet 2023<\/span>\t\t\t\t<\/div>\r\n\t\t\t\t\t\t\t<\/div>\r\n\t\t<\/div>\r\n\t<\/div>\r\n<\/div>\r\n\r\n<div class=\"bdpp-post-gridbox bdpp-post-gridbox-right bdpp-col-2 bdpp-columns bdpp-post-18916 bdpp-post-standard  bdpp-has-thumb\">\r\n\t<div class=\"bdpp-post-grid-content bdpp-clearfix\">\r\n\t\t\t\t<div class=\"bdpp-col-s-4 bdpp-columns\">\r\n\t\t\t<div class=\"bdpp-post-img-bg\">\r\n\t\t\t\t<a href=\"https:\/\/jrfortin.com\/jrf\/blog\/ecrans-et-violence-comment-proteger-votre-enfant-votre-ado-par-sabine-duflo\/\">\r\n\t\t\t\t\t<img decoding=\"async\" src=\"https:\/\/i0.wp.com\/jrfortin.com\/jrf\/wp-content\/uploads\/2022\/10\/img.jpg?resize=120%2C120&#038;ssl=1\" class=\"bdpp-img bdpp-post-feat-img\" alt=\"\u00c9crans et violence : Comment prot\u00e9ger votre enfant, votre ado ? (par : Sabine Duflo)\" \/>\r\n\t\t\t\t\t\t\t\t\t<\/a>\r\n\t\t\t<\/div>\r\n\t\t<\/div>\r\n\t\t\r\n\t\t<div class=\"bdpp-col-s-8 bdpp-columns\">\r\n\t\t\t\r\n\t\t\t<div class=\"bdpp-post-content-overlay\">\r\n\t\t\t\t<h4 class=\"bdpp-post-title\">\r\n\t\t\t\t\t<a href=\"https:\/\/jrfortin.com\/jrf\/blog\/ecrans-et-violence-comment-proteger-votre-enfant-votre-ado-par-sabine-duflo\/\">\u00c9crans et violence : Comment prot\u00e9ger votre enfant, votre ado ? (par : Sabine Duflo)<\/a>\r\n\t\t\t\t<\/h4>\r\n\r\n\t\t\t\t\t\t\t\t<div class=\"bdpp-post-meta bdpp-post-meta-up\">\r\n\t\t\t\t\t<span class=\"bdpp-post-meta-data bdpp-post-date\"><i class=\"fa fa-clock-o\"><\/i>20 avril 2023<\/span>\t\t\t\t<\/div>\r\n\t\t\t\t\t\t\t<\/div>\r\n\t\t<\/div>\r\n\t<\/div>\r\n<\/div>\r\n\r\n<div class=\"bdpp-post-gridbox bdpp-post-gridbox-right bdpp-col-2 bdpp-columns bdpp-post-18887 bdpp-post-standard  bdpp-has-thumb\">\r\n\t<div class=\"bdpp-post-grid-content bdpp-clearfix\">\r\n\t\t\t\t<div class=\"bdpp-col-s-4 bdpp-columns\">\r\n\t\t\t<div class=\"bdpp-post-img-bg\">\r\n\t\t\t\t<a href=\"https:\/\/jrfortin.com\/jrf\/blog\/trois-ans-daventure-plandemique-par-michel-dogma\/\">\r\n\t\t\t\t\t<img decoding=\"async\" src=\"https:\/\/i0.wp.com\/jrfortin.com\/jrf\/wp-content\/uploads\/2023\/04\/20210703_123554-scaled.jpg?resize=120%2C120&#038;ssl=1\" class=\"bdpp-img bdpp-post-feat-img\" alt=\"TROIS ANS D\u2019AVENTURE PLAND\u00c9MIQUE (par Michel Dogma)\" \/>\r\n\t\t\t\t\t\t\t\t\t<\/a>\r\n\t\t\t<\/div>\r\n\t\t<\/div>\r\n\t\t\r\n\t\t<div class=\"bdpp-col-s-8 bdpp-columns\">\r\n\t\t\t\r\n\t\t\t<div class=\"bdpp-post-content-overlay\">\r\n\t\t\t\t<h4 class=\"bdpp-post-title\">\r\n\t\t\t\t\t<a href=\"https:\/\/jrfortin.com\/jrf\/blog\/trois-ans-daventure-plandemique-par-michel-dogma\/\">TROIS ANS D\u2019AVENTURE PLAND\u00c9MIQUE (par Michel Dogma)<\/a>\r\n\t\t\t\t<\/h4>\r\n\r\n\t\t\t\t\t\t\t\t<div class=\"bdpp-post-meta bdpp-post-meta-up\">\r\n\t\t\t\t\t<span class=\"bdpp-post-meta-data bdpp-post-date\"><i class=\"fa fa-clock-o\"><\/i>13 avril 2023<\/span>\t\t\t\t<\/div>\r\n\t\t\t\t\t\t\t<\/div>\r\n\t\t<\/div>\r\n\t<\/div>\r\n<\/div>\r\n\r\n<div class=\"bdpp-post-gridbox bdpp-post-gridbox-right bdpp-col-2 bdpp-columns bdpp-post-18838 bdpp-post-standard  bdpp-has-thumb\">\r\n\t<div class=\"bdpp-post-grid-content bdpp-clearfix\">\r\n\t\t\t\t<div class=\"bdpp-col-s-4 bdpp-columns\">\r\n\t\t\t<div class=\"bdpp-post-img-bg\">\r\n\t\t\t\t<a href=\"https:\/\/jrfortin.com\/jrf\/blog\/ne-soyons-pas-de-la-nourriture-par-alejandro-jodorowsky\/\">\r\n\t\t\t\t\t<img decoding=\"async\" src=\"https:\/\/i0.wp.com\/jrfortin.com\/jrf\/wp-content\/uploads\/2023\/04\/101.jpg?resize=120%2C120&#038;ssl=1\" class=\"bdpp-img bdpp-post-feat-img\" alt=\"NE SOYONS PAS DE LA NOURRITURE (par Alejandro Jodorowsky)\" \/>\r\n\t\t\t\t\t\t\t\t\t<\/a>\r\n\t\t\t<\/div>\r\n\t\t<\/div>\r\n\t\t\r\n\t\t<div class=\"bdpp-col-s-8 bdpp-columns\">\r\n\t\t\t\r\n\t\t\t<div class=\"bdpp-post-content-overlay\">\r\n\t\t\t\t<h4 class=\"bdpp-post-title\">\r\n\t\t\t\t\t<a href=\"https:\/\/jrfortin.com\/jrf\/blog\/ne-soyons-pas-de-la-nourriture-par-alejandro-jodorowsky\/\">NE SOYONS PAS DE LA NOURRITURE (par Alejandro Jodorowsky)<\/a>\r\n\t\t\t\t<\/h4>\r\n\r\n\t\t\t\t\t\t\t\t<div class=\"bdpp-post-meta bdpp-post-meta-up\">\r\n\t\t\t\t\t<span class=\"bdpp-post-meta-data bdpp-post-date\"><i class=\"fa fa-clock-o\"><\/i>6 avril 2023<\/span>\t\t\t\t<\/div>\r\n\t\t\t\t\t\t\t<\/div>\r\n\t\t<\/div>\r\n\t<\/div>\r\n<\/div>\r\n\r\n<div class=\"bdpp-post-gridbox bdpp-post-gridbox-right bdpp-col-2 bdpp-columns bdpp-post-18742 bdpp-post-standard  bdpp-has-thumb\">\r\n\t<div class=\"bdpp-post-grid-content bdpp-clearfix\">\r\n\t\t\t\t<div class=\"bdpp-col-s-4 bdpp-columns\">\r\n\t\t\t<div class=\"bdpp-post-img-bg\">\r\n\t\t\t\t<a href=\"https:\/\/jrfortin.com\/jrf\/blog\/stop-world-control-des-choses-incroyables-se-produisent\/\">\r\n\t\t\t\t\t<img decoding=\"async\" src=\"https:\/\/i0.wp.com\/jrfortin.com\/jrf\/wp-content\/uploads\/2022\/08\/matt.jpg?resize=120%2C120&#038;ssl=1\" class=\"bdpp-img bdpp-post-feat-img\" alt=\"STOP WORLD CONTROL : Des choses incroyables se produisent&#8230;\" \/>\r\n\t\t\t\t\t\t\t\t\t<\/a>\r\n\t\t\t<\/div>\r\n\t\t<\/div>\r\n\t\t\r\n\t\t<div class=\"bdpp-col-s-8 bdpp-columns\">\r\n\t\t\t\r\n\t\t\t<div class=\"bdpp-post-content-overlay\">\r\n\t\t\t\t<h4 class=\"bdpp-post-title\">\r\n\t\t\t\t\t<a href=\"https:\/\/jrfortin.com\/jrf\/blog\/stop-world-control-des-choses-incroyables-se-produisent\/\">STOP WORLD CONTROL : Des choses incroyables se produisent&#8230;<\/a>\r\n\t\t\t\t<\/h4>\r\n\r\n\t\t\t\t\t\t\t\t<div class=\"bdpp-post-meta bdpp-post-meta-up\">\r\n\t\t\t\t\t<span class=\"bdpp-post-meta-data bdpp-post-date\"><i class=\"fa fa-clock-o\"><\/i>5 f\u00e9vrier 2023<\/span>\t\t\t\t<\/div>\r\n\t\t\t\t\t\t\t<\/div>\r\n\t\t<\/div>\r\n\t<\/div>\r\n<\/div>\r\n\r\n<div class=\"bdpp-post-gridbox bdpp-post-gridbox-right bdpp-col-2 bdpp-columns bdpp-post-13971 bdpp-post-gallery  bdpp-has-thumb\">\r\n\t<div class=\"bdpp-post-grid-content bdpp-clearfix\">\r\n\t\t\t\t<div class=\"bdpp-col-s-4 bdpp-columns\">\r\n\t\t\t<div class=\"bdpp-post-img-bg\">\r\n\t\t\t\t<a href=\"https:\/\/jrfortin.com\/jrf\/blog\/wake-up-call-pour-zombies\/\">\r\n\t\t\t\t\t<img decoding=\"async\" src=\"https:\/\/i0.wp.com\/jrfortin.com\/jrf\/wp-content\/uploads\/2021\/03\/ce5db7.png?resize=120%2C120&#038;ssl=1\" class=\"bdpp-img bdpp-post-feat-img\" alt=\"Gr\u00e2ce \u00e0 l&rsquo;arnaque de la grippe et au g\u00e9nocide mondial, nous assistons au grand r\u00e9veil ! *** MISE \u00c0 JOUR au :\" \/>\r\n\t\t\t\t\t\t\t\t\t<\/a>\r\n\t\t\t<\/div>\r\n\t\t<\/div>\r\n\t\t\r\n\t\t<div class=\"bdpp-col-s-8 bdpp-columns\">\r\n\t\t\t\r\n\t\t\t<div class=\"bdpp-post-content-overlay\">\r\n\t\t\t\t<h4 class=\"bdpp-post-title\">\r\n\t\t\t\t\t<a href=\"https:\/\/jrfortin.com\/jrf\/blog\/wake-up-call-pour-zombies\/\">Gr\u00e2ce \u00e0 l&rsquo;arnaque de la grippe et au g\u00e9nocide mondial, nous assistons au grand r\u00e9veil ! *** MISE \u00c0 JOUR au :<\/a>\r\n\t\t\t\t<\/h4>\r\n\r\n\t\t\t\t\t\t\t\t<div class=\"bdpp-post-meta bdpp-post-meta-up\">\r\n\t\t\t\t\t<span class=\"bdpp-post-meta-data bdpp-post-date\"><i class=\"fa fa-clock-o\"><\/i>12 janvier 2023<\/span>\t\t\t\t<\/div>\r\n\t\t\t\t\t\t\t<\/div>\r\n\t\t<\/div>\r\n\t<\/div>\r\n<\/div>\r\n\r\n<div class=\"bdpp-post-gridbox bdpp-post-gridbox-right bdpp-col-2 bdpp-columns bdpp-post-18619 bdpp-post-standard  bdpp-has-thumb\">\r\n\t<div class=\"bdpp-post-grid-content bdpp-clearfix\">\r\n\t\t\t\t<div class=\"bdpp-col-s-4 bdpp-columns\">\r\n\t\t\t<div class=\"bdpp-post-img-bg\">\r\n\t\t\t\t<a href=\"https:\/\/jrfortin.com\/jrf\/blog\/utiliser-le-corps-de-lumiere-dans-les-arts-martiaux-videos\/\">\r\n\t\t\t\t\t<img decoding=\"async\" src=\"https:\/\/i0.wp.com\/jrfortin.com\/jrf\/wp-content\/uploads\/2023\/01\/Obele-gi19_NB.png?resize=120%2C120&#038;ssl=1\" class=\"bdpp-img bdpp-post-feat-img\" alt=\"Utiliser le corps de lumi\u00e8re dans les arts martiaux (2 vid\u00e9os)\" \/>\r\n\t\t\t\t\t\t\t\t\t<\/a>\r\n\t\t\t<\/div>\r\n\t\t<\/div>\r\n\t\t\r\n\t\t<div class=\"bdpp-col-s-8 bdpp-columns\">\r\n\t\t\t\r\n\t\t\t<div class=\"bdpp-post-content-overlay\">\r\n\t\t\t\t<h4 class=\"bdpp-post-title\">\r\n\t\t\t\t\t<a href=\"https:\/\/jrfortin.com\/jrf\/blog\/utiliser-le-corps-de-lumiere-dans-les-arts-martiaux-videos\/\">Utiliser le corps de lumi\u00e8re dans les arts martiaux (2 vid\u00e9os)<\/a>\r\n\t\t\t\t<\/h4>\r\n\r\n\t\t\t\t\t\t\t\t<div class=\"bdpp-post-meta bdpp-post-meta-up\">\r\n\t\t\t\t\t<span class=\"bdpp-post-meta-data bdpp-post-date\"><i class=\"fa fa-clock-o\"><\/i>10 janvier 2023<\/span>\t\t\t\t<\/div>\r\n\t\t\t\t\t\t\t<\/div>\r\n\t\t<\/div>\r\n\t<\/div>\r\n<\/div>\r\n\r\n<div class=\"bdpp-post-gridbox bdpp-post-gridbox-right bdpp-col-2 bdpp-columns bdpp-post-17765 bdpp-post-standard  bdpp-has-thumb\">\r\n\t<div class=\"bdpp-post-grid-content bdpp-clearfix\">\r\n\t\t\t\t<div class=\"bdpp-col-s-4 bdpp-columns\">\r\n\t\t\t<div class=\"bdpp-post-img-bg\">\r\n\t\t\t\t<a href=\"https:\/\/jrfortin.com\/jrf\/blog\/le-film-evenement-de-samuel-stemmer-il-est-temps-de-tout-devoiler\/\">\r\n\t\t\t\t\t<img decoding=\"async\" src=\"https:\/\/i0.wp.com\/jrfortin.com\/jrf\/wp-content\/uploads\/2022\/07\/lafin.png?resize=120%2C120&#038;ssl=1\" class=\"bdpp-img bdpp-post-feat-img\" alt=\"LE FILM \u00c9V\u00c8NEMENT DE SAMUEL STEMMER : Il est temps de tout d\u00e9voiler !\" \/>\r\n\t\t\t\t\t\t\t\t\t<\/a>\r\n\t\t\t<\/div>\r\n\t\t<\/div>\r\n\t\t\r\n\t\t<div class=\"bdpp-col-s-8 bdpp-columns\">\r\n\t\t\t\r\n\t\t\t<div class=\"bdpp-post-content-overlay\">\r\n\t\t\t\t<h4 class=\"bdpp-post-title\">\r\n\t\t\t\t\t<a href=\"https:\/\/jrfortin.com\/jrf\/blog\/le-film-evenement-de-samuel-stemmer-il-est-temps-de-tout-devoiler\/\">LE FILM \u00c9V\u00c8NEMENT DE SAMUEL STEMMER : Il est temps de tout d\u00e9voiler !<\/a>\r\n\t\t\t\t<\/h4>\r\n\r\n\t\t\t\t\t\t\t\t<div class=\"bdpp-post-meta bdpp-post-meta-up\">\r\n\t\t\t\t\t<span class=\"bdpp-post-meta-data bdpp-post-date\"><i class=\"fa fa-clock-o\"><\/i>8 janvier 2023<\/span>\t\t\t\t<\/div>\r\n\t\t\t\t\t\t\t<\/div>\r\n\t\t<\/div>\r\n\t<\/div>\r\n<\/div>\r\n\r\n<div class=\"bdpp-post-gridbox bdpp-post-gridbox-right bdpp-col-2 bdpp-columns bdpp-post-18602 bdpp-post-standard  bdpp-has-thumb\">\r\n\t<div class=\"bdpp-post-grid-content bdpp-clearfix\">\r\n\t\t\t\t<div class=\"bdpp-col-s-4 bdpp-columns\">\r\n\t\t\t<div class=\"bdpp-post-img-bg\">\r\n\t\t\t\t<a href=\"https:\/\/jrfortin.com\/jrf\/blog\/club-de-jeu-dechecs-pour-non-injectes\/\">\r\n\t\t\t\t\t<img decoding=\"async\" src=\"https:\/\/i0.wp.com\/jrfortin.com\/jrf\/wp-content\/uploads\/2023\/01\/ChessSet.jpg?resize=120%2C120&#038;ssl=1\" class=\"bdpp-img bdpp-post-feat-img\" alt=\"Le Club de jeu d&rsquo;\u00c9checs du Dojo du Nouveau Monde\" \/>\r\n\t\t\t\t\t\t\t\t\t<\/a>\r\n\t\t\t<\/div>\r\n\t\t<\/div>\r\n\t\t\r\n\t\t<div class=\"bdpp-col-s-8 bdpp-columns\">\r\n\t\t\t\r\n\t\t\t<div class=\"bdpp-post-content-overlay\">\r\n\t\t\t\t<h4 class=\"bdpp-post-title\">\r\n\t\t\t\t\t<a href=\"https:\/\/jrfortin.com\/jrf\/blog\/club-de-jeu-dechecs-pour-non-injectes\/\">Le Club de jeu d&rsquo;\u00c9checs du Dojo du Nouveau Monde<\/a>\r\n\t\t\t\t<\/h4>\r\n\r\n\t\t\t\t\t\t\t\t<div class=\"bdpp-post-meta bdpp-post-meta-up\">\r\n\t\t\t\t\t<span class=\"bdpp-post-meta-data bdpp-post-date\"><i class=\"fa fa-clock-o\"><\/i>8 janvier 2023<\/span>\t\t\t\t<\/div>\r\n\t\t\t\t\t\t\t<\/div>\r\n\t\t<\/div>\r\n\t<\/div>\r\n<\/div>\r\n\r\n<div class=\"bdpp-post-gridbox bdpp-post-gridbox-right bdpp-col-2 bdpp-columns bdpp-post-18483 bdpp-post-standard  bdpp-has-thumb\">\r\n\t<div class=\"bdpp-post-grid-content bdpp-clearfix\">\r\n\t\t\t\t<div class=\"bdpp-col-s-4 bdpp-columns\">\r\n\t\t\t<div class=\"bdpp-post-img-bg\">\r\n\t\t\t\t<a href=\"https:\/\/jrfortin.com\/jrf\/blog\/le-changement-climatique-est-une-fraude-honteuse\/\">\r\n\t\t\t\t\t<img decoding=\"async\" src=\"https:\/\/i0.wp.com\/jrfortin.com\/jrf\/wp-content\/uploads\/2022\/12\/ne_top-preuve-recha.jpg?resize=120%2C120&#038;ssl=1\" class=\"bdpp-img bdpp-post-feat-img\" alt=\"Le changement climatique est une \u00ab fraude \u00bb\" \/>\r\n\t\t\t\t\t\t\t\t\t<\/a>\r\n\t\t\t<\/div>\r\n\t\t<\/div>\r\n\t\t\r\n\t\t<div class=\"bdpp-col-s-8 bdpp-columns\">\r\n\t\t\t\r\n\t\t\t<div class=\"bdpp-post-content-overlay\">\r\n\t\t\t\t<h4 class=\"bdpp-post-title\">\r\n\t\t\t\t\t<a href=\"https:\/\/jrfortin.com\/jrf\/blog\/le-changement-climatique-est-une-fraude-honteuse\/\">Le changement climatique est une \u00ab fraude \u00bb<\/a>\r\n\t\t\t\t<\/h4>\r\n\r\n\t\t\t\t\t\t\t\t<div class=\"bdpp-post-meta bdpp-post-meta-up\">\r\n\t\t\t\t\t<span class=\"bdpp-post-meta-data bdpp-post-date\"><i class=\"fa fa-clock-o\"><\/i>29 d\u00e9cembre 2022<\/span>\t\t\t\t<\/div>\r\n\t\t\t\t\t\t\t<\/div>\r\n\t\t<\/div>\r\n\t<\/div>\r\n<\/div>\r\n\r\n<div class=\"bdpp-post-gridbox bdpp-post-gridbox-right bdpp-col-2 bdpp-columns bdpp-post-18474 bdpp-post-standard  bdpp-has-thumb\">\r\n\t<div class=\"bdpp-post-grid-content bdpp-clearfix\">\r\n\t\t\t\t<div class=\"bdpp-col-s-4 bdpp-columns\">\r\n\t\t\t<div class=\"bdpp-post-img-bg\">\r\n\t\t\t\t<a href=\"https:\/\/jrfortin.com\/jrf\/blog\/lorigine-du-mondialisme-leffroyable-mafia-khazare\/\">\r\n\t\t\t\t\t<img decoding=\"async\" src=\"https:\/\/i0.wp.com\/jrfortin.com\/jrf\/wp-content\/uploads\/2022\/12\/Khazaria_Map_01sm.jpg?resize=120%2C120&#038;ssl=1\" class=\"bdpp-img bdpp-post-feat-img\" alt=\"L&rsquo;origine du mondialisme : L\u2019effroyable mafia Khazare\" \/>\r\n\t\t\t\t\t\t\t\t\t<\/a>\r\n\t\t\t<\/div>\r\n\t\t<\/div>\r\n\t\t\r\n\t\t<div class=\"bdpp-col-s-8 bdpp-columns\">\r\n\t\t\t\r\n\t\t\t<div class=\"bdpp-post-content-overlay\">\r\n\t\t\t\t<h4 class=\"bdpp-post-title\">\r\n\t\t\t\t\t<a href=\"https:\/\/jrfortin.com\/jrf\/blog\/lorigine-du-mondialisme-leffroyable-mafia-khazare\/\">L&rsquo;origine du mondialisme : L\u2019effroyable mafia Khazare<\/a>\r\n\t\t\t\t<\/h4>\r\n\r\n\t\t\t\t\t\t\t\t<div class=\"bdpp-post-meta bdpp-post-meta-up\">\r\n\t\t\t\t\t<span class=\"bdpp-post-meta-data bdpp-post-date\"><i class=\"fa fa-clock-o\"><\/i>28 d\u00e9cembre 2022<\/span>\t\t\t\t<\/div>\r\n\t\t\t\t\t\t\t<\/div>\r\n\t\t<\/div>\r\n\t<\/div>\r\n<\/div>\r\n\r\n<div class=\"bdpp-post-gridbox bdpp-post-gridbox-right bdpp-col-2 bdpp-columns bdpp-post-18457 bdpp-post-standard  bdpp-has-thumb\">\r\n\t<div class=\"bdpp-post-grid-content bdpp-clearfix\">\r\n\t\t\t\t<div class=\"bdpp-col-s-4 bdpp-columns\">\r\n\t\t\t<div class=\"bdpp-post-img-bg\">\r\n\t\t\t\t<a href=\"https:\/\/jrfortin.com\/jrf\/blog\/les-chemtrails-devoiles-a-lonu-video\/\">\r\n\t\t\t\t\t<img decoding=\"async\" src=\"https:\/\/i0.wp.com\/jrfortin.com\/jrf\/wp-content\/uploads\/2022\/12\/111.jpg?resize=120%2C120&#038;ssl=1\" class=\"bdpp-img bdpp-post-feat-img\" alt=\"Les \u00ab CHEMTRAILS \u00bb enfin d\u00e9voil\u00e9s officiellement aux USA (vid\u00e9o)\" \/>\r\n\t\t\t\t\t\t\t\t\t<\/a>\r\n\t\t\t<\/div>\r\n\t\t<\/div>\r\n\t\t\r\n\t\t<div class=\"bdpp-col-s-8 bdpp-columns\">\r\n\t\t\t\r\n\t\t\t<div class=\"bdpp-post-content-overlay\">\r\n\t\t\t\t<h4 class=\"bdpp-post-title\">\r\n\t\t\t\t\t<a href=\"https:\/\/jrfortin.com\/jrf\/blog\/les-chemtrails-devoiles-a-lonu-video\/\">Les \u00ab CHEMTRAILS \u00bb enfin d\u00e9voil\u00e9s officiellement aux USA (vid\u00e9o)<\/a>\r\n\t\t\t\t<\/h4>\r\n\r\n\t\t\t\t\t\t\t\t<div class=\"bdpp-post-meta bdpp-post-meta-up\">\r\n\t\t\t\t\t<span class=\"bdpp-post-meta-data bdpp-post-date\"><i class=\"fa fa-clock-o\"><\/i>28 d\u00e9cembre 2022<\/span>\t\t\t\t<\/div>\r\n\t\t\t\t\t\t\t<\/div>\r\n\t\t<\/div>\r\n\t<\/div>\r\n<\/div>\r\n\r\n<div class=\"bdpp-post-gridbox bdpp-post-gridbox-right bdpp-col-2 bdpp-columns bdpp-post-18436 bdpp-post-standard  bdpp-has-thumb\">\r\n\t<div class=\"bdpp-post-grid-content bdpp-clearfix\">\r\n\t\t\t\t<div class=\"bdpp-col-s-4 bdpp-columns\">\r\n\t\t\t<div class=\"bdpp-post-img-bg\">\r\n\t\t\t\t<a href=\"https:\/\/jrfortin.com\/jrf\/blog\/voitures-electriques-on-fonce-droit-dans-le-mur\/\">\r\n\t\t\t\t\t<img decoding=\"async\" src=\"https:\/\/i0.wp.com\/jrfortin.com\/jrf\/wp-content\/uploads\/2022\/12\/156730570_1165527657234592_9154393221517412021_n-1.jpg?resize=120%2C120&#038;ssl=1\" class=\"bdpp-img bdpp-post-feat-img\" alt=\"VOITURES \u00c9LECTRIQUES : Un d\u00e9sastre pour la plan\u00e8te ! (vid\u00e9o)\" \/>\r\n\t\t\t\t\t\t\t\t\t<\/a>\r\n\t\t\t<\/div>\r\n\t\t<\/div>\r\n\t\t\r\n\t\t<div class=\"bdpp-col-s-8 bdpp-columns\">\r\n\t\t\t\r\n\t\t\t<div class=\"bdpp-post-content-overlay\">\r\n\t\t\t\t<h4 class=\"bdpp-post-title\">\r\n\t\t\t\t\t<a href=\"https:\/\/jrfortin.com\/jrf\/blog\/voitures-electriques-on-fonce-droit-dans-le-mur\/\">VOITURES \u00c9LECTRIQUES : Un d\u00e9sastre pour la plan\u00e8te ! (vid\u00e9o)<\/a>\r\n\t\t\t\t<\/h4>\r\n\r\n\t\t\t\t\t\t\t\t<div class=\"bdpp-post-meta bdpp-post-meta-up\">\r\n\t\t\t\t\t<span class=\"bdpp-post-meta-data bdpp-post-date\"><i class=\"fa fa-clock-o\"><\/i>16 d\u00e9cembre 2022<\/span>\t\t\t\t<\/div>\r\n\t\t\t\t\t\t\t<\/div>\r\n\t\t<\/div>\r\n\t<\/div>\r\n<\/div>\r\n\r\n<div class=\"bdpp-post-gridbox bdpp-post-gridbox-right bdpp-col-2 bdpp-columns bdpp-post-16940 bdpp-post-standard  bdpp-has-thumb\">\r\n\t<div class=\"bdpp-post-grid-content bdpp-clearfix\">\r\n\t\t\t\t<div class=\"bdpp-col-s-4 bdpp-columns\">\r\n\t\t\t<div class=\"bdpp-post-img-bg\">\r\n\t\t\t\t<a href=\"https:\/\/jrfortin.com\/jrf\/blog\/le-point-sur-le-genocide-mondial-et-notre-ascension\/\">\r\n\t\t\t\t\t<img decoding=\"async\" src=\"https:\/\/i0.wp.com\/jrfortin.com\/jrf\/wp-content\/uploads\/2021\/12\/258230150_455059939312536_556695748257075595_n.jpg?resize=120%2C120&#038;ssl=1\" class=\"bdpp-img bdpp-post-feat-img\" alt=\"Le point sur le g\u00e9nocide mondial, et notre ascension imminente vers la 5e dimension ***MIS \u00c0 JOUR au :\" \/>\r\n\t\t\t\t\t\t\t\t\t<\/a>\r\n\t\t\t<\/div>\r\n\t\t<\/div>\r\n\t\t\r\n\t\t<div class=\"bdpp-col-s-8 bdpp-columns\">\r\n\t\t\t\r\n\t\t\t<div class=\"bdpp-post-content-overlay\">\r\n\t\t\t\t<h4 class=\"bdpp-post-title\">\r\n\t\t\t\t\t<a href=\"https:\/\/jrfortin.com\/jrf\/blog\/le-point-sur-le-genocide-mondial-et-notre-ascension\/\">Le point sur le g\u00e9nocide mondial, et notre ascension imminente vers la 5e dimension ***MIS \u00c0 JOUR au :<\/a>\r\n\t\t\t\t<\/h4>\r\n\r\n\t\t\t\t\t\t\t\t<div class=\"bdpp-post-meta bdpp-post-meta-up\">\r\n\t\t\t\t\t<span class=\"bdpp-post-meta-data bdpp-post-date\"><i class=\"fa fa-clock-o\"><\/i>3 novembre 2022<\/span>\t\t\t\t<\/div>\r\n\t\t\t\t\t\t\t<\/div>\r\n\t\t<\/div>\r\n\t<\/div>\r\n<\/div>\r\n\r\n<div class=\"bdpp-post-gridbox bdpp-post-gridbox-right bdpp-col-2 bdpp-columns bdpp-post-18371 bdpp-post-standard  bdpp-has-thumb\">\r\n\t<div class=\"bdpp-post-grid-content bdpp-clearfix\">\r\n\t\t\t\t<div class=\"bdpp-col-s-4 bdpp-columns\">\r\n\t\t\t<div class=\"bdpp-post-img-bg\">\r\n\t\t\t\t<a href=\"https:\/\/jrfortin.com\/jrf\/blog\/expose-de-me-virginie-de-araujo-recchia-sur-la-corruption-juridique-de-la-crise-sanitaire\/\">\r\n\t\t\t\t\t<img decoding=\"async\" src=\"https:\/\/i0.wp.com\/jrfortin.com\/jrf\/wp-content\/uploads\/2021\/06\/fleur-1.png?resize=120%2C120&#038;ssl=1\" class=\"bdpp-img bdpp-post-feat-img\" alt=\"Expos\u00e9 de Me Virginie de Araujo-Recchia sur la corruption juridique de la crise sanitaire\" \/>\r\n\t\t\t\t\t\t\t\t\t<\/a>\r\n\t\t\t<\/div>\r\n\t\t<\/div>\r\n\t\t\r\n\t\t<div class=\"bdpp-col-s-8 bdpp-columns\">\r\n\t\t\t\r\n\t\t\t<div class=\"bdpp-post-content-overlay\">\r\n\t\t\t\t<h4 class=\"bdpp-post-title\">\r\n\t\t\t\t\t<a href=\"https:\/\/jrfortin.com\/jrf\/blog\/expose-de-me-virginie-de-araujo-recchia-sur-la-corruption-juridique-de-la-crise-sanitaire\/\">Expos\u00e9 de Me Virginie de Araujo-Recchia sur la corruption juridique de la crise sanitaire<\/a>\r\n\t\t\t\t<\/h4>\r\n\r\n\t\t\t\t\t\t\t\t<div class=\"bdpp-post-meta bdpp-post-meta-up\">\r\n\t\t\t\t\t<span class=\"bdpp-post-meta-data bdpp-post-date\"><i class=\"fa fa-clock-o\"><\/i>28 septembre 2022<\/span>\t\t\t\t<\/div>\r\n\t\t\t\t\t\t\t<\/div>\r\n\t\t<\/div>\r\n\t<\/div>\r\n<\/div>\r\n\r\n<div class=\"bdpp-post-gridbox bdpp-post-gridbox-right bdpp-col-2 bdpp-columns bdpp-post-18097 bdpp-post-standard  bdpp-has-thumb\">\r\n\t<div class=\"bdpp-post-grid-content bdpp-clearfix\">\r\n\t\t\t\t<div class=\"bdpp-col-s-4 bdpp-columns\">\r\n\t\t\t<div class=\"bdpp-post-img-bg\">\r\n\t\t\t\t<a href=\"https:\/\/jrfortin.com\/jrf\/blog\/une-compilation-de-videos-de-reveil-de-nos-amis-quantum-leap-traduction\/\">\r\n\t\t\t\t\t<img decoding=\"async\" src=\"https:\/\/i0.wp.com\/jrfortin.com\/jrf\/wp-content\/uploads\/2022\/09\/image-2.png?resize=120%2C120&#038;ssl=1\" class=\"bdpp-img bdpp-post-feat-img\" alt=\"Une compilation de vid\u00e9os de r\u00e9veil de nos amis \u00ab Quantum Leap Traduction \u00bb\" \/>\r\n\t\t\t\t\t\t\t\t\t<\/a>\r\n\t\t\t<\/div>\r\n\t\t<\/div>\r\n\t\t\r\n\t\t<div class=\"bdpp-col-s-8 bdpp-columns\">\r\n\t\t\t\r\n\t\t\t<div class=\"bdpp-post-content-overlay\">\r\n\t\t\t\t<h4 class=\"bdpp-post-title\">\r\n\t\t\t\t\t<a href=\"https:\/\/jrfortin.com\/jrf\/blog\/une-compilation-de-videos-de-reveil-de-nos-amis-quantum-leap-traduction\/\">Une compilation de vid\u00e9os de r\u00e9veil de nos amis \u00ab Quantum Leap Traduction \u00bb<\/a>\r\n\t\t\t\t<\/h4>\r\n\r\n\t\t\t\t\t\t\t\t<div class=\"bdpp-post-meta bdpp-post-meta-up\">\r\n\t\t\t\t\t<span class=\"bdpp-post-meta-data bdpp-post-date\"><i class=\"fa fa-clock-o\"><\/i>23 septembre 2022<\/span>\t\t\t\t<\/div>\r\n\t\t\t\t\t\t\t<\/div>\r\n\t\t<\/div>\r\n\t<\/div>\r\n<\/div>\r\n\r\n<div class=\"bdpp-post-gridbox bdpp-post-gridbox-right bdpp-col-2 bdpp-columns bdpp-post-17835 bdpp-post-standard  bdpp-has-thumb\">\r\n\t<div class=\"bdpp-post-grid-content bdpp-clearfix\">\r\n\t\t\t\t<div class=\"bdpp-col-s-4 bdpp-columns\">\r\n\t\t\t<div class=\"bdpp-post-img-bg\">\r\n\t\t\t\t<a href=\"https:\/\/jrfortin.com\/jrf\/blog\/message-de-matthew-aout-2022\/\">\r\n\t\t\t\t\t<img decoding=\"async\" src=\"https:\/\/i0.wp.com\/jrfortin.com\/jrf\/wp-content\/uploads\/2022\/08\/matt.jpg?resize=120%2C120&#038;ssl=1\" class=\"bdpp-img bdpp-post-feat-img\" alt=\"Message de Matthew : AO\u00dbT 2022 !\" \/>\r\n\t\t\t\t\t\t\t\t\t<\/a>\r\n\t\t\t<\/div>\r\n\t\t<\/div>\r\n\t\t\r\n\t\t<div class=\"bdpp-col-s-8 bdpp-columns\">\r\n\t\t\t\r\n\t\t\t<div class=\"bdpp-post-content-overlay\">\r\n\t\t\t\t<h4 class=\"bdpp-post-title\">\r\n\t\t\t\t\t<a href=\"https:\/\/jrfortin.com\/jrf\/blog\/message-de-matthew-aout-2022\/\">Message de Matthew : AO\u00dbT 2022 !<\/a>\r\n\t\t\t\t<\/h4>\r\n\r\n\t\t\t\t\t\t\t\t<div class=\"bdpp-post-meta bdpp-post-meta-up\">\r\n\t\t\t\t\t<span class=\"bdpp-post-meta-data bdpp-post-date\"><i class=\"fa fa-clock-o\"><\/i>4 ao\u00fbt 2022<\/span>\t\t\t\t<\/div>\r\n\t\t\t\t\t\t\t<\/div>\r\n\t\t<\/div>\r\n\t<\/div>\r\n<\/div>\r\n\r\n<div class=\"bdpp-post-gridbox bdpp-post-gridbox-right bdpp-col-2 bdpp-columns bdpp-post-17708 bdpp-post-standard  bdpp-has-thumb\">\r\n\t<div class=\"bdpp-post-grid-content bdpp-clearfix\">\r\n\t\t\t\t<div class=\"bdpp-col-s-4 bdpp-columns\">\r\n\t\t\t<div class=\"bdpp-post-img-bg\">\r\n\t\t\t\t<a href=\"https:\/\/jrfortin.com\/jrf\/blog\/un-texte-inspirant-de-deepak-chopra\/\">\r\n\t\t\t\t\t<img decoding=\"async\" src=\"https:\/\/i0.wp.com\/jrfortin.com\/jrf\/wp-content\/uploads\/2022\/07\/images.jpeg?resize=120%2C120&#038;ssl=1\" class=\"bdpp-img bdpp-post-feat-img\" alt=\"Un texte inspirant de Deepak Chopra : la cl\u00e9 du Nouveau Monde\" \/>\r\n\t\t\t\t\t\t\t\t\t<\/a>\r\n\t\t\t<\/div>\r\n\t\t<\/div>\r\n\t\t\r\n\t\t<div class=\"bdpp-col-s-8 bdpp-columns\">\r\n\t\t\t\r\n\t\t\t<div class=\"bdpp-post-content-overlay\">\r\n\t\t\t\t<h4 class=\"bdpp-post-title\">\r\n\t\t\t\t\t<a href=\"https:\/\/jrfortin.com\/jrf\/blog\/un-texte-inspirant-de-deepak-chopra\/\">Un texte inspirant de Deepak Chopra : la cl\u00e9 du Nouveau Monde<\/a>\r\n\t\t\t\t<\/h4>\r\n\r\n\t\t\t\t\t\t\t\t<div class=\"bdpp-post-meta bdpp-post-meta-up\">\r\n\t\t\t\t\t<span class=\"bdpp-post-meta-data bdpp-post-date\"><i class=\"fa fa-clock-o\"><\/i>1 juillet 2022<\/span>\t\t\t\t<\/div>\r\n\t\t\t\t\t\t\t<\/div>\r\n\t\t<\/div>\r\n\t<\/div>\r\n<\/div>\r\n\r\n<div class=\"bdpp-post-gridbox bdpp-post-gridbox-right bdpp-col-2 bdpp-columns bdpp-post-17020 bdpp-post-standard  bdpp-has-thumb\">\r\n\t<div class=\"bdpp-post-grid-content bdpp-clearfix\">\r\n\t\t\t\t<div class=\"bdpp-col-s-4 bdpp-columns\">\r\n\t\t\t<div class=\"bdpp-post-img-bg\">\r\n\t\t\t\t<a href=\"https:\/\/jrfortin.com\/jrf\/blog\/tout-va-bien-sur-le-plan-subtil-mais-pas-encore-dans-le-monde-manifeste-par-m-luc-bodin\/\">\r\n\t\t\t\t\t<img decoding=\"async\" src=\"https:\/\/i0.wp.com\/jrfortin.com\/jrf\/wp-content\/uploads\/2022\/01\/OMBRE-ET-LUMIERE-EXORCISME-scaled-1.jpeg?resize=120%2C120&#038;ssl=1\" class=\"bdpp-img bdpp-post-feat-img\" alt=\"Tout va bien sur le plan subtil, mais pas encore dans le monde manifest\u00e9, par : M. Luc Bodin\" \/>\r\n\t\t\t\t\t\t\t\t\t<\/a>\r\n\t\t\t<\/div>\r\n\t\t<\/div>\r\n\t\t\r\n\t\t<div class=\"bdpp-col-s-8 bdpp-columns\">\r\n\t\t\t\r\n\t\t\t<div class=\"bdpp-post-content-overlay\">\r\n\t\t\t\t<h4 class=\"bdpp-post-title\">\r\n\t\t\t\t\t<a href=\"https:\/\/jrfortin.com\/jrf\/blog\/tout-va-bien-sur-le-plan-subtil-mais-pas-encore-dans-le-monde-manifeste-par-m-luc-bodin\/\">Tout va bien sur le plan subtil, mais pas encore dans le monde manifest\u00e9, par : M. Luc Bodin<\/a>\r\n\t\t\t\t<\/h4>\r\n\r\n\t\t\t\t\t\t\t\t<div class=\"bdpp-post-meta bdpp-post-meta-up\">\r\n\t\t\t\t\t<span class=\"bdpp-post-meta-data bdpp-post-date\"><i class=\"fa fa-clock-o\"><\/i>24 janvier 2022<\/span>\t\t\t\t<\/div>\r\n\t\t\t\t\t\t\t<\/div>\r\n\t\t<\/div>\r\n\t<\/div>\r\n<\/div>\r\n\r\n<div class=\"bdpp-post-gridbox bdpp-post-gridbox-right bdpp-col-2 bdpp-columns bdpp-post-17005 bdpp-post-standard  bdpp-has-thumb\">\r\n\t<div class=\"bdpp-post-grid-content bdpp-clearfix\">\r\n\t\t\t\t<div class=\"bdpp-col-s-4 bdpp-columns\">\r\n\t\t\t<div class=\"bdpp-post-img-bg\">\r\n\t\t\t\t<a href=\"https:\/\/jrfortin.com\/jrf\/blog\/les-eveilles-sont-contagieux-on-passe-de-lombre-a-la-lumiere\/\">\r\n\t\t\t\t\t<img decoding=\"async\" src=\"https:\/\/i0.wp.com\/jrfortin.com\/jrf\/wp-content\/uploads\/2022\/01\/271125458_1550712231976874_1505131766145439669_n.jpg?resize=120%2C120&#038;ssl=1\" class=\"bdpp-img bdpp-post-feat-img\" alt=\"LES \u00c9VEILL\u00c9S SONT CONTAGIEUX&#8230; ON PASSE DE L&rsquo;OMBRE \u00c0 LA LUMI\u00c8RE !\" \/>\r\n\t\t\t\t\t\t\t\t\t<\/a>\r\n\t\t\t<\/div>\r\n\t\t<\/div>\r\n\t\t\r\n\t\t<div class=\"bdpp-col-s-8 bdpp-columns\">\r\n\t\t\t\r\n\t\t\t<div class=\"bdpp-post-content-overlay\">\r\n\t\t\t\t<h4 class=\"bdpp-post-title\">\r\n\t\t\t\t\t<a href=\"https:\/\/jrfortin.com\/jrf\/blog\/les-eveilles-sont-contagieux-on-passe-de-lombre-a-la-lumiere\/\">LES \u00c9VEILL\u00c9S SONT CONTAGIEUX&#8230; ON PASSE DE L&rsquo;OMBRE \u00c0 LA LUMI\u00c8RE !<\/a>\r\n\t\t\t\t<\/h4>\r\n\r\n\t\t\t\t\t\t\t\t<div class=\"bdpp-post-meta bdpp-post-meta-up\">\r\n\t\t\t\t\t<span class=\"bdpp-post-meta-data bdpp-post-date\"><i class=\"fa fa-clock-o\"><\/i>2 janvier 2022<\/span>\t\t\t\t<\/div>\r\n\t\t\t\t\t\t\t<\/div>\r\n\t\t<\/div>\r\n\t<\/div>\r\n<\/div>\r\n\r\n<div class=\"bdpp-post-gridbox bdpp-post-gridbox-right bdpp-col-2 bdpp-columns bdpp-post-16904 bdpp-post-standard  bdpp-has-thumb\">\r\n\t<div class=\"bdpp-post-grid-content bdpp-clearfix\">\r\n\t\t\t\t<div class=\"bdpp-col-s-4 bdpp-columns\">\r\n\t\t\t<div class=\"bdpp-post-img-bg\">\r\n\t\t\t\t<a href=\"https:\/\/jrfortin.com\/jrf\/blog\/un-ancien-message-dalejandro-jodorowsky-mais-plus-que-jamais-dactualite\/\">\r\n\t\t\t\t\t<img decoding=\"async\" src=\"https:\/\/i0.wp.com\/jrfortin.com\/jrf\/wp-content\/uploads\/2021\/11\/ah2020.png?resize=120%2C120&#038;ssl=1\" class=\"bdpp-img bdpp-post-feat-img\" alt=\"Un message bien d&rsquo;actualit\u00e9 de Monsieur Alejandro Jodorowsky\" \/>\r\n\t\t\t\t\t\t\t\t\t<\/a>\r\n\t\t\t<\/div>\r\n\t\t<\/div>\r\n\t\t\r\n\t\t<div class=\"bdpp-col-s-8 bdpp-columns\">\r\n\t\t\t\r\n\t\t\t<div class=\"bdpp-post-content-overlay\">\r\n\t\t\t\t<h4 class=\"bdpp-post-title\">\r\n\t\t\t\t\t<a href=\"https:\/\/jrfortin.com\/jrf\/blog\/un-ancien-message-dalejandro-jodorowsky-mais-plus-que-jamais-dactualite\/\">Un message bien d&rsquo;actualit\u00e9 de Monsieur Alejandro Jodorowsky<\/a>\r\n\t\t\t\t<\/h4>\r\n\r\n\t\t\t\t\t\t\t\t<div class=\"bdpp-post-meta bdpp-post-meta-up\">\r\n\t\t\t\t\t<span class=\"bdpp-post-meta-data bdpp-post-date\"><i class=\"fa fa-clock-o\"><\/i>3 d\u00e9cembre 2021<\/span>\t\t\t\t<\/div>\r\n\t\t\t\t\t\t\t<\/div>\r\n\t\t<\/div>\r\n\t<\/div>\r\n<\/div>\r\n\r\n<div class=\"bdpp-post-gridbox bdpp-post-gridbox-right bdpp-col-2 bdpp-columns bdpp-post-16875 bdpp-post-standard  bdpp-has-thumb\">\r\n\t<div class=\"bdpp-post-grid-content bdpp-clearfix\">\r\n\t\t\t\t<div class=\"bdpp-col-s-4 bdpp-columns\">\r\n\t\t\t<div class=\"bdpp-post-img-bg\">\r\n\t\t\t\t<a href=\"https:\/\/jrfortin.com\/jrf\/blog\/lemergence-de-la-nouvelle-terre-superbe-video-de-mme-virginie-tanguay\/\">\r\n\t\t\t\t\t<img decoding=\"async\" src=\"https:\/\/i0.wp.com\/jrfortin.com\/jrf\/wp-content\/uploads\/2021\/11\/nouvterre.png?resize=120%2C120&#038;ssl=1\" class=\"bdpp-img bdpp-post-feat-img\" alt=\"L&rsquo;\u00e9mergence de la Nouvelle Terre (superbe vid\u00e9o de Mme Virginie Tanguay)\" \/>\r\n\t\t\t\t\t\t\t\t\t<\/a>\r\n\t\t\t<\/div>\r\n\t\t<\/div>\r\n\t\t\r\n\t\t<div class=\"bdpp-col-s-8 bdpp-columns\">\r\n\t\t\t\r\n\t\t\t<div class=\"bdpp-post-content-overlay\">\r\n\t\t\t\t<h4 class=\"bdpp-post-title\">\r\n\t\t\t\t\t<a href=\"https:\/\/jrfortin.com\/jrf\/blog\/lemergence-de-la-nouvelle-terre-superbe-video-de-mme-virginie-tanguay\/\">L&rsquo;\u00e9mergence de la Nouvelle Terre (superbe vid\u00e9o de Mme Virginie Tanguay)<\/a>\r\n\t\t\t\t<\/h4>\r\n\r\n\t\t\t\t\t\t\t\t<div class=\"bdpp-post-meta bdpp-post-meta-up\">\r\n\t\t\t\t\t<span class=\"bdpp-post-meta-data bdpp-post-date\"><i class=\"fa fa-clock-o\"><\/i>10 novembre 2021<\/span>\t\t\t\t<\/div>\r\n\t\t\t\t\t\t\t<\/div>\r\n\t\t<\/div>\r\n\t<\/div>\r\n<\/div>\r\n\r\n<div class=\"bdpp-post-gridbox bdpp-post-gridbox-right bdpp-col-2 bdpp-columns bdpp-post-16857 bdpp-post-standard  bdpp-has-thumb\">\r\n\t<div class=\"bdpp-post-grid-content bdpp-clearfix\">\r\n\t\t\t\t<div class=\"bdpp-col-s-4 bdpp-columns\">\r\n\t\t\t<div class=\"bdpp-post-img-bg\">\r\n\t\t\t\t<a href=\"https:\/\/jrfortin.com\/jrf\/blog\/un-processus-de-creation-et-de-modification-de-la-realite-a-la-portee-de-tous-si-on-sy-met-vraiment\/\">\r\n\t\t\t\t\t<img decoding=\"async\" src=\"https:\/\/i0.wp.com\/jrfortin.com\/jrf\/wp-content\/uploads\/2021\/11\/210534303_4300942209926456_3379159381212136585_n.jpg?resize=120%2C120&#038;ssl=1\" class=\"bdpp-img bdpp-post-feat-img\" alt=\"Un processus de cr\u00e9ation et de modification de la r\u00e9alit\u00e9 \u00e0 la port\u00e9e de tous (si on s&rsquo;y met vraiment&#8230;)\" \/>\r\n\t\t\t\t\t\t\t\t\t<\/a>\r\n\t\t\t<\/div>\r\n\t\t<\/div>\r\n\t\t\r\n\t\t<div class=\"bdpp-col-s-8 bdpp-columns\">\r\n\t\t\t\r\n\t\t\t<div class=\"bdpp-post-content-overlay\">\r\n\t\t\t\t<h4 class=\"bdpp-post-title\">\r\n\t\t\t\t\t<a href=\"https:\/\/jrfortin.com\/jrf\/blog\/un-processus-de-creation-et-de-modification-de-la-realite-a-la-portee-de-tous-si-on-sy-met-vraiment\/\">Un processus de cr\u00e9ation et de modification de la r\u00e9alit\u00e9 \u00e0 la port\u00e9e de tous (si on s&rsquo;y met vraiment&#8230;)<\/a>\r\n\t\t\t\t<\/h4>\r\n\r\n\t\t\t\t\t\t\t\t<div class=\"bdpp-post-meta bdpp-post-meta-up\">\r\n\t\t\t\t\t<span class=\"bdpp-post-meta-data bdpp-post-date\"><i class=\"fa fa-clock-o\"><\/i>8 novembre 2021<\/span>\t\t\t\t<\/div>\r\n\t\t\t\t\t\t\t<\/div>\r\n\t\t<\/div>\r\n\t<\/div>\r\n<\/div>\r\n\r\n<div class=\"bdpp-post-gridbox bdpp-post-gridbox-right bdpp-col-2 bdpp-columns bdpp-post-16853 bdpp-post-standard  bdpp-has-thumb\">\r\n\t<div class=\"bdpp-post-grid-content bdpp-clearfix\">\r\n\t\t\t\t<div class=\"bdpp-col-s-4 bdpp-columns\">\r\n\t\t\t<div class=\"bdpp-post-img-bg\">\r\n\t\t\t\t<a href=\"https:\/\/jrfortin.com\/jrf\/blog\/accedez-a-la-pleine-puissance-de-lenergie-de-la-source\/\">\r\n\t\t\t\t\t<img decoding=\"async\" src=\"https:\/\/i0.wp.com\/jrfortin.com\/jrf\/wp-content\/uploads\/2021\/11\/image-3.png?resize=120%2C120&#038;ssl=1\" class=\"bdpp-img bdpp-post-feat-img\" alt=\"Acc\u00e9dez \u00e0 la pleine puissance de l\u2019\u00e9nergie de la source !\" \/>\r\n\t\t\t\t\t\t\t\t\t<\/a>\r\n\t\t\t<\/div>\r\n\t\t<\/div>\r\n\t\t\r\n\t\t<div class=\"bdpp-col-s-8 bdpp-columns\">\r\n\t\t\t\r\n\t\t\t<div class=\"bdpp-post-content-overlay\">\r\n\t\t\t\t<h4 class=\"bdpp-post-title\">\r\n\t\t\t\t\t<a href=\"https:\/\/jrfortin.com\/jrf\/blog\/accedez-a-la-pleine-puissance-de-lenergie-de-la-source\/\">Acc\u00e9dez \u00e0 la pleine puissance de l\u2019\u00e9nergie de la source !<\/a>\r\n\t\t\t\t<\/h4>\r\n\r\n\t\t\t\t\t\t\t\t<div class=\"bdpp-post-meta bdpp-post-meta-up\">\r\n\t\t\t\t\t<span class=\"bdpp-post-meta-data bdpp-post-date\"><i class=\"fa fa-clock-o\"><\/i>8 novembre 2021<\/span>\t\t\t\t<\/div>\r\n\t\t\t\t\t\t\t<\/div>\r\n\t\t<\/div>\r\n\t<\/div>\r\n<\/div>\r\n\r\n<div class=\"bdpp-post-gridbox bdpp-post-gridbox-right bdpp-col-2 bdpp-columns bdpp-post-16785 bdpp-post-standard  bdpp-has-thumb\">\r\n\t<div class=\"bdpp-post-grid-content bdpp-clearfix\">\r\n\t\t\t\t<div class=\"bdpp-col-s-4 bdpp-columns\">\r\n\t\t\t<div class=\"bdpp-post-img-bg\">\r\n\t\t\t\t<a href=\"https:\/\/jrfortin.com\/jrf\/blog\/le-changement-de-dimension-est-imminent-par-mme-virginie-tanguay-superbe-video\/\">\r\n\t\t\t\t\t<img decoding=\"async\" src=\"https:\/\/i0.wp.com\/jrfortin.com\/jrf\/wp-content\/uploads\/2021\/10\/vt.png?resize=120%2C120&#038;ssl=1\" class=\"bdpp-img bdpp-post-feat-img\" alt=\"Le changement de dimension est imminent, par Mme Virginie Tanguay (superbe vid\u00e9o)\" \/>\r\n\t\t\t\t\t\t\t\t\t<\/a>\r\n\t\t\t<\/div>\r\n\t\t<\/div>\r\n\t\t\r\n\t\t<div class=\"bdpp-col-s-8 bdpp-columns\">\r\n\t\t\t\r\n\t\t\t<div class=\"bdpp-post-content-overlay\">\r\n\t\t\t\t<h4 class=\"bdpp-post-title\">\r\n\t\t\t\t\t<a href=\"https:\/\/jrfortin.com\/jrf\/blog\/le-changement-de-dimension-est-imminent-par-mme-virginie-tanguay-superbe-video\/\">Le changement de dimension est imminent, par Mme Virginie Tanguay (superbe vid\u00e9o)<\/a>\r\n\t\t\t\t<\/h4>\r\n\r\n\t\t\t\t\t\t\t\t<div class=\"bdpp-post-meta bdpp-post-meta-up\">\r\n\t\t\t\t\t<span class=\"bdpp-post-meta-data bdpp-post-date\"><i class=\"fa fa-clock-o\"><\/i>6 octobre 2021<\/span>\t\t\t\t<\/div>\r\n\t\t\t\t\t\t\t<\/div>\r\n\t\t<\/div>\r\n\t<\/div>\r\n<\/div>\r\n\r\n<div class=\"bdpp-post-gridbox bdpp-post-gridbox-right bdpp-col-2 bdpp-columns bdpp-post-16577 bdpp-post-standard  bdpp-has-thumb\">\r\n\t<div class=\"bdpp-post-grid-content bdpp-clearfix\">\r\n\t\t\t\t<div class=\"bdpp-col-s-4 bdpp-columns\">\r\n\t\t\t<div class=\"bdpp-post-img-bg\">\r\n\t\t\t\t<a href=\"https:\/\/jrfortin.com\/jrf\/blog\/meditation-de-la-fleur-de-vie-pour-lascension-de-lhumanite-etres-de-lumiere-nous-sommes-legion\/\">\r\n\t\t\t\t\t<img decoding=\"async\" src=\"https:\/\/i0.wp.com\/jrfortin.com\/jrf\/wp-content\/uploads\/2021\/09\/lum3.png?resize=120%2C120&#038;ssl=1\" class=\"bdpp-img bdpp-post-feat-img\" alt=\"M\u00e9ditation de la fleur de vie pour l&rsquo;ascension de l&rsquo;humanit\u00e9 : \u00catres de lumi\u00e8re nous sommes l\u00e9gions !\" \/>\r\n\t\t\t\t\t\t\t\t\t<\/a>\r\n\t\t\t<\/div>\r\n\t\t<\/div>\r\n\t\t\r\n\t\t<div class=\"bdpp-col-s-8 bdpp-columns\">\r\n\t\t\t\r\n\t\t\t<div class=\"bdpp-post-content-overlay\">\r\n\t\t\t\t<h4 class=\"bdpp-post-title\">\r\n\t\t\t\t\t<a href=\"https:\/\/jrfortin.com\/jrf\/blog\/meditation-de-la-fleur-de-vie-pour-lascension-de-lhumanite-etres-de-lumiere-nous-sommes-legion\/\">M\u00e9ditation de la fleur de vie pour l&rsquo;ascension de l&rsquo;humanit\u00e9 : \u00catres de lumi\u00e8re nous sommes l\u00e9gions !<\/a>\r\n\t\t\t\t<\/h4>\r\n\r\n\t\t\t\t\t\t\t\t<div class=\"bdpp-post-meta bdpp-post-meta-up\">\r\n\t\t\t\t\t<span class=\"bdpp-post-meta-data bdpp-post-date\"><i class=\"fa fa-clock-o\"><\/i>8 septembre 2021<\/span>\t\t\t\t<\/div>\r\n\t\t\t\t\t\t\t<\/div>\r\n\t\t<\/div>\r\n\t<\/div>\r\n<\/div>\r\n\r\n<div class=\"bdpp-post-gridbox bdpp-post-gridbox-right bdpp-col-2 bdpp-columns bdpp-post-16547 bdpp-post-standard  bdpp-has-thumb\">\r\n\t<div class=\"bdpp-post-grid-content bdpp-clearfix\">\r\n\t\t\t\t<div class=\"bdpp-col-s-4 bdpp-columns\">\r\n\t\t\t<div class=\"bdpp-post-img-bg\">\r\n\t\t\t\t<a href=\"https:\/\/jrfortin.com\/jrf\/blog\/septembre-mois-de-tous-les-dangers-canalise-par-monique-mathieu\/\">\r\n\t\t\t\t\t<img decoding=\"async\" src=\"https:\/\/i0.wp.com\/jrfortin.com\/jrf\/wp-content\/uploads\/2021\/09\/Priere.jpg?resize=120%2C120&#038;ssl=1\" class=\"bdpp-img bdpp-post-feat-img\" alt=\"Septembre, mois de tous les dangers, canalis\u00e9 par Monique Mathieu\" \/>\r\n\t\t\t\t\t\t\t\t\t<\/a>\r\n\t\t\t<\/div>\r\n\t\t<\/div>\r\n\t\t\r\n\t\t<div class=\"bdpp-col-s-8 bdpp-columns\">\r\n\t\t\t\r\n\t\t\t<div class=\"bdpp-post-content-overlay\">\r\n\t\t\t\t<h4 class=\"bdpp-post-title\">\r\n\t\t\t\t\t<a href=\"https:\/\/jrfortin.com\/jrf\/blog\/septembre-mois-de-tous-les-dangers-canalise-par-monique-mathieu\/\">Septembre, mois de tous les dangers, canalis\u00e9 par Monique Mathieu<\/a>\r\n\t\t\t\t<\/h4>\r\n\r\n\t\t\t\t\t\t\t\t<div class=\"bdpp-post-meta bdpp-post-meta-up\">\r\n\t\t\t\t\t<span class=\"bdpp-post-meta-data bdpp-post-date\"><i class=\"fa fa-clock-o\"><\/i>6 septembre 2021<\/span>\t\t\t\t<\/div>\r\n\t\t\t\t\t\t\t<\/div>\r\n\t\t<\/div>\r\n\t<\/div>\r\n<\/div>\r\n\r\n<div class=\"bdpp-post-gridbox bdpp-post-gridbox-right bdpp-col-2 bdpp-columns bdpp-post-16487 bdpp-post-standard  bdpp-has-thumb\">\r\n\t<div class=\"bdpp-post-grid-content bdpp-clearfix\">\r\n\t\t\t\t<div class=\"bdpp-col-s-4 bdpp-columns\">\r\n\t\t\t<div class=\"bdpp-post-img-bg\">\r\n\t\t\t\t<a href=\"https:\/\/jrfortin.com\/jrf\/blog\/le-passage-ne-sera-pas-tres-difficile-canalisation-des-nos-freres-galactiques-par-mme-monique-mathieu\/\">\r\n\t\t\t\t\t<img decoding=\"async\" src=\"https:\/\/i0.wp.com\/jrfortin.com\/jrf\/wp-content\/uploads\/2021\/08\/galct.jpg?resize=120%2C120&#038;ssl=1\" class=\"bdpp-img bdpp-post-feat-img\" alt=\"Le passage ne sera pas tr\u00e8s difficile : canalisation de nos fr\u00e8res galactiques (Mme Monique Mathieu)\" \/>\r\n\t\t\t\t\t\t\t\t\t<\/a>\r\n\t\t\t<\/div>\r\n\t\t<\/div>\r\n\t\t\r\n\t\t<div class=\"bdpp-col-s-8 bdpp-columns\">\r\n\t\t\t\r\n\t\t\t<div class=\"bdpp-post-content-overlay\">\r\n\t\t\t\t<h4 class=\"bdpp-post-title\">\r\n\t\t\t\t\t<a href=\"https:\/\/jrfortin.com\/jrf\/blog\/le-passage-ne-sera-pas-tres-difficile-canalisation-des-nos-freres-galactiques-par-mme-monique-mathieu\/\">Le passage ne sera pas tr\u00e8s difficile : canalisation de nos fr\u00e8res galactiques (Mme Monique Mathieu)<\/a>\r\n\t\t\t\t<\/h4>\r\n\r\n\t\t\t\t\t\t\t\t<div class=\"bdpp-post-meta bdpp-post-meta-up\">\r\n\t\t\t\t\t<span class=\"bdpp-post-meta-data bdpp-post-date\"><i class=\"fa fa-clock-o\"><\/i>16 ao\u00fbt 2021<\/span>\t\t\t\t<\/div>\r\n\t\t\t\t\t\t\t<\/div>\r\n\t\t<\/div>\r\n\t<\/div>\r\n<\/div>\r\n\r\n<div class=\"bdpp-post-gridbox bdpp-post-gridbox-right bdpp-col-2 bdpp-columns bdpp-post-16475 bdpp-post-standard  bdpp-has-thumb\">\r\n\t<div class=\"bdpp-post-grid-content bdpp-clearfix\">\r\n\t\t\t\t<div class=\"bdpp-col-s-4 bdpp-columns\">\r\n\t\t\t<div class=\"bdpp-post-img-bg\">\r\n\t\t\t\t<a href=\"https:\/\/jrfortin.com\/jrf\/blog\/bonne-nouvelle-les-vibrations-de-la-terre-augmentent-par-dr-luc-bodin\/\">\r\n\t\t\t\t\t<img decoding=\"async\" src=\"https:\/\/i0.wp.com\/jrfortin.com\/jrf\/wp-content\/uploads\/2021\/08\/couer.jpg?resize=120%2C120&#038;ssl=1\" class=\"bdpp-img bdpp-post-feat-img\" alt=\"Bonne nouvelle : les vibrations de la Terre augmentent !  &#8211; Par Dr Luc Bodin\" \/>\r\n\t\t\t\t\t\t\t\t\t<\/a>\r\n\t\t\t<\/div>\r\n\t\t<\/div>\r\n\t\t\r\n\t\t<div class=\"bdpp-col-s-8 bdpp-columns\">\r\n\t\t\t\r\n\t\t\t<div class=\"bdpp-post-content-overlay\">\r\n\t\t\t\t<h4 class=\"bdpp-post-title\">\r\n\t\t\t\t\t<a href=\"https:\/\/jrfortin.com\/jrf\/blog\/bonne-nouvelle-les-vibrations-de-la-terre-augmentent-par-dr-luc-bodin\/\">Bonne nouvelle : les vibrations de la Terre augmentent !  &#8211; Par Dr Luc Bodin<\/a>\r\n\t\t\t\t<\/h4>\r\n\r\n\t\t\t\t\t\t\t\t<div class=\"bdpp-post-meta bdpp-post-meta-up\">\r\n\t\t\t\t\t<span class=\"bdpp-post-meta-data bdpp-post-date\"><i class=\"fa fa-clock-o\"><\/i>11 ao\u00fbt 2021<\/span>\t\t\t\t<\/div>\r\n\t\t\t\t\t\t\t<\/div>\r\n\t\t<\/div>\r\n\t<\/div>\r\n<\/div>\r\n\r\n<div class=\"bdpp-post-gridbox bdpp-post-gridbox-right bdpp-col-2 bdpp-columns bdpp-post-15087 bdpp-post-gallery  bdpp-has-thumb\">\r\n\t<div class=\"bdpp-post-grid-content bdpp-clearfix\">\r\n\t\t\t\t<div class=\"bdpp-col-s-4 bdpp-columns\">\r\n\t\t\t<div class=\"bdpp-post-img-bg\">\r\n\t\t\t\t<a href=\"https:\/\/jrfortin.com\/jrf\/blog\/declaration-des-libertes-humaines\/\">\r\n\t\t\t\t\t<img decoding=\"async\" src=\"https:\/\/i0.wp.com\/jrfortin.com\/jrf\/wp-content\/uploads\/2020\/12\/freedom-scaled.jpg?resize=120%2C120&#038;ssl=1\" class=\"bdpp-img bdpp-post-feat-img\" alt=\"D\u00e9clarations de souverainet\u00e9 spirituelle et des Libert\u00e9s Humaines : La libert\u00e9 est un droit Divin\" \/>\r\n\t\t\t\t\t\t\t\t\t<\/a>\r\n\t\t\t<\/div>\r\n\t\t<\/div>\r\n\t\t\r\n\t\t<div class=\"bdpp-col-s-8 bdpp-columns\">\r\n\t\t\t\r\n\t\t\t<div class=\"bdpp-post-content-overlay\">\r\n\t\t\t\t<h4 class=\"bdpp-post-title\">\r\n\t\t\t\t\t<a href=\"https:\/\/jrfortin.com\/jrf\/blog\/declaration-des-libertes-humaines\/\">D\u00e9clarations de souverainet\u00e9 spirituelle et des Libert\u00e9s Humaines : La libert\u00e9 est un droit Divin<\/a>\r\n\t\t\t\t<\/h4>\r\n\r\n\t\t\t\t\t\t\t\t<div class=\"bdpp-post-meta bdpp-post-meta-up\">\r\n\t\t\t\t\t<span class=\"bdpp-post-meta-data bdpp-post-date\"><i class=\"fa fa-clock-o\"><\/i>28 juillet 2021<\/span>\t\t\t\t<\/div>\r\n\t\t\t\t\t\t\t<\/div>\r\n\t\t<\/div>\r\n\t<\/div>\r\n<\/div>\r\n\r\n<div class=\"bdpp-post-gridbox bdpp-post-gridbox-right bdpp-col-2 bdpp-columns bdpp-post-15465 bdpp-post-gallery  bdpp-has-thumb\">\r\n\t<div class=\"bdpp-post-grid-content bdpp-clearfix\">\r\n\t\t\t\t<div class=\"bdpp-col-s-4 bdpp-columns\">\r\n\t\t\t<div class=\"bdpp-post-img-bg\">\r\n\t\t\t\t<a href=\"https:\/\/jrfortin.com\/jrf\/blog\/thrive-1-et-2-ce-quil-faut-pour-creer-le-nouveau-monde-et-prosperer\/\">\r\n\t\t\t\t\t<img decoding=\"async\" src=\"https:\/\/i0.wp.com\/jrfortin.com\/jrf\/wp-content\/uploads\/2021\/02\/thrive-1.png?resize=120%2C120&#038;ssl=1\" class=\"bdpp-img bdpp-post-feat-img\" alt=\"THRIVE 1 et 2 : Ce qu&rsquo;il faut pour cr\u00e9er le nouveau monde et prosp\u00e9rer\" \/>\r\n\t\t\t\t\t\t\t\t\t<\/a>\r\n\t\t\t<\/div>\r\n\t\t<\/div>\r\n\t\t\r\n\t\t<div class=\"bdpp-col-s-8 bdpp-columns\">\r\n\t\t\t\r\n\t\t\t<div class=\"bdpp-post-content-overlay\">\r\n\t\t\t\t<h4 class=\"bdpp-post-title\">\r\n\t\t\t\t\t<a href=\"https:\/\/jrfortin.com\/jrf\/blog\/thrive-1-et-2-ce-quil-faut-pour-creer-le-nouveau-monde-et-prosperer\/\">THRIVE 1 et 2 : Ce qu&rsquo;il faut pour cr\u00e9er le nouveau monde et prosp\u00e9rer<\/a>\r\n\t\t\t\t<\/h4>\r\n\r\n\t\t\t\t\t\t\t\t<div class=\"bdpp-post-meta bdpp-post-meta-up\">\r\n\t\t\t\t\t<span class=\"bdpp-post-meta-data bdpp-post-date\"><i class=\"fa fa-clock-o\"><\/i>15 f\u00e9vrier 2021<\/span>\t\t\t\t<\/div>\r\n\t\t\t\t\t\t\t<\/div>\r\n\t\t<\/div>\r\n\t<\/div>\r\n<\/div>\r\n\r\n<div class=\"bdpp-post-gridbox bdpp-post-gridbox-right bdpp-col-2 bdpp-columns bdpp-post-350 bdpp-post-standard  bdpp-has-thumb\">\r\n\t<div class=\"bdpp-post-grid-content bdpp-clearfix\">\r\n\t\t\t\t<div class=\"bdpp-col-s-4 bdpp-columns\">\r\n\t\t\t<div class=\"bdpp-post-img-bg\">\r\n\t\t\t\t<a href=\"https:\/\/jrfortin.com\/jrf\/blog\/introduction-au-controle-des-masses\/\">\r\n\t\t\t\t\t<img decoding=\"async\" src=\"https:\/\/i0.wp.com\/jrfortin.com\/jrf\/wp-content\/uploads\/2011\/08\/dollarUS.png?resize=120%2C120&#038;ssl=1\" class=\"bdpp-img bdpp-post-feat-img\" alt=\"Introduction au contr\u00f4le des masses\" \/>\r\n\t\t\t\t\t\t\t\t\t<\/a>\r\n\t\t\t<\/div>\r\n\t\t<\/div>\r\n\t\t\r\n\t\t<div class=\"bdpp-col-s-8 bdpp-columns\">\r\n\t\t\t\r\n\t\t\t<div class=\"bdpp-post-content-overlay\">\r\n\t\t\t\t<h4 class=\"bdpp-post-title\">\r\n\t\t\t\t\t<a href=\"https:\/\/jrfortin.com\/jrf\/blog\/introduction-au-controle-des-masses\/\">Introduction au contr\u00f4le des masses<\/a>\r\n\t\t\t\t<\/h4>\r\n\r\n\t\t\t\t\t\t\t\t<div class=\"bdpp-post-meta bdpp-post-meta-up\">\r\n\t\t\t\t\t<span class=\"bdpp-post-meta-data bdpp-post-date\"><i class=\"fa fa-clock-o\"><\/i>14 f\u00e9vrier 2021<\/span>\t\t\t\t<\/div>\r\n\t\t\t\t\t\t\t<\/div>\r\n\t\t<\/div>\r\n\t<\/div>\r\n<\/div>\r\n\r\n<div class=\"bdpp-post-gridbox bdpp-post-gridbox-right bdpp-col-2 bdpp-columns bdpp-post-15434 bdpp-post-gallery  bdpp-has-thumb\">\r\n\t<div class=\"bdpp-post-grid-content bdpp-clearfix\">\r\n\t\t\t\t<div class=\"bdpp-col-s-4 bdpp-columns\">\r\n\t\t\t<div class=\"bdpp-post-img-bg\">\r\n\t\t\t\t<a href=\"https:\/\/jrfortin.com\/jrf\/blog\/le-monde-est-dans-le-mental-prahladji-patrick-bernard\/\">\r\n\t\t\t\t\t<img decoding=\"async\" src=\"https:\/\/i0.wp.com\/jrfortin.com\/jrf\/wp-content\/uploads\/2021\/02\/ce8ed0487b117abcecb105cabe3c0e47.jpg?resize=120%2C120&#038;ssl=1\" class=\"bdpp-img bdpp-post-feat-img\" alt=\"Le monde est dans le mental &#8211; par : Prahladji Patrick Bernard\" \/>\r\n\t\t\t\t\t\t\t\t\t<\/a>\r\n\t\t\t<\/div>\r\n\t\t<\/div>\r\n\t\t\r\n\t\t<div class=\"bdpp-col-s-8 bdpp-columns\">\r\n\t\t\t\r\n\t\t\t<div class=\"bdpp-post-content-overlay\">\r\n\t\t\t\t<h4 class=\"bdpp-post-title\">\r\n\t\t\t\t\t<a href=\"https:\/\/jrfortin.com\/jrf\/blog\/le-monde-est-dans-le-mental-prahladji-patrick-bernard\/\">Le monde est dans le mental &#8211; par : Prahladji Patrick Bernard<\/a>\r\n\t\t\t\t<\/h4>\r\n\r\n\t\t\t\t\t\t\t\t<div class=\"bdpp-post-meta bdpp-post-meta-up\">\r\n\t\t\t\t\t<span class=\"bdpp-post-meta-data bdpp-post-date\"><i class=\"fa fa-clock-o\"><\/i>5 f\u00e9vrier 2021<\/span>\t\t\t\t<\/div>\r\n\t\t\t\t\t\t\t<\/div>\r\n\t\t<\/div>\r\n\t<\/div>\r\n<\/div>\r\n\r\n<div class=\"bdpp-post-gridbox bdpp-post-gridbox-right bdpp-col-2 bdpp-columns bdpp-post-15180 bdpp-post-gallery  bdpp-has-thumb\">\r\n\t<div class=\"bdpp-post-grid-content bdpp-clearfix\">\r\n\t\t\t\t<div class=\"bdpp-col-s-4 bdpp-columns\">\r\n\t\t\t<div class=\"bdpp-post-img-bg\">\r\n\t\t\t\t<a href=\"https:\/\/jrfortin.com\/jrf\/blog\/une-solution-globale-pour-guerir-lhumanite-et-lecologie\/\">\r\n\t\t\t\t\t<img decoding=\"async\" src=\"https:\/\/i0.wp.com\/jrfortin.com\/jrf\/wp-content\/uploads\/2021\/01\/foret_0.jpg?resize=120%2C120&#038;ssl=1\" class=\"bdpp-img bdpp-post-feat-img\" alt=\"UNE SOLUTION GLOBALE POUR GU\u00c9RIR L\u2019HUMANIT\u00c9 ET L\u2019\u00c9COLOGIE\" \/>\r\n\t\t\t\t\t\t\t\t\t<\/a>\r\n\t\t\t<\/div>\r\n\t\t<\/div>\r\n\t\t\r\n\t\t<div class=\"bdpp-col-s-8 bdpp-columns\">\r\n\t\t\t\r\n\t\t\t<div class=\"bdpp-post-content-overlay\">\r\n\t\t\t\t<h4 class=\"bdpp-post-title\">\r\n\t\t\t\t\t<a href=\"https:\/\/jrfortin.com\/jrf\/blog\/une-solution-globale-pour-guerir-lhumanite-et-lecologie\/\">UNE SOLUTION GLOBALE POUR GU\u00c9RIR L\u2019HUMANIT\u00c9 ET L\u2019\u00c9COLOGIE<\/a>\r\n\t\t\t\t<\/h4>\r\n\r\n\t\t\t\t\t\t\t\t<div class=\"bdpp-post-meta bdpp-post-meta-up\">\r\n\t\t\t\t\t<span class=\"bdpp-post-meta-data bdpp-post-date\"><i class=\"fa fa-clock-o\"><\/i>9 janvier 2021<\/span>\t\t\t\t<\/div>\r\n\t\t\t\t\t\t\t<\/div>\r\n\t\t<\/div>\r\n\t<\/div>\r\n<\/div>\r\n\r\n<div class=\"bdpp-post-gridbox bdpp-post-gridbox-right bdpp-col-2 bdpp-columns bdpp-post-15070 bdpp-post-gallery  bdpp-has-thumb\">\r\n\t<div class=\"bdpp-post-grid-content bdpp-clearfix\">\r\n\t\t\t\t<div class=\"bdpp-col-s-4 bdpp-columns\">\r\n\t\t\t<div class=\"bdpp-post-img-bg\">\r\n\t\t\t\t<a href=\"https:\/\/jrfortin.com\/jrf\/blog\/common-law\/\">\r\n\t\t\t\t\t<img decoding=\"async\" src=\"https:\/\/i0.wp.com\/jrfortin.com\/jrf\/wp-content\/uploads\/2020\/12\/nat.png?resize=120%2C120&#038;ssl=1\" class=\"bdpp-img bdpp-post-feat-img\" alt=\"Droits humains par les Chartes du Canada et le Conseil des Assembl\u00e9es de Droit Commun\" \/>\r\n\t\t\t\t\t\t\t\t\t<\/a>\r\n\t\t\t<\/div>\r\n\t\t<\/div>\r\n\t\t\r\n\t\t<div class=\"bdpp-col-s-8 bdpp-columns\">\r\n\t\t\t\r\n\t\t\t<div class=\"bdpp-post-content-overlay\">\r\n\t\t\t\t<h4 class=\"bdpp-post-title\">\r\n\t\t\t\t\t<a href=\"https:\/\/jrfortin.com\/jrf\/blog\/common-law\/\">Droits humains par les Chartes du Canada et le Conseil des Assembl\u00e9es de Droit Commun<\/a>\r\n\t\t\t\t<\/h4>\r\n\r\n\t\t\t\t\t\t\t\t<div class=\"bdpp-post-meta bdpp-post-meta-up\">\r\n\t\t\t\t\t<span class=\"bdpp-post-meta-data bdpp-post-date\"><i class=\"fa fa-clock-o\"><\/i>20 d\u00e9cembre 2020<\/span>\t\t\t\t<\/div>\r\n\t\t\t\t\t\t\t<\/div>\r\n\t\t<\/div>\r\n\t<\/div>\r\n<\/div>\r\n\r\n<div class=\"bdpp-post-gridbox bdpp-post-gridbox-right bdpp-col-2 bdpp-columns bdpp-post-12772 bdpp-post-gallery  bdpp-has-thumb\">\r\n\t<div class=\"bdpp-post-grid-content bdpp-clearfix\">\r\n\t\t\t\t<div class=\"bdpp-col-s-4 bdpp-columns\">\r\n\t\t\t<div class=\"bdpp-post-img-bg\">\r\n\t\t\t\t<a href=\"https:\/\/jrfortin.com\/jrf\/blog\/existe-t-il-une-relation-entre-les-pandemies-et-les-champs-electromagnetiques\/\">\r\n\t\t\t\t\t<img decoding=\"async\" src=\"https:\/\/i0.wp.com\/jrfortin.com\/jrf\/wp-content\/uploads\/2020\/05\/3232.png?resize=120%2C120&#038;ssl=1\" class=\"bdpp-img bdpp-post-feat-img\" alt=\"Champs \u00e9lectro-magn\u00e9tiques, 5G, pland\u00e9mies et contr\u00f4le plan\u00e9taire\" \/>\r\n\t\t\t\t\t\t\t\t\t<\/a>\r\n\t\t\t<\/div>\r\n\t\t<\/div>\r\n\t\t\r\n\t\t<div class=\"bdpp-col-s-8 bdpp-columns\">\r\n\t\t\t\r\n\t\t\t<div class=\"bdpp-post-content-overlay\">\r\n\t\t\t\t<h4 class=\"bdpp-post-title\">\r\n\t\t\t\t\t<a href=\"https:\/\/jrfortin.com\/jrf\/blog\/existe-t-il-une-relation-entre-les-pandemies-et-les-champs-electromagnetiques\/\">Champs \u00e9lectro-magn\u00e9tiques, 5G, pland\u00e9mies et contr\u00f4le plan\u00e9taire<\/a>\r\n\t\t\t\t<\/h4>\r\n\r\n\t\t\t\t\t\t\t\t<div class=\"bdpp-post-meta bdpp-post-meta-up\">\r\n\t\t\t\t\t<span class=\"bdpp-post-meta-data bdpp-post-date\"><i class=\"fa fa-clock-o\"><\/i>4 d\u00e9cembre 2020<\/span>\t\t\t\t<\/div>\r\n\t\t\t\t\t\t\t<\/div>\r\n\t\t<\/div>\r\n\t<\/div>\r\n<\/div>\r\n\r\n<div class=\"bdpp-post-gridbox bdpp-post-gridbox-right bdpp-col-2 bdpp-columns bdpp-post-14802 bdpp-post-gallery  bdpp-has-thumb\">\r\n\t<div class=\"bdpp-post-grid-content bdpp-clearfix\">\r\n\t\t\t\t<div class=\"bdpp-col-s-4 bdpp-columns\">\r\n\t\t\t<div class=\"bdpp-post-img-bg\">\r\n\t\t\t\t<a href=\"https:\/\/jrfortin.com\/jrf\/blog\/hold-up-film-documentaire-11-novembre-2020\/\">\r\n\t\t\t\t\t<img decoding=\"async\" src=\"https:\/\/i0.wp.com\/jrfortin.com\/jrf\/wp-content\/uploads\/2020\/11\/holdup.png?resize=120%2C120&#038;ssl=1\" class=\"bdpp-img bdpp-post-feat-img\" alt=\"HOLD-UP : Film choc qui a r\u00e9veill\u00e9 des centaines de milliers de personnes\" \/>\r\n\t\t\t\t\t\t\t\t\t<\/a>\r\n\t\t\t<\/div>\r\n\t\t<\/div>\r\n\t\t\r\n\t\t<div class=\"bdpp-col-s-8 bdpp-columns\">\r\n\t\t\t\r\n\t\t\t<div class=\"bdpp-post-content-overlay\">\r\n\t\t\t\t<h4 class=\"bdpp-post-title\">\r\n\t\t\t\t\t<a href=\"https:\/\/jrfortin.com\/jrf\/blog\/hold-up-film-documentaire-11-novembre-2020\/\">HOLD-UP : Film choc qui a r\u00e9veill\u00e9 des centaines de milliers de personnes<\/a>\r\n\t\t\t\t<\/h4>\r\n\r\n\t\t\t\t\t\t\t\t<div class=\"bdpp-post-meta bdpp-post-meta-up\">\r\n\t\t\t\t\t<span class=\"bdpp-post-meta-data bdpp-post-date\"><i class=\"fa fa-clock-o\"><\/i>16 novembre 2020<\/span>\t\t\t\t<\/div>\r\n\t\t\t\t\t\t\t<\/div>\r\n\t\t<\/div>\r\n\t<\/div>\r\n<\/div>\r\n\r\n<div class=\"bdpp-post-gridbox bdpp-post-gridbox-right bdpp-col-2 bdpp-columns bdpp-post-14323 bdpp-post-gallery  bdpp-has-thumb\">\r\n\t<div class=\"bdpp-post-grid-content bdpp-clearfix\">\r\n\t\t\t\t<div class=\"bdpp-col-s-4 bdpp-columns\">\r\n\t\t\t<div class=\"bdpp-post-img-bg\">\r\n\t\t\t\t<a href=\"https:\/\/jrfortin.com\/jrf\/blog\/message-dalerte-international-de-professionnels-de-sante-aux-gouvernements-et-aux-citoyens-du-monde\/\">\r\n\t\t\t\t\t<img decoding=\"async\" src=\"https:\/\/i0.wp.com\/jrfortin.com\/jrf\/wp-content\/uploads\/2017\/12\/medical-symbol_0.png?resize=120%2C120&#038;ssl=1\" class=\"bdpp-img bdpp-post-feat-img\" alt=\"Message d&rsquo;alerte des professionnels de la sant\u00e9 de la plan\u00e8te enti\u00e8re\" \/>\r\n\t\t\t\t\t\t\t\t\t<\/a>\r\n\t\t\t<\/div>\r\n\t\t<\/div>\r\n\t\t\r\n\t\t<div class=\"bdpp-col-s-8 bdpp-columns\">\r\n\t\t\t\r\n\t\t\t<div class=\"bdpp-post-content-overlay\">\r\n\t\t\t\t<h4 class=\"bdpp-post-title\">\r\n\t\t\t\t\t<a href=\"https:\/\/jrfortin.com\/jrf\/blog\/message-dalerte-international-de-professionnels-de-sante-aux-gouvernements-et-aux-citoyens-du-monde\/\">Message d&rsquo;alerte des professionnels de la sant\u00e9 de la plan\u00e8te enti\u00e8re<\/a>\r\n\t\t\t\t<\/h4>\r\n\r\n\t\t\t\t\t\t\t\t<div class=\"bdpp-post-meta bdpp-post-meta-up\">\r\n\t\t\t\t\t<span class=\"bdpp-post-meta-data bdpp-post-date\"><i class=\"fa fa-clock-o\"><\/i>15 octobre 2020<\/span>\t\t\t\t<\/div>\r\n\t\t\t\t\t\t\t<\/div>\r\n\t\t<\/div>\r\n\t<\/div>\r\n<\/div>\r\n\t<\/div>\r\n\t\t<div class=\"bdpp-paging bdpp-clearfix\">\r\n\t\t<span aria-current=\"page\" class=\"page-numbers current\">1<\/span>\n<a class=\"page-numbers\" href=\"https:\/\/jrfortin.com\/jrf\/wp-json\/wp\/v2\/pages\/15979\/page\/2\/\">2<\/a>\n<a class=\"next page-numbers\" href=\"https:\/\/jrfortin.com\/jrf\/wp-json\/wp\/v2\/pages\/15979\/page\/2\/\">Suivante \u00bb &raquo;<\/a>\t<\/div>\r\n<\/div><\/p>\n<hr \/>\n<p><a title=\"Shin-Shin Toitsu A\u00efkido\" href=\"https:\/\/fr.wikipedia.org\/wiki\/Shin_Shin_Toitsu_Aikido\" target=\"_blank\" rel=\"noopener\"><em>Ki-A\u00efkido sur Wikipedia<\/em><\/a><\/p>\n","protected":false},"excerpt":{"rendered":"<p>S\u00e9rie d\u2019articles dans la cat\u00e9gorie \u00ab \u00c9veil des con\u2026<\/p>\n<p> <a class=\"continue-reading-link\" href=\"https:\/\/jrfortin.com\/jrf\/blog\/message-dalerte-international-de-professionnels-de-sante-aux-gouvernements-et-aux-citoyens-du-monde\/\"><span>continuez la lecture<\/span><i class=\"crycon-right-dir\"><\/i><\/a> <\/p>\n","protected":false},"author":1,"featured_media":0,"parent":0,"menu_order":0,"comment_status":"open","ping_status":"open","template":"templates\/template-onecolumn.php","meta":{"footnotes":""},"class_list":["post-15979","page","type-page","status-publish","hentry"],"yoast_head":"<!-- This site is optimized with the Yoast SEO plugin v26.7 - https:\/\/yoast.com\/wordpress\/plugins\/seo\/ -->\n<title>\u00c9veil des consciences - Dojo du Nouveau Monde<\/title>\n<meta name=\"robots\" content=\"index, follow, max-snippet:-1, max-image-preview:large, max-video-preview:-1\" \/>\n<link rel=\"canonical\" href=\"https:\/\/jrfortin.com\/jrf\/eveil-des-consciences\/\" \/>\n<meta property=\"og:locale\" content=\"fr_FR\" \/>\n<meta property=\"og:type\" content=\"article\" \/>\n<meta property=\"og:title\" content=\"\u00c9veil des consciences - Dojo du Nouveau Monde\" \/>\n<meta property=\"og:description\" content=\"S\u00e9rie d\u2019articles dans la cat\u00e9gorie \u00ab \u00c9veil des con\u2026 continuez la lecture\" \/>\n<meta property=\"og:url\" content=\"https:\/\/jrfortin.com\/jrf\/eveil-des-consciences\/\" \/>\n<meta property=\"og:site_name\" content=\"Dojo du Nouveau Monde\" \/>\n<meta property=\"article:modified_time\" content=\"2023-01-07T17:09:51+00:00\" \/>\n<meta name=\"twitter:card\" content=\"summary_large_image\" \/>\n<meta name=\"twitter:site\" content=\"@fortin_rock\" \/>\n<script type=\"application\/ld+json\" class=\"yoast-schema-graph\">{\"@context\":\"https:\/\/schema.org\",\"@graph\":[{\"@type\":\"WebPage\",\"@id\":\"https:\/\/jrfortin.com\/jrf\/eveil-des-consciences\/\",\"url\":\"https:\/\/jrfortin.com\/jrf\/eveil-des-consciences\/\",\"name\":\"\u00c9veil des consciences - Dojo du Nouveau Monde\",\"isPartOf\":{\"@id\":\"https:\/\/jrfortin.com\/jrf\/#website\"},\"datePublished\":\"2021-05-13T19:49:59+00:00\",\"dateModified\":\"2023-01-07T17:09:51+00:00\",\"breadcrumb\":{\"@id\":\"https:\/\/jrfortin.com\/jrf\/eveil-des-consciences\/#breadcrumb\"},\"inLanguage\":\"fr-FR\",\"potentialAction\":[{\"@type\":\"ReadAction\",\"target\":[\"https:\/\/jrfortin.com\/jrf\/eveil-des-consciences\/\"]}]},{\"@type\":\"BreadcrumbList\",\"@id\":\"https:\/\/jrfortin.com\/jrf\/eveil-des-consciences\/#breadcrumb\",\"itemListElement\":[{\"@type\":\"ListItem\",\"position\":1,\"name\":\"Accueil\",\"item\":\"https:\/\/jrfortin.com\/jrf\/\"},{\"@type\":\"ListItem\",\"position\":2,\"name\":\"\u00c9veil des consciences\"}]},{\"@type\":\"WebSite\",\"@id\":\"https:\/\/jrfortin.com\/jrf\/#website\",\"url\":\"https:\/\/jrfortin.com\/jrf\/\",\"name\":\"Dojo du Nouveau Monde\",\"description\":\"R\u00e9seau de Shihan Jean-Rock Fortin\",\"publisher\":{\"@id\":\"https:\/\/jrfortin.com\/jrf\/#\/schema\/person\/420b013ae3febafe8d99a66adee55de9\"},\"potentialAction\":[{\"@type\":\"SearchAction\",\"target\":{\"@type\":\"EntryPoint\",\"urlTemplate\":\"https:\/\/jrfortin.com\/jrf\/?s={search_term_string}\"},\"query-input\":{\"@type\":\"PropertyValueSpecification\",\"valueRequired\":true,\"valueName\":\"search_term_string\"}}],\"inLanguage\":\"fr-FR\"},{\"@type\":[\"Person\",\"Organization\"],\"@id\":\"https:\/\/jrfortin.com\/jrf\/#\/schema\/person\/420b013ae3febafe8d99a66adee55de9\",\"name\":\"Shihan Jean-Rock Fortin, M.A.\",\"image\":{\"@type\":\"ImageObject\",\"inLanguage\":\"fr-FR\",\"@id\":\"https:\/\/jrfortin.com\/jrf\/#\/schema\/person\/image\/\",\"url\":\"https:\/\/i2.wp.com\/jrfortin.com\/jrf\/wp-content\/uploads\/2020\/07\/ki-le-chemin.jpg?fit=600%2C848&ssl=1\",\"contentUrl\":\"https:\/\/i2.wp.com\/jrfortin.com\/jrf\/wp-content\/uploads\/2020\/07\/ki-le-chemin.jpg?fit=600%2C848&ssl=1\",\"width\":600,\"height\":848,\"caption\":\"Shihan Jean-Rock Fortin, M.A.\"},\"logo\":{\"@id\":\"https:\/\/jrfortin.com\/jrf\/#\/schema\/person\/image\/\"},\"description\":\"Globetrotteur par affaires et pour le plaisir, et Orientaliste, je suis instructeur d'arts martiaux (maitre-enseignant de Ki-A\u00efkido [Shihan] &amp; Dim-Mak), Fondateur du Dojo du Nouveau Monde (2010), \\\"S\u00e9ancier\\\" de Kiatsu, M\u00e9tatronicien, Radiesth\u00e9siste, Coutelier d'art, Conf\u00e9rencier et Auteur du livre \\\"Ki - Le Chemin de l'\u00c9veil\\\" (2018). Je suis \u00e9galement Consultant strat\u00e9gique en \u00e9volution et prosp\u00e9rit\u00e9 des personnes et des organisations.\",\"sameAs\":[\"http:\/\/www.jrfortin.com\"]}]}<\/script>\n<!-- \/ Yoast SEO plugin. -->","yoast_head_json":{"title":"\u00c9veil des consciences - Dojo du Nouveau Monde","robots":{"index":"index","follow":"follow","max-snippet":"max-snippet:-1","max-image-preview":"max-image-preview:large","max-video-preview":"max-video-preview:-1"},"canonical":"https:\/\/jrfortin.com\/jrf\/eveil-des-consciences\/","og_locale":"fr_FR","og_type":"article","og_title":"\u00c9veil des consciences - Dojo du Nouveau Monde","og_description":"S\u00e9rie d\u2019articles dans la cat\u00e9gorie \u00ab \u00c9veil des con\u2026 continuez la lecture","og_url":"https:\/\/jrfortin.com\/jrf\/eveil-des-consciences\/","og_site_name":"Dojo du Nouveau Monde","article_modified_time":"2023-01-07T17:09:51+00:00","twitter_card":"summary_large_image","twitter_site":"@fortin_rock","schema":{"@context":"https:\/\/schema.org","@graph":[{"@type":"WebPage","@id":"https:\/\/jrfortin.com\/jrf\/eveil-des-consciences\/","url":"https:\/\/jrfortin.com\/jrf\/eveil-des-consciences\/","name":"\u00c9veil des consciences - Dojo du Nouveau Monde","isPartOf":{"@id":"https:\/\/jrfortin.com\/jrf\/#website"},"datePublished":"2021-05-13T19:49:59+00:00","dateModified":"2023-01-07T17:09:51+00:00","breadcrumb":{"@id":"https:\/\/jrfortin.com\/jrf\/eveil-des-consciences\/#breadcrumb"},"inLanguage":"fr-FR","potentialAction":[{"@type":"ReadAction","target":["https:\/\/jrfortin.com\/jrf\/eveil-des-consciences\/"]}]},{"@type":"BreadcrumbList","@id":"https:\/\/jrfortin.com\/jrf\/eveil-des-consciences\/#breadcrumb","itemListElement":[{"@type":"ListItem","position":1,"name":"Accueil","item":"https:\/\/jrfortin.com\/jrf\/"},{"@type":"ListItem","position":2,"name":"\u00c9veil des consciences"}]},{"@type":"WebSite","@id":"https:\/\/jrfortin.com\/jrf\/#website","url":"https:\/\/jrfortin.com\/jrf\/","name":"Dojo du Nouveau Monde","description":"R\u00e9seau de Shihan Jean-Rock Fortin","publisher":{"@id":"https:\/\/jrfortin.com\/jrf\/#\/schema\/person\/420b013ae3febafe8d99a66adee55de9"},"potentialAction":[{"@type":"SearchAction","target":{"@type":"EntryPoint","urlTemplate":"https:\/\/jrfortin.com\/jrf\/?s={search_term_string}"},"query-input":{"@type":"PropertyValueSpecification","valueRequired":true,"valueName":"search_term_string"}}],"inLanguage":"fr-FR"},{"@type":["Person","Organization"],"@id":"https:\/\/jrfortin.com\/jrf\/#\/schema\/person\/420b013ae3febafe8d99a66adee55de9","name":"Shihan Jean-Rock Fortin, M.A.","image":{"@type":"ImageObject","inLanguage":"fr-FR","@id":"https:\/\/jrfortin.com\/jrf\/#\/schema\/person\/image\/","url":"https:\/\/i2.wp.com\/jrfortin.com\/jrf\/wp-content\/uploads\/2020\/07\/ki-le-chemin.jpg?fit=600%2C848&ssl=1","contentUrl":"https:\/\/i2.wp.com\/jrfortin.com\/jrf\/wp-content\/uploads\/2020\/07\/ki-le-chemin.jpg?fit=600%2C848&ssl=1","width":600,"height":848,"caption":"Shihan Jean-Rock Fortin, M.A."},"logo":{"@id":"https:\/\/jrfortin.com\/jrf\/#\/schema\/person\/image\/"},"description":"Globetrotteur par affaires et pour le plaisir, et Orientaliste, je suis instructeur d'arts martiaux (maitre-enseignant de Ki-A\u00efkido [Shihan] &amp; Dim-Mak), Fondateur du Dojo du Nouveau Monde (2010), \"S\u00e9ancier\" de Kiatsu, M\u00e9tatronicien, Radiesth\u00e9siste, Coutelier d'art, Conf\u00e9rencier et Auteur du livre \"Ki - Le Chemin de l'\u00c9veil\" (2018). Je suis \u00e9galement Consultant strat\u00e9gique en \u00e9volution et prosp\u00e9rit\u00e9 des personnes et des organisations.","sameAs":["http:\/\/www.jrfortin.com"]}]}},"jetpack_sharing_enabled":true,"_links":{"self":[{"href":"https:\/\/jrfortin.com\/jrf\/wp-json\/wp\/v2\/pages\/15979","targetHints":{"allow":["GET"]}}],"collection":[{"href":"https:\/\/jrfortin.com\/jrf\/wp-json\/wp\/v2\/pages"}],"about":[{"href":"https:\/\/jrfortin.com\/jrf\/wp-json\/wp\/v2\/types\/page"}],"author":[{"embeddable":true,"href":"https:\/\/jrfortin.com\/jrf\/wp-json\/wp\/v2\/users\/1"}],"replies":[{"embeddable":true,"href":"https:\/\/jrfortin.com\/jrf\/wp-json\/wp\/v2\/comments?post=15979"}],"version-history":[{"count":2,"href":"https:\/\/jrfortin.com\/jrf\/wp-json\/wp\/v2\/pages\/15979\/revisions"}],"predecessor-version":[{"id":18578,"href":"https:\/\/jrfortin.com\/jrf\/wp-json\/wp\/v2\/pages\/15979\/revisions\/18578"}],"wp:attachment":[{"href":"https:\/\/jrfortin.com\/jrf\/wp-json\/wp\/v2\/media?parent=15979"}],"curies":[{"name":"wp","href":"https:\/\/api.w.org\/{rel}","templated":true}]}}