{"id":16270,"date":"2021-06-11T16:01:54","date_gmt":"2021-06-11T20:01:54","guid":{"rendered":"https:\/\/jrfortin.com\/jrf\/?page_id=16270"},"modified":"2022-11-25T12:50:03","modified_gmt":"2022-11-25T17:50:03","slug":"16270-2","status":"publish","type":"page","link":"https:\/\/jrfortin.com\/jrf\/16270-2\/","title":{"rendered":"M\u00e9ditations collectives en conscience"},"content":{"rendered":"<h1><img data-recalc-dims=\"1\" loading=\"lazy\" decoding=\"async\" class=\"aligncenter\" src=\"https:\/\/i0.wp.com\/jrfortin.com\/jrf\/wp-content\/uploads\/2020\/04\/mtfuji.png?resize=185%2C101&#038;ssl=1\" alt=\"\" width=\"185\" height=\"101\" \/><\/h1>\n<h1 style=\"text-align: center;\">Bienvenue \u00e0 notre activit\u00e9 m\u00e9ditative !<\/h1>\n<p style=\"text-align: justify;\">Cette page pr\u00e9sente une s\u00e9rie de m\u00e9ditations, r\u00e9flexions et diverses pratiques ceci afin d\u2019agir en conscience de mani\u00e8re collective. Cette activit\u00e9 permet aux participants de faire grandir leur <em>Satori<\/em> int\u00e9rieur initi\u00e9 par la coordination corps \u2013 esprit. Cela se traduit par une augmentation la fr\u00e9quence vibratoire des participants et de celle de l\u2019\u00e9gr\u00e9gore du groupe.<\/p>\n<p style=\"text-align: justify;\">Les participants se synchronisent alors avec le rythme universel (<em>Reiseishin<\/em>) qui est en perp\u00e9tuel mouvement, ceci afin de cr\u00e9er une harmonisation de soi et avec la nature pour ne faire qu\u2019Un avec l\u2019Univers (<em>Fudoshin<\/em>). Cette plateforme permettra de guider les pratiquants dans leur exercice m\u00e9ditatif. \u00c0 la base, on doit imp\u00e9rativement maintenir un \u00e9tat modifi\u00e9 de la conscience (EMC) que l\u2019on appelle la coordination corps \u2013 esprit (CCE) pour effectuer correctement une m\u00e9ditation.<\/p>\n<p style=\"text-align: justify;\"><em>\u201cUne m\u00e9ditation collective pour agir en conscience ne requiert pas d\u2019\u00eatre dirig\u00e9e. Chacun exprime sa nature profonde selon ses capacit\u00e9s et ses connaissances en prenant conscience qu\u2019il fait partie d\u2019un puissant \u00e9gr\u00e9gore, en l\u2019occurrence celui de notre Dojo.<br \/>\n<\/em><\/p>\n<p style=\"text-align: justify;\"><em>On doit suivre sa Voie sans forcer. Si au bout de 5 minutes de m\u00e9ditation vous avez compl\u00e9t\u00e9 votre cheminement, alors c\u2019est termin\u00e9. Si la jouissance de ne faire qu\u2019Un avec l\u2019Univers vous am\u00e8ne \u00e0 2 heures de m\u00e9ditation, alors suivez votre intuition (il est vrai que seulement quinze minutes de m\u00e9ditation par jour va changer votre vie). <\/em><\/p>\n<p style=\"text-align: justify;\"><em>La seule r\u00e8gle est d&rsquo;\u00eatre soi-m\u00eame, un \u00eatre de lumi\u00e8re qui exprime son Amour profond pour la vie (Banyu Aigo no Seishin).\u201d<\/em><\/p>\n<p style=\"text-align: justify;\">Le rendez-vous en conscience est \u00e0 <strong>tous les jours \u00e0 11 h 11<\/strong> (ou \u00e0 un autre moment de votre choix puisque le temps n&rsquo;existe pas). Si vous \u00eates un petit groupe \u00e0 m\u00e9diter, il est judicieux d&rsquo;\u00e9changer sur vos exp\u00e9riences et d&rsquo;entrer en contact en conscience avec les autres lors de la m\u00e9ditation.<\/p>\n<p style=\"text-align: justify;\">Vous d\u00e9velopperez ainsi de la t\u00e9l\u00e9pathie et d&rsquo;autres habilet\u00e9s extrasensorielles. Le th\u00e8me g\u00e9n\u00e9ral de l&rsquo;activit\u00e9 est d&rsquo;\u00e9tendre nos vibrations, notre lumi\u00e8re et celle du divin en Soi au reste de la plan\u00e8te afin de contribuer \u00e0 la cr\u00e9er sur Ga\u00efa le Nouveau Monde de Paix et d&rsquo;Amour de l&rsquo;\u00e8re du Verseau.<\/p>\n<hr \/>\n<p style=\"text-align: center;\"><img data-recalc-dims=\"1\" loading=\"lazy\" decoding=\"async\" data-attachment-id=\"18351\" data-permalink=\"https:\/\/jrfortin.com\/jrf\/cours-prives\/salonthe\/\" data-orig-file=\"https:\/\/i0.wp.com\/jrfortin.com\/jrf\/wp-content\/uploads\/2022\/11\/salonthe.jpg?fit=1660%2C1245&amp;ssl=1\" data-orig-size=\"1660,1245\" data-comments-opened=\"1\" data-image-meta=\"{&quot;aperture&quot;:&quot;0&quot;,&quot;credit&quot;:&quot;&quot;,&quot;camera&quot;:&quot;&quot;,&quot;caption&quot;:&quot;&quot;,&quot;created_timestamp&quot;:&quot;1669365544&quot;,&quot;copyright&quot;:&quot;&quot;,&quot;focal_length&quot;:&quot;0&quot;,&quot;iso&quot;:&quot;0&quot;,&quot;shutter_speed&quot;:&quot;0&quot;,&quot;title&quot;:&quot;&quot;,&quot;orientation&quot;:&quot;1&quot;}\" data-image-title=\"salonthe\" data-image-description=\"\" data-image-caption=\"\" data-medium-file=\"https:\/\/i0.wp.com\/jrfortin.com\/jrf\/wp-content\/uploads\/2022\/11\/salonthe.jpg?fit=300%2C225&amp;ssl=1\" data-large-file=\"https:\/\/i0.wp.com\/jrfortin.com\/jrf\/wp-content\/uploads\/2022\/11\/salonthe.jpg?fit=830%2C623&amp;ssl=1\" class=\"alignnone wp-image-18351 size-full\" src=\"https:\/\/i0.wp.com\/jrfortin.com\/jrf\/wp-content\/uploads\/2022\/11\/salonthe.jpg?resize=830%2C623\" alt=\"\" width=\"830\" height=\"623\" srcset=\"https:\/\/i0.wp.com\/jrfortin.com\/jrf\/wp-content\/uploads\/2022\/11\/salonthe.jpg?w=1660&amp;ssl=1 1660w, https:\/\/i0.wp.com\/jrfortin.com\/jrf\/wp-content\/uploads\/2022\/11\/salonthe.jpg?resize=300%2C225&amp;ssl=1 300w, https:\/\/i0.wp.com\/jrfortin.com\/jrf\/wp-content\/uploads\/2022\/11\/salonthe.jpg?resize=1024%2C768&amp;ssl=1 1024w, https:\/\/i0.wp.com\/jrfortin.com\/jrf\/wp-content\/uploads\/2022\/11\/salonthe.jpg?resize=768%2C576&amp;ssl=1 768w, https:\/\/i0.wp.com\/jrfortin.com\/jrf\/wp-content\/uploads\/2022\/11\/salonthe.jpg?resize=1536%2C1152&amp;ssl=1 1536w, https:\/\/i0.wp.com\/jrfortin.com\/jrf\/wp-content\/uploads\/2022\/11\/salonthe.jpg?resize=150%2C113&amp;ssl=1 150w, https:\/\/i0.wp.com\/jrfortin.com\/jrf\/wp-content\/uploads\/2022\/11\/salonthe.jpg?resize=1320%2C990&amp;ssl=1 1320w, https:\/\/i0.wp.com\/jrfortin.com\/jrf\/wp-content\/uploads\/2022\/11\/salonthe.jpg?resize=24%2C18&amp;ssl=1 24w, https:\/\/i0.wp.com\/jrfortin.com\/jrf\/wp-content\/uploads\/2022\/11\/salonthe.jpg?resize=36%2C27&amp;ssl=1 36w, https:\/\/i0.wp.com\/jrfortin.com\/jrf\/wp-content\/uploads\/2022\/11\/salonthe.jpg?resize=48%2C36&amp;ssl=1 48w\" sizes=\"auto, (max-width: 830px) 100vw, 830px\" \/><\/p>\n<p style=\"text-align: justify;\"><em>On a demand\u00e9 \u00e0 Bouddha : \u00ab Qu&rsquo;as-tu gagn\u00e9 gr\u00e2ce \u00e0 la m\u00e9ditation ? \u00bb <\/em><em>Et il r\u00e9pondit : Rien! Cependant, laisse-moi te dire ce que j&rsquo;ai perdu: \u00ab la col\u00e8re, la d\u00e9pression, la folie, la peur d&rsquo;\u00eatre vieux et celle de mourir. \u00bb<\/em><\/p>\n<hr \/>\n<h4><img data-recalc-dims=\"1\" loading=\"lazy\" decoding=\"async\" data-attachment-id=\"7760\" data-permalink=\"https:\/\/jrfortin.com\/jrf\/pratiques-esoteriques\/namaste-mudra-3\/\" data-orig-file=\"https:\/\/i0.wp.com\/jrfortin.com\/jrf\/wp-content\/uploads\/2014\/06\/namaste-mudra-1.png?fit=105%2C165&amp;ssl=1\" data-orig-size=\"105,165\" data-comments-opened=\"0\" data-image-meta=\"{&quot;aperture&quot;:&quot;0&quot;,&quot;credit&quot;:&quot;&quot;,&quot;camera&quot;:&quot;&quot;,&quot;caption&quot;:&quot;&quot;,&quot;created_timestamp&quot;:&quot;0&quot;,&quot;copyright&quot;:&quot;&quot;,&quot;focal_length&quot;:&quot;0&quot;,&quot;iso&quot;:&quot;0&quot;,&quot;shutter_speed&quot;:&quot;0&quot;,&quot;title&quot;:&quot;&quot;,&quot;orientation&quot;:&quot;0&quot;}\" data-image-title=\"namaste-mudra\" data-image-description=\"\" data-image-caption=\"\" data-medium-file=\"https:\/\/i0.wp.com\/jrfortin.com\/jrf\/wp-content\/uploads\/2014\/06\/namaste-mudra-1.png?fit=105%2C165&amp;ssl=1\" data-large-file=\"https:\/\/i0.wp.com\/jrfortin.com\/jrf\/wp-content\/uploads\/2014\/06\/namaste-mudra-1.png?fit=105%2C165&amp;ssl=1\" class=\"alignnone size-full wp-image-7760 aligncenter\" src=\"https:\/\/i0.wp.com\/jrfortin.com\/jrf\/wp-content\/uploads\/2014\/06\/namaste-mudra-1.png?resize=105%2C165&#038;ssl=1\" alt=\"\" width=\"105\" height=\"165\" srcset=\"https:\/\/i0.wp.com\/jrfortin.com\/jrf\/wp-content\/uploads\/2014\/06\/namaste-mudra-1.png?w=105&amp;ssl=1 105w, https:\/\/i0.wp.com\/jrfortin.com\/jrf\/wp-content\/uploads\/2014\/06\/namaste-mudra-1.png?resize=95%2C150&amp;ssl=1 95w\" sizes=\"auto, (max-width: 105px) 100vw, 105px\" \/><\/h4>\n<h4 style=\"text-align: center;\"><strong>GRATITUDE<\/strong><\/h4>\n<h4 style=\"text-align: center;\"><em>\u201cJe te remercie Esprit UN, pour la Vie et la Lumi\u00e8re abondantes, pleines et libres, pour la Sant\u00e9 parfaite, la Puissance illimit\u00e9e et la Libert\u00e9 sans restriction.<\/em><\/h4>\n<hr \/>\n<p style=\"text-align: center;\"><div id=\"bdpp-post-gridbox-1\" class=\"bdpp-wrap bdpp-lite bdpp-post-grid-box-wrap bdpp-post-data-wrap bdpp-design-1  bdpp-clearfix\">\r\n\t<div class=\"bdpp-post-grid-box-inr-wrap bdpp-post-data-inr-wrap bdpp-clearfix\">\t<div class=\"bdpp-post-gridbox bdpp-post-gridbox-left bdpp-col-2 bdpp-columns bdpp-post-16255 bdpp-post-standard  bdpp-has-thumb\">\r\n\t\t<div class=\"bdpp-post-grid-content\">\r\n\t\t\t\t\r\n\t\t\t<div class=\"bdpp-post-img-link\">\t\r\n\t\t\t\t<a class=\"bdpp-post-linkoverlay\" href=\"https:\/\/jrfortin.com\/jrf\/blog\/meditation-anjo-daza-ho-du-yoga-japonais-de-maitre-tempu-nakamura\/\"><\/a>\r\n\t\t\t\t<div class=\"bdpp-post-img-bg\" style=\"height:500px; background-image:url(https:\/\/i0.wp.com\/jrfortin.com\/jrf\/wp-content\/uploads\/2018\/04\/cert1i.png?fit=830%2C639&#038;ssl=1);\"><\/div>\r\n\t\t\t\t\t\t\t<\/div>\r\n\t\t\t\r\n\t\t\t<div class=\"bdpp-post-content-overlay\">\r\n\t\t\t\t<h2 class=\"bdpp-post-title\">\r\n\t\t\t\t\t<a href=\"https:\/\/jrfortin.com\/jrf\/blog\/meditation-anjo-daza-ho-du-yoga-japonais-de-maitre-tempu-nakamura\/\">M\u00e9ditation Anjo Daza Ho (du Yoga japonais de Ma\u00eetre Tempu Nakamura)<\/a>\r\n\t\t\t\t<\/h2>\r\n\r\n\t\t\t\t\t\t\t\t<div class=\"bdpp-post-meta bdpp-post-meta-up\">\r\n\t\t\t\t\t<span class=\"bdpp-post-meta-data bdpp-post-date\"><i class=\"fa fa-clock-o\"><\/i>16 janvier 2023<\/span>\t\t\t\t<\/div>\r\n\t\t\t\t\t\t\t\t<div class=\"bdpp-post-content\">\r\n\t\t\t\t\t<div class=\"bdpp-post-desc\">Laissez la vibration du bol tib\u00e9tain vous impr\u00e9gner, laissez la r\u00e9sonner en vous et maintenez cette sensation jusqu&#39;au tintement de cloche suivant. Cette m\u00e9ditation dure 15 minutes et se termine pas trois sons de cloche rapproch\u00e9s (et oui, vous pouvez t\u00e9l\u00e9charger la pi\u00e8ce musicale pour votre usage personnel). Utilisez la Mudra \u00ab In \u00bb Et voici la m\u00eame pi\u00e8ce musicale mais avec une douce musique en trame de fond. \u00c9levez votre conscience et le monde va vibrer intens\u00e9ment. Les \u00e9veill\u00e9s ont largement d\u00e9pass\u00e9 le 5% requis de la population mondiale, ce qui va permettre d&#39;op\u00e9rer des changements soci\u00e9taux positifs majeurs,...<\/div>\r\n\t\t\t\t\t\t\t\t\t\t\t<a href=\"https:\/\/jrfortin.com\/jrf\/blog\/meditation-anjo-daza-ho-du-yoga-japonais-de-maitre-tempu-nakamura\/\" class=\"bdpp-rdmr-btn\">Lire la suite<\/a>\r\n\t\t\t\t\t\t\t\t\t<\/div>\r\n\t\t\t\t\t\t\t<\/div>\r\n\t\t<\/div>\r\n\t<\/div>\r\n\r\n<div class=\"bdpp-post-gridbox bdpp-post-gridbox-right bdpp-col-2 bdpp-columns bdpp-post-18226 bdpp-post-standard  bdpp-has-thumb\">\r\n\t<div class=\"bdpp-post-grid-content bdpp-clearfix\">\r\n\t\t\t\t<div class=\"bdpp-col-s-4 bdpp-columns\">\r\n\t\t\t<div class=\"bdpp-post-img-bg\">\r\n\t\t\t\t<a href=\"https:\/\/jrfortin.com\/jrf\/blog\/jissen-kai-module-3-meditation-et-respiration-avec-ki-atelier-et-materiel-de-formation\/\">\r\n\t\t\t\t\t<img decoding=\"async\" src=\"https:\/\/i0.wp.com\/jrfortin.com\/jrf\/wp-content\/uploads\/2022\/11\/mod_3.png?resize=120%2C120&#038;ssl=1\" class=\"bdpp-img bdpp-post-feat-img\" alt=\"Jissen-Ka\u00ef Module 3 : M\u00e9ditation et Respiration avec Ki (Atelier et mat\u00e9riel de formation)\" \/>\r\n\t\t\t\t\t\t\t\t\t<\/a>\r\n\t\t\t<\/div>\r\n\t\t<\/div>\r\n\t\t\r\n\t\t<div class=\"bdpp-col-s-8 bdpp-columns\">\r\n\t\t\t\r\n\t\t\t<div class=\"bdpp-post-content-overlay\">\r\n\t\t\t\t<h4 class=\"bdpp-post-title\">\r\n\t\t\t\t\t<a href=\"https:\/\/jrfortin.com\/jrf\/blog\/jissen-kai-module-3-meditation-et-respiration-avec-ki-atelier-et-materiel-de-formation\/\">Jissen-Ka\u00ef Module 3 : M\u00e9ditation et Respiration avec Ki (Atelier et mat\u00e9riel de formation)<\/a>\r\n\t\t\t\t<\/h4>\r\n\r\n\t\t\t\t\t\t\t\t<div class=\"bdpp-post-meta bdpp-post-meta-up\">\r\n\t\t\t\t\t<span class=\"bdpp-post-meta-data bdpp-post-date\"><i class=\"fa fa-clock-o\"><\/i>15 novembre 2022<\/span>\t\t\t\t<\/div>\r\n\t\t\t\t\t\t\t<\/div>\r\n\t\t<\/div>\r\n\t<\/div>\r\n<\/div>\r\n\r\n<div class=\"bdpp-post-gridbox bdpp-post-gridbox-right bdpp-col-2 bdpp-columns bdpp-post-18215 bdpp-post-standard  bdpp-has-thumb\">\r\n\t<div class=\"bdpp-post-grid-content bdpp-clearfix\">\r\n\t\t\t\t<div class=\"bdpp-col-s-4 bdpp-columns\">\r\n\t\t\t<div class=\"bdpp-post-img-bg\">\r\n\t\t\t\t<a href=\"https:\/\/jrfortin.com\/jrf\/blog\/comment-faire-ressortir-notre-etre-interieur-par-luc-bodin\/\">\r\n\t\t\t\t\t<img decoding=\"async\" src=\"https:\/\/i0.wp.com\/jrfortin.com\/jrf\/wp-content\/uploads\/2022\/10\/img.jpg?resize=120%2C120&#038;ssl=1\" class=\"bdpp-img bdpp-post-feat-img\" alt=\"Comment faire ressortir notre \u00eatre int\u00e9rieur (par Luc Bodin)\" \/>\r\n\t\t\t\t\t\t\t\t\t<\/a>\r\n\t\t\t<\/div>\r\n\t\t<\/div>\r\n\t\t\r\n\t\t<div class=\"bdpp-col-s-8 bdpp-columns\">\r\n\t\t\t\r\n\t\t\t<div class=\"bdpp-post-content-overlay\">\r\n\t\t\t\t<h4 class=\"bdpp-post-title\">\r\n\t\t\t\t\t<a href=\"https:\/\/jrfortin.com\/jrf\/blog\/comment-faire-ressortir-notre-etre-interieur-par-luc-bodin\/\">Comment faire ressortir notre \u00eatre int\u00e9rieur (par Luc Bodin)<\/a>\r\n\t\t\t\t<\/h4>\r\n\r\n\t\t\t\t\t\t\t\t<div class=\"bdpp-post-meta bdpp-post-meta-up\">\r\n\t\t\t\t\t<span class=\"bdpp-post-meta-data bdpp-post-date\"><i class=\"fa fa-clock-o\"><\/i>21 octobre 2022<\/span>\t\t\t\t<\/div>\r\n\t\t\t\t\t\t\t<\/div>\r\n\t\t<\/div>\r\n\t<\/div>\r\n<\/div>\r\n\r\n<div class=\"bdpp-post-gridbox bdpp-post-gridbox-right bdpp-col-2 bdpp-columns bdpp-post-17693 bdpp-post-standard  bdpp-has-thumb\">\r\n\t<div class=\"bdpp-post-grid-content bdpp-clearfix\">\r\n\t\t\t\t<div class=\"bdpp-col-s-4 bdpp-columns\">\r\n\t\t\t<div class=\"bdpp-post-img-bg\">\r\n\t\t\t\t<a href=\"https:\/\/jrfortin.com\/jrf\/blog\/bancs-de-meditation-a-pattes-retractables-150-chacun\/\">\r\n\t\t\t\t\t<img decoding=\"async\" src=\"https:\/\/i0.wp.com\/jrfortin.com\/jrf\/wp-content\/uploads\/2022\/06\/IMG_2722-scaled.jpg?resize=120%2C120&#038;ssl=1\" class=\"bdpp-img bdpp-post-feat-img\" alt=\"Banc de m\u00e9ditation \u00e0 pattes r\u00e9tractables\" \/>\r\n\t\t\t\t\t\t\t\t\t<\/a>\r\n\t\t\t<\/div>\r\n\t\t<\/div>\r\n\t\t\r\n\t\t<div class=\"bdpp-col-s-8 bdpp-columns\">\r\n\t\t\t\r\n\t\t\t<div class=\"bdpp-post-content-overlay\">\r\n\t\t\t\t<h4 class=\"bdpp-post-title\">\r\n\t\t\t\t\t<a href=\"https:\/\/jrfortin.com\/jrf\/blog\/bancs-de-meditation-a-pattes-retractables-150-chacun\/\">Banc de m\u00e9ditation \u00e0 pattes r\u00e9tractables<\/a>\r\n\t\t\t\t<\/h4>\r\n\r\n\t\t\t\t\t\t\t\t<div class=\"bdpp-post-meta bdpp-post-meta-up\">\r\n\t\t\t\t\t<span class=\"bdpp-post-meta-data bdpp-post-date\"><i class=\"fa fa-clock-o\"><\/i>26 juin 2022<\/span>\t\t\t\t<\/div>\r\n\t\t\t\t\t\t\t<\/div>\r\n\t\t<\/div>\r\n\t<\/div>\r\n<\/div>\r\n\r\n<div class=\"bdpp-post-gridbox bdpp-post-gridbox-right bdpp-col-2 bdpp-columns bdpp-post-17399 bdpp-post-standard  bdpp-has-thumb\">\r\n\t<div class=\"bdpp-post-grid-content bdpp-clearfix\">\r\n\t\t\t\t<div class=\"bdpp-col-s-4 bdpp-columns\">\r\n\t\t\t<div class=\"bdpp-post-img-bg\">\r\n\t\t\t\t<a href=\"https:\/\/jrfortin.com\/jrf\/blog\/ancrage-de-colonnes-de-lumiere-sur-votre-lieu-de-residence\/\">\r\n\t\t\t\t\t<img decoding=\"async\" src=\"https:\/\/i0.wp.com\/jrfortin.com\/jrf\/wp-content\/uploads\/2022\/03\/image-2.png?resize=120%2C120&#038;ssl=1\" class=\"bdpp-img bdpp-post-feat-img\" alt=\"ANCRAGE DE COLONNES DE LUMI\u00c8RE \u2013 SUR VOTRE LIEU DE R\u00c9SIDENCE\" \/>\r\n\t\t\t\t\t\t\t\t\t<\/a>\r\n\t\t\t<\/div>\r\n\t\t<\/div>\r\n\t\t\r\n\t\t<div class=\"bdpp-col-s-8 bdpp-columns\">\r\n\t\t\t\r\n\t\t\t<div class=\"bdpp-post-content-overlay\">\r\n\t\t\t\t<h4 class=\"bdpp-post-title\">\r\n\t\t\t\t\t<a href=\"https:\/\/jrfortin.com\/jrf\/blog\/ancrage-de-colonnes-de-lumiere-sur-votre-lieu-de-residence\/\">ANCRAGE DE COLONNES DE LUMI\u00c8RE \u2013 SUR VOTRE LIEU DE R\u00c9SIDENCE<\/a>\r\n\t\t\t\t<\/h4>\r\n\r\n\t\t\t\t\t\t\t\t<div class=\"bdpp-post-meta bdpp-post-meta-up\">\r\n\t\t\t\t\t<span class=\"bdpp-post-meta-data bdpp-post-date\"><i class=\"fa fa-clock-o\"><\/i>17 mars 2022<\/span>\t\t\t\t<\/div>\r\n\t\t\t\t\t\t\t<\/div>\r\n\t\t<\/div>\r\n\t<\/div>\r\n<\/div>\r\n\r\n<div class=\"bdpp-post-gridbox bdpp-post-gridbox-right bdpp-col-2 bdpp-columns bdpp-post-17383 bdpp-post-standard  bdpp-has-thumb\">\r\n\t<div class=\"bdpp-post-grid-content bdpp-clearfix\">\r\n\t\t\t\t<div class=\"bdpp-col-s-4 bdpp-columns\">\r\n\t\t\t<div class=\"bdpp-post-img-bg\">\r\n\t\t\t\t<a href=\"https:\/\/jrfortin.com\/jrf\/blog\/la-force-du-coeur-dans-le-champ-quantique\/\">\r\n\t\t\t\t\t<img decoding=\"async\" src=\"https:\/\/i0.wp.com\/jrfortin.com\/jrf\/wp-content\/uploads\/2022\/03\/qa53329f4d.jpg?resize=120%2C120&#038;ssl=1\" class=\"bdpp-img bdpp-post-feat-img\" alt=\"La force du c\u0153ur dans le champ quantique\" \/>\r\n\t\t\t\t\t\t\t\t\t<\/a>\r\n\t\t\t<\/div>\r\n\t\t<\/div>\r\n\t\t\r\n\t\t<div class=\"bdpp-col-s-8 bdpp-columns\">\r\n\t\t\t\r\n\t\t\t<div class=\"bdpp-post-content-overlay\">\r\n\t\t\t\t<h4 class=\"bdpp-post-title\">\r\n\t\t\t\t\t<a href=\"https:\/\/jrfortin.com\/jrf\/blog\/la-force-du-coeur-dans-le-champ-quantique\/\">La force du c\u0153ur dans le champ quantique<\/a>\r\n\t\t\t\t<\/h4>\r\n\r\n\t\t\t\t\t\t\t\t<div class=\"bdpp-post-meta bdpp-post-meta-up\">\r\n\t\t\t\t\t<span class=\"bdpp-post-meta-data bdpp-post-date\"><i class=\"fa fa-clock-o\"><\/i>13 mars 2022<\/span>\t\t\t\t<\/div>\r\n\t\t\t\t\t\t\t<\/div>\r\n\t\t<\/div>\r\n\t<\/div>\r\n<\/div>\r\n\r\n<div class=\"bdpp-post-gridbox bdpp-post-gridbox-right bdpp-col-2 bdpp-columns bdpp-post-16925 bdpp-post-standard  bdpp-has-thumb\">\r\n\t<div class=\"bdpp-post-grid-content bdpp-clearfix\">\r\n\t\t\t\t<div class=\"bdpp-col-s-4 bdpp-columns\">\r\n\t\t\t<div class=\"bdpp-post-img-bg\">\r\n\t\t\t\t<a href=\"https:\/\/jrfortin.com\/jrf\/blog\/activation-de-lintervention-divine-meditation-du-21-decembre-2021-pour-le-solstice-dhiver\/\">\r\n\t\t\t\t\t<img decoding=\"async\" src=\"https:\/\/i0.wp.com\/jrfortin.com\/jrf\/wp-content\/uploads\/2021\/12\/259971477_10220593084118936_2699865681982189752_n.jpg?resize=120%2C120&#038;ssl=1\" class=\"bdpp-img bdpp-post-feat-img\" alt=\"Activation de l&rsquo;intervention Divine : M\u00e9ditation du Solstice d&rsquo;hiver du 21 d\u00e9cembre 2021\" \/>\r\n\t\t\t\t\t\t\t\t\t<\/a>\r\n\t\t\t<\/div>\r\n\t\t<\/div>\r\n\t\t\r\n\t\t<div class=\"bdpp-col-s-8 bdpp-columns\">\r\n\t\t\t\r\n\t\t\t<div class=\"bdpp-post-content-overlay\">\r\n\t\t\t\t<h4 class=\"bdpp-post-title\">\r\n\t\t\t\t\t<a href=\"https:\/\/jrfortin.com\/jrf\/blog\/activation-de-lintervention-divine-meditation-du-21-decembre-2021-pour-le-solstice-dhiver\/\">Activation de l&rsquo;intervention Divine : M\u00e9ditation du Solstice d&rsquo;hiver du 21 d\u00e9cembre 2021<\/a>\r\n\t\t\t\t<\/h4>\r\n\r\n\t\t\t\t\t\t\t\t<div class=\"bdpp-post-meta bdpp-post-meta-up\">\r\n\t\t\t\t\t<span class=\"bdpp-post-meta-data bdpp-post-date\"><i class=\"fa fa-clock-o\"><\/i>10 d\u00e9cembre 2021<\/span>\t\t\t\t<\/div>\r\n\t\t\t\t\t\t\t<\/div>\r\n\t\t<\/div>\r\n\t<\/div>\r\n<\/div>\r\n\r\n<div class=\"bdpp-post-gridbox bdpp-post-gridbox-right bdpp-col-2 bdpp-columns bdpp-post-16766 bdpp-post-standard  bdpp-has-thumb\">\r\n\t<div class=\"bdpp-post-grid-content bdpp-clearfix\">\r\n\t\t\t\t<div class=\"bdpp-col-s-4 bdpp-columns\">\r\n\t\t\t<div class=\"bdpp-post-img-bg\">\r\n\t\t\t\t<a href=\"https:\/\/jrfortin.com\/jrf\/blog\/voici-quatre-facons-dutiliser-la-flamme-violette\/\">\r\n\t\t\t\t\t<img decoding=\"async\" src=\"https:\/\/i0.wp.com\/jrfortin.com\/jrf\/wp-content\/uploads\/2021\/10\/bioenergia.jpg?resize=120%2C120&#038;ssl=1\" class=\"bdpp-img bdpp-post-feat-img\" alt=\"VOICI QUATRE FA\u00c7ONS D\u2019UTILISER LA FLAMME VIOLETTE\" \/>\r\n\t\t\t\t\t\t\t\t\t<\/a>\r\n\t\t\t<\/div>\r\n\t\t<\/div>\r\n\t\t\r\n\t\t<div class=\"bdpp-col-s-8 bdpp-columns\">\r\n\t\t\t\r\n\t\t\t<div class=\"bdpp-post-content-overlay\">\r\n\t\t\t\t<h4 class=\"bdpp-post-title\">\r\n\t\t\t\t\t<a href=\"https:\/\/jrfortin.com\/jrf\/blog\/voici-quatre-facons-dutiliser-la-flamme-violette\/\">VOICI QUATRE FA\u00c7ONS D\u2019UTILISER LA FLAMME VIOLETTE<\/a>\r\n\t\t\t\t<\/h4>\r\n\r\n\t\t\t\t\t\t\t\t<div class=\"bdpp-post-meta bdpp-post-meta-up\">\r\n\t\t\t\t\t<span class=\"bdpp-post-meta-data bdpp-post-date\"><i class=\"fa fa-clock-o\"><\/i>2 octobre 2021<\/span>\t\t\t\t<\/div>\r\n\t\t\t\t\t\t\t<\/div>\r\n\t\t<\/div>\r\n\t<\/div>\r\n<\/div>\r\n\r\n<div class=\"bdpp-post-gridbox bdpp-post-gridbox-right bdpp-col-2 bdpp-columns bdpp-post-16678 bdpp-post-standard  bdpp-has-thumb\">\r\n\t<div class=\"bdpp-post-grid-content bdpp-clearfix\">\r\n\t\t\t\t<div class=\"bdpp-col-s-4 bdpp-columns\">\r\n\t\t\t<div class=\"bdpp-post-img-bg\">\r\n\t\t\t\t<a href=\"https:\/\/jrfortin.com\/jrf\/blog\/quelques-instructions-de-procedures-meditatives-que-vous-pourriez-utiliser\/\">\r\n\t\t\t\t\t<img decoding=\"async\" src=\"https:\/\/i0.wp.com\/jrfortin.com\/jrf\/wp-content\/uploads\/2021\/09\/imagedeco.jpg?resize=120%2C120&#038;ssl=1\" class=\"bdpp-img bdpp-post-feat-img\" alt=\"Quelques instructions de proc\u00e9dures m\u00e9ditatives que vous pourriez utiliser\" \/>\r\n\t\t\t\t\t\t\t\t\t<\/a>\r\n\t\t\t<\/div>\r\n\t\t<\/div>\r\n\t\t\r\n\t\t<div class=\"bdpp-col-s-8 bdpp-columns\">\r\n\t\t\t\r\n\t\t\t<div class=\"bdpp-post-content-overlay\">\r\n\t\t\t\t<h4 class=\"bdpp-post-title\">\r\n\t\t\t\t\t<a href=\"https:\/\/jrfortin.com\/jrf\/blog\/quelques-instructions-de-procedures-meditatives-que-vous-pourriez-utiliser\/\">Quelques instructions de proc\u00e9dures m\u00e9ditatives que vous pourriez utiliser<\/a>\r\n\t\t\t\t<\/h4>\r\n\r\n\t\t\t\t\t\t\t\t<div class=\"bdpp-post-meta bdpp-post-meta-up\">\r\n\t\t\t\t\t<span class=\"bdpp-post-meta-data bdpp-post-date\"><i class=\"fa fa-clock-o\"><\/i>24 septembre 2021<\/span>\t\t\t\t<\/div>\r\n\t\t\t\t\t\t\t<\/div>\r\n\t\t<\/div>\r\n\t<\/div>\r\n<\/div>\r\n\r\n<div class=\"bdpp-post-gridbox bdpp-post-gridbox-right bdpp-col-2 bdpp-columns bdpp-post-16577 bdpp-post-standard  bdpp-has-thumb\">\r\n\t<div class=\"bdpp-post-grid-content bdpp-clearfix\">\r\n\t\t\t\t<div class=\"bdpp-col-s-4 bdpp-columns\">\r\n\t\t\t<div class=\"bdpp-post-img-bg\">\r\n\t\t\t\t<a href=\"https:\/\/jrfortin.com\/jrf\/blog\/meditation-de-la-fleur-de-vie-pour-lascension-de-lhumanite-etres-de-lumiere-nous-sommes-legion\/\">\r\n\t\t\t\t\t<img decoding=\"async\" src=\"https:\/\/i0.wp.com\/jrfortin.com\/jrf\/wp-content\/uploads\/2021\/09\/lum3.png?resize=120%2C120&#038;ssl=1\" class=\"bdpp-img bdpp-post-feat-img\" alt=\"M\u00e9ditation de la fleur de vie pour l&rsquo;ascension de l&rsquo;humanit\u00e9 : \u00catres de lumi\u00e8re nous sommes l\u00e9gions !\" \/>\r\n\t\t\t\t\t\t\t\t\t<\/a>\r\n\t\t\t<\/div>\r\n\t\t<\/div>\r\n\t\t\r\n\t\t<div class=\"bdpp-col-s-8 bdpp-columns\">\r\n\t\t\t\r\n\t\t\t<div class=\"bdpp-post-content-overlay\">\r\n\t\t\t\t<h4 class=\"bdpp-post-title\">\r\n\t\t\t\t\t<a href=\"https:\/\/jrfortin.com\/jrf\/blog\/meditation-de-la-fleur-de-vie-pour-lascension-de-lhumanite-etres-de-lumiere-nous-sommes-legion\/\">M\u00e9ditation de la fleur de vie pour l&rsquo;ascension de l&rsquo;humanit\u00e9 : \u00catres de lumi\u00e8re nous sommes l\u00e9gions !<\/a>\r\n\t\t\t\t<\/h4>\r\n\r\n\t\t\t\t\t\t\t\t<div class=\"bdpp-post-meta bdpp-post-meta-up\">\r\n\t\t\t\t\t<span class=\"bdpp-post-meta-data bdpp-post-date\"><i class=\"fa fa-clock-o\"><\/i>8 septembre 2021<\/span>\t\t\t\t<\/div>\r\n\t\t\t\t\t\t\t<\/div>\r\n\t\t<\/div>\r\n\t<\/div>\r\n<\/div>\r\n\r\n<div class=\"bdpp-post-gridbox bdpp-post-gridbox-right bdpp-col-2 bdpp-columns bdpp-post-16558 bdpp-post-standard  bdpp-has-thumb\">\r\n\t<div class=\"bdpp-post-grid-content bdpp-clearfix\">\r\n\t\t\t\t<div class=\"bdpp-col-s-4 bdpp-columns\">\r\n\t\t\t<div class=\"bdpp-post-img-bg\">\r\n\t\t\t\t<a href=\"https:\/\/jrfortin.com\/jrf\/blog\/hooponopono-une-meditation-de-reconciliation-avec-lunivers-et-avec-soi-meme\/\">\r\n\t\t\t\t\t<img decoding=\"async\" src=\"https:\/\/i0.wp.com\/jrfortin.com\/jrf\/wp-content\/uploads\/2021\/09\/f479bbc0ef2d1d38d112f228d0fda804.jpg?resize=120%2C120&#038;ssl=1\" class=\"bdpp-img bdpp-post-feat-img\" alt=\"Ho\u2018oponopono : une m\u00e9ditation de r\u00e9conciliation avec l&rsquo;Univers et avec soi-m\u00eame\" \/>\r\n\t\t\t\t\t\t\t\t\t<\/a>\r\n\t\t\t<\/div>\r\n\t\t<\/div>\r\n\t\t\r\n\t\t<div class=\"bdpp-col-s-8 bdpp-columns\">\r\n\t\t\t\r\n\t\t\t<div class=\"bdpp-post-content-overlay\">\r\n\t\t\t\t<h4 class=\"bdpp-post-title\">\r\n\t\t\t\t\t<a href=\"https:\/\/jrfortin.com\/jrf\/blog\/hooponopono-une-meditation-de-reconciliation-avec-lunivers-et-avec-soi-meme\/\">Ho\u2018oponopono : une m\u00e9ditation de r\u00e9conciliation avec l&rsquo;Univers et avec soi-m\u00eame<\/a>\r\n\t\t\t\t<\/h4>\r\n\r\n\t\t\t\t\t\t\t\t<div class=\"bdpp-post-meta bdpp-post-meta-up\">\r\n\t\t\t\t\t<span class=\"bdpp-post-meta-data bdpp-post-date\"><i class=\"fa fa-clock-o\"><\/i>7 septembre 2021<\/span>\t\t\t\t<\/div>\r\n\t\t\t\t\t\t\t<\/div>\r\n\t\t<\/div>\r\n\t<\/div>\r\n<\/div>\r\n\r\n<div class=\"bdpp-post-gridbox bdpp-post-gridbox-right bdpp-col-2 bdpp-columns bdpp-post-16452 bdpp-post-standard  bdpp-has-thumb\">\r\n\t<div class=\"bdpp-post-grid-content bdpp-clearfix\">\r\n\t\t\t\t<div class=\"bdpp-col-s-4 bdpp-columns\">\r\n\t\t\t<div class=\"bdpp-post-img-bg\">\r\n\t\t\t\t<a href=\"https:\/\/jrfortin.com\/jrf\/blog\/16452\/\">\r\n\t\t\t\t\t<img decoding=\"async\" src=\"https:\/\/i0.wp.com\/jrfortin.com\/jrf\/wp-content\/uploads\/2021\/08\/lion240721-360x240-1.jpg?resize=120%2C120&#038;ssl=1\" class=\"bdpp-img bdpp-post-feat-img\" alt=\"Le Portail du Lion 2021 \u2013 Mise \u00e0 niveau du corps de lumi\u00e8re\" \/>\r\n\t\t\t\t\t\t\t\t\t<\/a>\r\n\t\t\t<\/div>\r\n\t\t<\/div>\r\n\t\t\r\n\t\t<div class=\"bdpp-col-s-8 bdpp-columns\">\r\n\t\t\t\r\n\t\t\t<div class=\"bdpp-post-content-overlay\">\r\n\t\t\t\t<h4 class=\"bdpp-post-title\">\r\n\t\t\t\t\t<a href=\"https:\/\/jrfortin.com\/jrf\/blog\/16452\/\">Le Portail du Lion 2021 \u2013 Mise \u00e0 niveau du corps de lumi\u00e8re<\/a>\r\n\t\t\t\t<\/h4>\r\n\r\n\t\t\t\t\t\t\t\t<div class=\"bdpp-post-meta bdpp-post-meta-up\">\r\n\t\t\t\t\t<span class=\"bdpp-post-meta-data bdpp-post-date\"><i class=\"fa fa-clock-o\"><\/i>8 ao\u00fbt 2021<\/span>\t\t\t\t<\/div>\r\n\t\t\t\t\t\t\t<\/div>\r\n\t\t<\/div>\r\n\t<\/div>\r\n<\/div>\r\n\r\n<div class=\"bdpp-post-gridbox bdpp-post-gridbox-right bdpp-col-2 bdpp-columns bdpp-post-16265 bdpp-post-standard  bdpp-has-thumb\">\r\n\t<div class=\"bdpp-post-grid-content bdpp-clearfix\">\r\n\t\t\t\t<div class=\"bdpp-col-s-4 bdpp-columns\">\r\n\t\t\t<div class=\"bdpp-post-img-bg\">\r\n\t\t\t\t<a href=\"https:\/\/jrfortin.com\/jrf\/blog\/meditation-zen\/\">\r\n\t\t\t\t\t<img decoding=\"async\" src=\"https:\/\/i0.wp.com\/jrfortin.com\/jrf\/wp-content\/uploads\/2021\/02\/ce8ed0487b117abcecb105cabe3c0e47.jpg?resize=120%2C120&#038;ssl=1\" class=\"bdpp-img bdpp-post-feat-img\" alt=\"M\u00e9ditation ZEN\" \/>\r\n\t\t\t\t\t\t\t\t\t<\/a>\r\n\t\t\t<\/div>\r\n\t\t<\/div>\r\n\t\t\r\n\t\t<div class=\"bdpp-col-s-8 bdpp-columns\">\r\n\t\t\t\r\n\t\t\t<div class=\"bdpp-post-content-overlay\">\r\n\t\t\t\t<h4 class=\"bdpp-post-title\">\r\n\t\t\t\t\t<a href=\"https:\/\/jrfortin.com\/jrf\/blog\/meditation-zen\/\">M\u00e9ditation ZEN<\/a>\r\n\t\t\t\t<\/h4>\r\n\r\n\t\t\t\t\t\t\t\t<div class=\"bdpp-post-meta bdpp-post-meta-up\">\r\n\t\t\t\t\t<span class=\"bdpp-post-meta-data bdpp-post-date\"><i class=\"fa fa-clock-o\"><\/i>23 juin 2021<\/span>\t\t\t\t<\/div>\r\n\t\t\t\t\t\t\t<\/div>\r\n\t\t<\/div>\r\n\t<\/div>\r\n<\/div>\r\n\r\n<div class=\"bdpp-post-gridbox bdpp-post-gridbox-right bdpp-col-2 bdpp-columns bdpp-post-16263 bdpp-post-standard  bdpp-has-thumb\">\r\n\t<div class=\"bdpp-post-grid-content bdpp-clearfix\">\r\n\t\t\t\t<div class=\"bdpp-col-s-4 bdpp-columns\">\r\n\t\t\t<div class=\"bdpp-post-img-bg\">\r\n\t\t\t\t<a href=\"https:\/\/jrfortin.com\/jrf\/blog\/meditation-pour-augmenter-la-frequence-vibratoire-corporelle\/\">\r\n\t\t\t\t\t<img decoding=\"async\" src=\"https:\/\/i0.wp.com\/jrfortin.com\/jrf\/wp-content\/uploads\/2021\/04\/158444372_2871987326413435_6299692040020559071_n.jpg?resize=120%2C120&#038;ssl=1\" class=\"bdpp-img bdpp-post-feat-img\" alt=\"M\u00e9ditation pour augmenter la fr\u00e9quence vibratoire\" \/>\r\n\t\t\t\t\t\t\t\t\t<\/a>\r\n\t\t\t<\/div>\r\n\t\t<\/div>\r\n\t\t\r\n\t\t<div class=\"bdpp-col-s-8 bdpp-columns\">\r\n\t\t\t\r\n\t\t\t<div class=\"bdpp-post-content-overlay\">\r\n\t\t\t\t<h4 class=\"bdpp-post-title\">\r\n\t\t\t\t\t<a href=\"https:\/\/jrfortin.com\/jrf\/blog\/meditation-pour-augmenter-la-frequence-vibratoire-corporelle\/\">M\u00e9ditation pour augmenter la fr\u00e9quence vibratoire<\/a>\r\n\t\t\t\t<\/h4>\r\n\r\n\t\t\t\t\t\t\t\t<div class=\"bdpp-post-meta bdpp-post-meta-up\">\r\n\t\t\t\t\t<span class=\"bdpp-post-meta-data bdpp-post-date\"><i class=\"fa fa-clock-o\"><\/i>11 juin 2021<\/span>\t\t\t\t<\/div>\r\n\t\t\t\t\t\t\t<\/div>\r\n\t\t<\/div>\r\n\t<\/div>\r\n<\/div>\r\n\r\n<div class=\"bdpp-post-gridbox bdpp-post-gridbox-right bdpp-col-2 bdpp-columns bdpp-post-16261 bdpp-post-standard  bdpp-has-thumb\">\r\n\t<div class=\"bdpp-post-grid-content bdpp-clearfix\">\r\n\t\t\t\t<div class=\"bdpp-col-s-4 bdpp-columns\">\r\n\t\t\t<div class=\"bdpp-post-img-bg\">\r\n\t\t\t\t<a href=\"https:\/\/jrfortin.com\/jrf\/blog\/demonstrations-film-de-pratiques-esoteriques-par-shihan-jean-rock-fortin\/\">\r\n\t\t\t\t\t<img decoding=\"async\" src=\"https:\/\/i0.wp.com\/jrfortin.com\/jrf\/wp-content\/uploads\/2021\/06\/anime_all_male_forest_himura_k-Samurai.png?resize=120%2C120&#038;ssl=1\" class=\"bdpp-img bdpp-post-feat-img\" alt=\"D\u00e9monstrations (film) de pratiques de BUDO \u00e9sot\u00e9riques par Shihan Jean-Rock Fortin\" \/>\r\n\t\t\t\t\t\t\t\t\t<\/a>\r\n\t\t\t<\/div>\r\n\t\t<\/div>\r\n\t\t\r\n\t\t<div class=\"bdpp-col-s-8 bdpp-columns\">\r\n\t\t\t\r\n\t\t\t<div class=\"bdpp-post-content-overlay\">\r\n\t\t\t\t<h4 class=\"bdpp-post-title\">\r\n\t\t\t\t\t<a href=\"https:\/\/jrfortin.com\/jrf\/blog\/demonstrations-film-de-pratiques-esoteriques-par-shihan-jean-rock-fortin\/\">D\u00e9monstrations (film) de pratiques de BUDO \u00e9sot\u00e9riques par Shihan Jean-Rock Fortin<\/a>\r\n\t\t\t\t<\/h4>\r\n\r\n\t\t\t\t\t\t\t\t<div class=\"bdpp-post-meta bdpp-post-meta-up\">\r\n\t\t\t\t\t<span class=\"bdpp-post-meta-data bdpp-post-date\"><i class=\"fa fa-clock-o\"><\/i>11 juin 2021<\/span>\t\t\t\t<\/div>\r\n\t\t\t\t\t\t\t<\/div>\r\n\t\t<\/div>\r\n\t<\/div>\r\n<\/div>\r\n\r\n<div class=\"bdpp-post-gridbox bdpp-post-gridbox-right bdpp-col-2 bdpp-columns bdpp-post-16288 bdpp-post-standard  bdpp-has-thumb\">\r\n\t<div class=\"bdpp-post-grid-content bdpp-clearfix\">\r\n\t\t\t\t<div class=\"bdpp-col-s-4 bdpp-columns\">\r\n\t\t\t<div class=\"bdpp-post-img-bg\">\r\n\t\t\t\t<a href=\"https:\/\/jrfortin.com\/jrf\/blog\/magnifiques-pieces-musicales-pour-meditation\/\">\r\n\t\t\t\t\t<img decoding=\"async\" src=\"https:\/\/i0.wp.com\/jrfortin.com\/jrf\/wp-content\/uploads\/2021\/06\/b-zen-scaled-1.png?resize=120%2C120&#038;ssl=1\" class=\"bdpp-img bdpp-post-feat-img\" alt=\"Magnifiques pi\u00e8ces musicales pour m\u00e9ditation\" \/>\r\n\t\t\t\t\t\t\t\t\t<\/a>\r\n\t\t\t<\/div>\r\n\t\t<\/div>\r\n\t\t\r\n\t\t<div class=\"bdpp-col-s-8 bdpp-columns\">\r\n\t\t\t\r\n\t\t\t<div class=\"bdpp-post-content-overlay\">\r\n\t\t\t\t<h4 class=\"bdpp-post-title\">\r\n\t\t\t\t\t<a href=\"https:\/\/jrfortin.com\/jrf\/blog\/magnifiques-pieces-musicales-pour-meditation\/\">Magnifiques pi\u00e8ces musicales pour m\u00e9ditation<\/a>\r\n\t\t\t\t<\/h4>\r\n\r\n\t\t\t\t\t\t\t\t<div class=\"bdpp-post-meta bdpp-post-meta-up\">\r\n\t\t\t\t\t<span class=\"bdpp-post-meta-data bdpp-post-date\"><i class=\"fa fa-clock-o\"><\/i>11 juin 2021<\/span>\t\t\t\t<\/div>\r\n\t\t\t\t\t\t\t<\/div>\r\n\t\t<\/div>\r\n\t<\/div>\r\n<\/div>\r\n\r\n<div class=\"bdpp-post-gridbox bdpp-post-gridbox-right bdpp-col-2 bdpp-columns bdpp-post-16253 bdpp-post-standard  bdpp-has-thumb\">\r\n\t<div class=\"bdpp-post-grid-content bdpp-clearfix\">\r\n\t\t\t\t<div class=\"bdpp-col-s-4 bdpp-columns\">\r\n\t\t\t<div class=\"bdpp-post-img-bg\">\r\n\t\t\t\t<a href=\"https:\/\/jrfortin.com\/jrf\/blog\/meditation-guidee-therapeutique-shihan-jean-rock-fortin\/\">\r\n\t\t\t\t\t<img decoding=\"async\" src=\"https:\/\/i0.wp.com\/jrfortin.com\/jrf\/wp-content\/uploads\/2021\/06\/voie_lactee_20130706.png?resize=120%2C120&#038;ssl=1\" class=\"bdpp-img bdpp-post-feat-img\" alt=\"M\u00e9ditation guid\u00e9e th\u00e9rapeutique (Shihan Jean-Rock Fortin)\" \/>\r\n\t\t\t\t\t\t\t\t\t<\/a>\r\n\t\t\t<\/div>\r\n\t\t<\/div>\r\n\t\t\r\n\t\t<div class=\"bdpp-col-s-8 bdpp-columns\">\r\n\t\t\t\r\n\t\t\t<div class=\"bdpp-post-content-overlay\">\r\n\t\t\t\t<h4 class=\"bdpp-post-title\">\r\n\t\t\t\t\t<a href=\"https:\/\/jrfortin.com\/jrf\/blog\/meditation-guidee-therapeutique-shihan-jean-rock-fortin\/\">M\u00e9ditation guid\u00e9e th\u00e9rapeutique (Shihan Jean-Rock Fortin)<\/a>\r\n\t\t\t\t<\/h4>\r\n\r\n\t\t\t\t\t\t\t\t<div class=\"bdpp-post-meta bdpp-post-meta-up\">\r\n\t\t\t\t\t<span class=\"bdpp-post-meta-data bdpp-post-date\"><i class=\"fa fa-clock-o\"><\/i>11 juin 2021<\/span>\t\t\t\t<\/div>\r\n\t\t\t\t\t\t\t<\/div>\r\n\t\t<\/div>\r\n\t<\/div>\r\n<\/div>\r\n\r\n<div class=\"bdpp-post-gridbox bdpp-post-gridbox-right bdpp-col-2 bdpp-columns bdpp-post-16249 bdpp-post-standard  bdpp-has-thumb\">\r\n\t<div class=\"bdpp-post-grid-content bdpp-clearfix\">\r\n\t\t\t\t<div class=\"bdpp-col-s-4 bdpp-columns\">\r\n\t\t\t<div class=\"bdpp-post-img-bg\">\r\n\t\t\t\t<a href=\"https:\/\/jrfortin.com\/jrf\/blog\/manifester-son-pouvoir-dintention-pour-modifier-la-realite\/\">\r\n\t\t\t\t\t<img decoding=\"async\" src=\"https:\/\/i0.wp.com\/jrfortin.com\/jrf\/wp-content\/uploads\/2021\/06\/voie_lactee_20130706-1.png?resize=120%2C120&#038;ssl=1\" class=\"bdpp-img bdpp-post-feat-img\" alt=\"Manifester son pouvoir d&rsquo;intention pour modifier la r\u00e9alit\u00e9\" \/>\r\n\t\t\t\t\t\t\t\t\t<\/a>\r\n\t\t\t<\/div>\r\n\t\t<\/div>\r\n\t\t\r\n\t\t<div class=\"bdpp-col-s-8 bdpp-columns\">\r\n\t\t\t\r\n\t\t\t<div class=\"bdpp-post-content-overlay\">\r\n\t\t\t\t<h4 class=\"bdpp-post-title\">\r\n\t\t\t\t\t<a href=\"https:\/\/jrfortin.com\/jrf\/blog\/manifester-son-pouvoir-dintention-pour-modifier-la-realite\/\">Manifester son pouvoir d&rsquo;intention pour modifier la r\u00e9alit\u00e9<\/a>\r\n\t\t\t\t<\/h4>\r\n\r\n\t\t\t\t\t\t\t\t<div class=\"bdpp-post-meta bdpp-post-meta-up\">\r\n\t\t\t\t\t<span class=\"bdpp-post-meta-data bdpp-post-date\"><i class=\"fa fa-clock-o\"><\/i>11 juin 2021<\/span>\t\t\t\t<\/div>\r\n\t\t\t\t\t\t\t<\/div>\r\n\t\t<\/div>\r\n\t<\/div>\r\n<\/div>\r\n\r\n<div class=\"bdpp-post-gridbox bdpp-post-gridbox-right bdpp-col-2 bdpp-columns bdpp-post-16247 bdpp-post-standard  bdpp-has-thumb\">\r\n\t<div class=\"bdpp-post-grid-content bdpp-clearfix\">\r\n\t\t\t\t<div class=\"bdpp-col-s-4 bdpp-columns\">\r\n\t\t\t<div class=\"bdpp-post-img-bg\">\r\n\t\t\t\t<a href=\"https:\/\/jrfortin.com\/jrf\/blog\/meditation-de-la-respiration-consciente\/\">\r\n\t\t\t\t\t<img decoding=\"async\" src=\"https:\/\/i0.wp.com\/jrfortin.com\/jrf\/wp-content\/uploads\/2021\/06\/118931354_3296188657155185_124533391707667569_n.png?resize=120%2C120&#038;ssl=1\" class=\"bdpp-img bdpp-post-feat-img\" alt=\"M\u00e9ditations vari\u00e9es et inspirantes\" \/>\r\n\t\t\t\t\t\t\t\t\t<\/a>\r\n\t\t\t<\/div>\r\n\t\t<\/div>\r\n\t\t\r\n\t\t<div class=\"bdpp-col-s-8 bdpp-columns\">\r\n\t\t\t\r\n\t\t\t<div class=\"bdpp-post-content-overlay\">\r\n\t\t\t\t<h4 class=\"bdpp-post-title\">\r\n\t\t\t\t\t<a href=\"https:\/\/jrfortin.com\/jrf\/blog\/meditation-de-la-respiration-consciente\/\">M\u00e9ditations vari\u00e9es et inspirantes<\/a>\r\n\t\t\t\t<\/h4>\r\n\r\n\t\t\t\t\t\t\t\t<div class=\"bdpp-post-meta bdpp-post-meta-up\">\r\n\t\t\t\t\t<span class=\"bdpp-post-meta-data bdpp-post-date\"><i class=\"fa fa-clock-o\"><\/i>11 juin 2021<\/span>\t\t\t\t<\/div>\r\n\t\t\t\t\t\t\t<\/div>\r\n\t\t<\/div>\r\n\t<\/div>\r\n<\/div>\r\n\r\n<div class=\"bdpp-post-gridbox bdpp-post-gridbox-right bdpp-col-2 bdpp-columns bdpp-post-16245 bdpp-post-standard  bdpp-has-thumb\">\r\n\t<div class=\"bdpp-post-grid-content bdpp-clearfix\">\r\n\t\t\t\t<div class=\"bdpp-col-s-4 bdpp-columns\">\r\n\t\t\t<div class=\"bdpp-post-img-bg\">\r\n\t\t\t\t<a href=\"https:\/\/jrfortin.com\/jrf\/blog\/meditation-pour-franchir-le-passage-maintenant\/\">\r\n\t\t\t\t\t<img decoding=\"async\" src=\"https:\/\/i0.wp.com\/jrfortin.com\/jrf\/wp-content\/uploads\/2021\/06\/porte.png?resize=120%2C120&#038;ssl=1\" class=\"bdpp-img bdpp-post-feat-img\" alt=\"M\u00e9ditation pour franchir le passage maintenant\" \/>\r\n\t\t\t\t\t\t\t\t\t<\/a>\r\n\t\t\t<\/div>\r\n\t\t<\/div>\r\n\t\t\r\n\t\t<div class=\"bdpp-col-s-8 bdpp-columns\">\r\n\t\t\t\r\n\t\t\t<div class=\"bdpp-post-content-overlay\">\r\n\t\t\t\t<h4 class=\"bdpp-post-title\">\r\n\t\t\t\t\t<a href=\"https:\/\/jrfortin.com\/jrf\/blog\/meditation-pour-franchir-le-passage-maintenant\/\">M\u00e9ditation pour franchir le passage maintenant<\/a>\r\n\t\t\t\t<\/h4>\r\n\r\n\t\t\t\t\t\t\t\t<div class=\"bdpp-post-meta bdpp-post-meta-up\">\r\n\t\t\t\t\t<span class=\"bdpp-post-meta-data bdpp-post-date\"><i class=\"fa fa-clock-o\"><\/i>11 juin 2021<\/span>\t\t\t\t<\/div>\r\n\t\t\t\t\t\t\t<\/div>\r\n\t\t<\/div>\r\n\t<\/div>\r\n<\/div>\r\n\r\n<div class=\"bdpp-post-gridbox bdpp-post-gridbox-right bdpp-col-2 bdpp-columns bdpp-post-16243 bdpp-post-standard  bdpp-has-thumb\">\r\n\t<div class=\"bdpp-post-grid-content bdpp-clearfix\">\r\n\t\t\t\t<div class=\"bdpp-col-s-4 bdpp-columns\">\r\n\t\t\t<div class=\"bdpp-post-img-bg\">\r\n\t\t\t\t<a href=\"https:\/\/jrfortin.com\/jrf\/blog\/lalignement-des-quatre-corps-pour-lascension-jasmueen\/\">\r\n\t\t\t\t\t<img decoding=\"async\" src=\"https:\/\/i0.wp.com\/jrfortin.com\/jrf\/wp-content\/uploads\/2021\/06\/heart.png?resize=120%2C120&#038;ssl=1\" class=\"bdpp-img bdpp-post-feat-img\" alt=\"L&rsquo;alignement des quatre corps pour l&rsquo;ascension (Jasmueen)\" \/>\r\n\t\t\t\t\t\t\t\t\t<\/a>\r\n\t\t\t<\/div>\r\n\t\t<\/div>\r\n\t\t\r\n\t\t<div class=\"bdpp-col-s-8 bdpp-columns\">\r\n\t\t\t\r\n\t\t\t<div class=\"bdpp-post-content-overlay\">\r\n\t\t\t\t<h4 class=\"bdpp-post-title\">\r\n\t\t\t\t\t<a href=\"https:\/\/jrfortin.com\/jrf\/blog\/lalignement-des-quatre-corps-pour-lascension-jasmueen\/\">L&rsquo;alignement des quatre corps pour l&rsquo;ascension (Jasmueen)<\/a>\r\n\t\t\t\t<\/h4>\r\n\r\n\t\t\t\t\t\t\t\t<div class=\"bdpp-post-meta bdpp-post-meta-up\">\r\n\t\t\t\t\t<span class=\"bdpp-post-meta-data bdpp-post-date\"><i class=\"fa fa-clock-o\"><\/i>11 juin 2021<\/span>\t\t\t\t<\/div>\r\n\t\t\t\t\t\t\t<\/div>\r\n\t\t<\/div>\r\n\t<\/div>\r\n<\/div>\r\n\r\n<div class=\"bdpp-post-gridbox bdpp-post-gridbox-right bdpp-col-2 bdpp-columns bdpp-post-16241 bdpp-post-standard  bdpp-has-thumb\">\r\n\t<div class=\"bdpp-post-grid-content bdpp-clearfix\">\r\n\t\t\t\t<div class=\"bdpp-col-s-4 bdpp-columns\">\r\n\t\t\t<div class=\"bdpp-post-img-bg\">\r\n\t\t\t\t<a href=\"https:\/\/jrfortin.com\/jrf\/blog\/meditation-guerir-pour-realiser-lascension\/\">\r\n\t\t\t\t\t<img decoding=\"async\" src=\"https:\/\/i0.wp.com\/jrfortin.com\/jrf\/wp-content\/uploads\/2021\/06\/640x640_13129794.png?resize=120%2C120&#038;ssl=1\" class=\"bdpp-img bdpp-post-feat-img\" alt=\"M\u00e9ditation : Gu\u00e9rir pour r\u00e9aliser l&rsquo;ascension\" \/>\r\n\t\t\t\t\t\t\t\t\t<\/a>\r\n\t\t\t<\/div>\r\n\t\t<\/div>\r\n\t\t\r\n\t\t<div class=\"bdpp-col-s-8 bdpp-columns\">\r\n\t\t\t\r\n\t\t\t<div class=\"bdpp-post-content-overlay\">\r\n\t\t\t\t<h4 class=\"bdpp-post-title\">\r\n\t\t\t\t\t<a href=\"https:\/\/jrfortin.com\/jrf\/blog\/meditation-guerir-pour-realiser-lascension\/\">M\u00e9ditation : Gu\u00e9rir pour r\u00e9aliser l&rsquo;ascension<\/a>\r\n\t\t\t\t<\/h4>\r\n\r\n\t\t\t\t\t\t\t\t<div class=\"bdpp-post-meta bdpp-post-meta-up\">\r\n\t\t\t\t\t<span class=\"bdpp-post-meta-data bdpp-post-date\"><i class=\"fa fa-clock-o\"><\/i>11 juin 2021<\/span>\t\t\t\t<\/div>\r\n\t\t\t\t\t\t\t<\/div>\r\n\t\t<\/div>\r\n\t<\/div>\r\n<\/div>\r\n\r\n<div class=\"bdpp-post-gridbox bdpp-post-gridbox-right bdpp-col-2 bdpp-columns bdpp-post-16232 bdpp-post-standard  bdpp-has-thumb\">\r\n\t<div class=\"bdpp-post-grid-content bdpp-clearfix\">\r\n\t\t\t\t<div class=\"bdpp-col-s-4 bdpp-columns\">\r\n\t\t\t<div class=\"bdpp-post-img-bg\">\r\n\t\t\t\t<a href=\"https:\/\/jrfortin.com\/jrf\/blog\/quelques-citations-et-reflexions-pour-mediter\/\">\r\n\t\t\t\t\t<img decoding=\"async\" src=\"https:\/\/i0.wp.com\/jrfortin.com\/jrf\/wp-content\/uploads\/2021\/06\/cropped-MQ-2-d63ec-08b04.png?resize=120%2C120&#038;ssl=1\" class=\"bdpp-img bdpp-post-feat-img\" alt=\"Quelques citations et r\u00e9flexions pour m\u00e9diter\" \/>\r\n\t\t\t\t\t\t\t\t\t<\/a>\r\n\t\t\t<\/div>\r\n\t\t<\/div>\r\n\t\t\r\n\t\t<div class=\"bdpp-col-s-8 bdpp-columns\">\r\n\t\t\t\r\n\t\t\t<div class=\"bdpp-post-content-overlay\">\r\n\t\t\t\t<h4 class=\"bdpp-post-title\">\r\n\t\t\t\t\t<a href=\"https:\/\/jrfortin.com\/jrf\/blog\/quelques-citations-et-reflexions-pour-mediter\/\">Quelques citations et r\u00e9flexions pour m\u00e9diter<\/a>\r\n\t\t\t\t<\/h4>\r\n\r\n\t\t\t\t\t\t\t\t<div class=\"bdpp-post-meta bdpp-post-meta-up\">\r\n\t\t\t\t\t<span class=\"bdpp-post-meta-data bdpp-post-date\"><i class=\"fa fa-clock-o\"><\/i>11 juin 2021<\/span>\t\t\t\t<\/div>\r\n\t\t\t\t\t\t\t<\/div>\r\n\t\t<\/div>\r\n\t<\/div>\r\n<\/div>\r\n\r\n<div class=\"bdpp-post-gridbox bdpp-post-gridbox-right bdpp-col-2 bdpp-columns bdpp-post-16230 bdpp-post-standard  bdpp-has-thumb\">\r\n\t<div class=\"bdpp-post-grid-content bdpp-clearfix\">\r\n\t\t\t\t<div class=\"bdpp-col-s-4 bdpp-columns\">\r\n\t\t\t<div class=\"bdpp-post-img-bg\">\r\n\t\t\t\t<a href=\"https:\/\/jrfortin.com\/jrf\/blog\/la-carte-spirituelle-du-guerrier\/\">\r\n\t\t\t\t\t<img decoding=\"async\" src=\"https:\/\/i0.wp.com\/jrfortin.com\/jrf\/wp-content\/uploads\/2021\/06\/41111492_2149411035072124_8975917685074296832_n-1.png?resize=120%2C120&#038;ssl=1\" class=\"bdpp-img bdpp-post-feat-img\" alt=\"La carte spirituelle du guerrier de lumi\u00e8re\" \/>\r\n\t\t\t\t\t\t\t\t\t<\/a>\r\n\t\t\t<\/div>\r\n\t\t<\/div>\r\n\t\t\r\n\t\t<div class=\"bdpp-col-s-8 bdpp-columns\">\r\n\t\t\t\r\n\t\t\t<div class=\"bdpp-post-content-overlay\">\r\n\t\t\t\t<h4 class=\"bdpp-post-title\">\r\n\t\t\t\t\t<a href=\"https:\/\/jrfortin.com\/jrf\/blog\/la-carte-spirituelle-du-guerrier\/\">La carte spirituelle du guerrier de lumi\u00e8re<\/a>\r\n\t\t\t\t<\/h4>\r\n\r\n\t\t\t\t\t\t\t\t<div class=\"bdpp-post-meta bdpp-post-meta-up\">\r\n\t\t\t\t\t<span class=\"bdpp-post-meta-data bdpp-post-date\"><i class=\"fa fa-clock-o\"><\/i>11 juin 2021<\/span>\t\t\t\t<\/div>\r\n\t\t\t\t\t\t\t<\/div>\r\n\t\t<\/div>\r\n\t<\/div>\r\n<\/div>\r\n\r\n<div class=\"bdpp-post-gridbox bdpp-post-gridbox-right bdpp-col-2 bdpp-columns bdpp-post-16223 bdpp-post-standard  bdpp-has-thumb\">\r\n\t<div class=\"bdpp-post-grid-content bdpp-clearfix\">\r\n\t\t\t\t<div class=\"bdpp-col-s-4 bdpp-columns\">\r\n\t\t\t<div class=\"bdpp-post-img-bg\">\r\n\t\t\t\t<a href=\"https:\/\/jrfortin.com\/jrf\/blog\/meditation-avec-mantras\/\">\r\n\t\t\t\t\t<img decoding=\"async\" src=\"https:\/\/i0.wp.com\/jrfortin.com\/jrf\/wp-content\/uploads\/2021\/06\/soleil-scaled-1.png?resize=120%2C120&#038;ssl=1\" class=\"bdpp-img bdpp-post-feat-img\" alt=\"Deux M\u00e9ditations avec mantras : \u00ab ENN-NIOU \u00bb et \u00ab Prana Apana \u00bb\" \/>\r\n\t\t\t\t\t\t\t\t\t<\/a>\r\n\t\t\t<\/div>\r\n\t\t<\/div>\r\n\t\t\r\n\t\t<div class=\"bdpp-col-s-8 bdpp-columns\">\r\n\t\t\t\r\n\t\t\t<div class=\"bdpp-post-content-overlay\">\r\n\t\t\t\t<h4 class=\"bdpp-post-title\">\r\n\t\t\t\t\t<a href=\"https:\/\/jrfortin.com\/jrf\/blog\/meditation-avec-mantras\/\">Deux M\u00e9ditations avec mantras : \u00ab ENN-NIOU \u00bb et \u00ab Prana Apana \u00bb<\/a>\r\n\t\t\t\t<\/h4>\r\n\r\n\t\t\t\t\t\t\t\t<div class=\"bdpp-post-meta bdpp-post-meta-up\">\r\n\t\t\t\t\t<span class=\"bdpp-post-meta-data bdpp-post-date\"><i class=\"fa fa-clock-o\"><\/i>11 juin 2021<\/span>\t\t\t\t<\/div>\r\n\t\t\t\t\t\t\t<\/div>\r\n\t\t<\/div>\r\n\t<\/div>\r\n<\/div>\r\n\r\n<div class=\"bdpp-post-gridbox bdpp-post-gridbox-right bdpp-col-2 bdpp-columns bdpp-post-16220 bdpp-post-standard  bdpp-has-thumb\">\r\n\t<div class=\"bdpp-post-grid-content bdpp-clearfix\">\r\n\t\t\t\t<div class=\"bdpp-col-s-4 bdpp-columns\">\r\n\t\t\t<div class=\"bdpp-post-img-bg\">\r\n\t\t\t\t<a href=\"https:\/\/jrfortin.com\/jrf\/blog\/meditation-dinvocation-universelle-de-liberte\/\">\r\n\t\t\t\t\t<img decoding=\"async\" src=\"https:\/\/i0.wp.com\/jrfortin.com\/jrf\/wp-content\/uploads\/2021\/06\/119109431_10223723432536391_5004822319802002065_n-2-1.png?resize=120%2C120&#038;ssl=1\" class=\"bdpp-img bdpp-post-feat-img\" alt=\"M\u00e9ditation d&rsquo;invocation universelle de libert\u00e9\" \/>\r\n\t\t\t\t\t\t\t\t\t<\/a>\r\n\t\t\t<\/div>\r\n\t\t<\/div>\r\n\t\t\r\n\t\t<div class=\"bdpp-col-s-8 bdpp-columns\">\r\n\t\t\t\r\n\t\t\t<div class=\"bdpp-post-content-overlay\">\r\n\t\t\t\t<h4 class=\"bdpp-post-title\">\r\n\t\t\t\t\t<a href=\"https:\/\/jrfortin.com\/jrf\/blog\/meditation-dinvocation-universelle-de-liberte\/\">M\u00e9ditation d&rsquo;invocation universelle de libert\u00e9<\/a>\r\n\t\t\t\t<\/h4>\r\n\r\n\t\t\t\t\t\t\t\t<div class=\"bdpp-post-meta bdpp-post-meta-up\">\r\n\t\t\t\t\t<span class=\"bdpp-post-meta-data bdpp-post-date\"><i class=\"fa fa-clock-o\"><\/i>11 juin 2021<\/span>\t\t\t\t<\/div>\r\n\t\t\t\t\t\t\t<\/div>\r\n\t\t<\/div>\r\n\t<\/div>\r\n<\/div>\r\n\r\n<div class=\"bdpp-post-gridbox bdpp-post-gridbox-right bdpp-col-2 bdpp-columns bdpp-post-16210 bdpp-post-standard  bdpp-has-thumb\">\r\n\t<div class=\"bdpp-post-grid-content bdpp-clearfix\">\r\n\t\t\t\t<div class=\"bdpp-col-s-4 bdpp-columns\">\r\n\t\t\t<div class=\"bdpp-post-img-bg\">\r\n\t\t\t\t<a href=\"https:\/\/jrfortin.com\/jrf\/blog\/quelques-formidables-meditations-guidees\/\">\r\n\t\t\t\t\t<img decoding=\"async\" src=\"https:\/\/i0.wp.com\/jrfortin.com\/jrf\/wp-content\/uploads\/2021\/06\/145343937_1536720006519252_6735302736842101338_o.jpg?resize=120%2C120&#038;ssl=1\" class=\"bdpp-img bdpp-post-feat-img\" alt=\"Quelques formidables m\u00e9ditations guid\u00e9es\" \/>\r\n\t\t\t\t\t\t\t\t\t<\/a>\r\n\t\t\t<\/div>\r\n\t\t<\/div>\r\n\t\t\r\n\t\t<div class=\"bdpp-col-s-8 bdpp-columns\">\r\n\t\t\t\r\n\t\t\t<div class=\"bdpp-post-content-overlay\">\r\n\t\t\t\t<h4 class=\"bdpp-post-title\">\r\n\t\t\t\t\t<a href=\"https:\/\/jrfortin.com\/jrf\/blog\/quelques-formidables-meditations-guidees\/\">Quelques formidables m\u00e9ditations guid\u00e9es<\/a>\r\n\t\t\t\t<\/h4>\r\n\r\n\t\t\t\t\t\t\t\t<div class=\"bdpp-post-meta bdpp-post-meta-up\">\r\n\t\t\t\t\t<span class=\"bdpp-post-meta-data bdpp-post-date\"><i class=\"fa fa-clock-o\"><\/i>10 juin 2021<\/span>\t\t\t\t<\/div>\r\n\t\t\t\t\t\t\t<\/div>\r\n\t\t<\/div>\r\n\t<\/div>\r\n<\/div>\r\n\r\n<div class=\"bdpp-post-gridbox bdpp-post-gridbox-right bdpp-col-2 bdpp-columns bdpp-post-16204 bdpp-post-standard  bdpp-has-thumb\">\r\n\t<div class=\"bdpp-post-grid-content bdpp-clearfix\">\r\n\t\t\t\t<div class=\"bdpp-col-s-4 bdpp-columns\">\r\n\t\t\t<div class=\"bdpp-post-img-bg\">\r\n\t\t\t\t<a href=\"https:\/\/jrfortin.com\/jrf\/blog\/conferences-sur-la-meditation-et-le-monde-quantique\/\">\r\n\t\t\t\t\t<img decoding=\"async\" src=\"https:\/\/i0.wp.com\/jrfortin.com\/jrf\/wp-content\/uploads\/2021\/06\/fleur-2.png?resize=120%2C120&#038;ssl=1\" class=\"bdpp-img bdpp-post-feat-img\" alt=\"Conf\u00e9rences sur la m\u00e9ditation, le monde quantique et le Tao\" \/>\r\n\t\t\t\t\t\t\t\t\t<\/a>\r\n\t\t\t<\/div>\r\n\t\t<\/div>\r\n\t\t\r\n\t\t<div class=\"bdpp-col-s-8 bdpp-columns\">\r\n\t\t\t\r\n\t\t\t<div class=\"bdpp-post-content-overlay\">\r\n\t\t\t\t<h4 class=\"bdpp-post-title\">\r\n\t\t\t\t\t<a href=\"https:\/\/jrfortin.com\/jrf\/blog\/conferences-sur-la-meditation-et-le-monde-quantique\/\">Conf\u00e9rences sur la m\u00e9ditation, le monde quantique et le Tao<\/a>\r\n\t\t\t\t<\/h4>\r\n\r\n\t\t\t\t\t\t\t\t<div class=\"bdpp-post-meta bdpp-post-meta-up\">\r\n\t\t\t\t\t<span class=\"bdpp-post-meta-data bdpp-post-date\"><i class=\"fa fa-clock-o\"><\/i>10 juin 2021<\/span>\t\t\t\t<\/div>\r\n\t\t\t\t\t\t\t<\/div>\r\n\t\t<\/div>\r\n\t<\/div>\r\n<\/div>\r\n\r\n<div class=\"bdpp-post-gridbox bdpp-post-gridbox-right bdpp-col-2 bdpp-columns bdpp-post-16193 bdpp-post-standard  bdpp-has-thumb\">\r\n\t<div class=\"bdpp-post-grid-content bdpp-clearfix\">\r\n\t\t\t\t<div class=\"bdpp-col-s-4 bdpp-columns\">\r\n\t\t\t<div class=\"bdpp-post-img-bg\">\r\n\t\t\t\t<a href=\"https:\/\/jrfortin.com\/jrf\/blog\/8-de-petits-extraits-inspirants-du-livre-ki-le-chemin-de-leveil-a-propos-de-la-meditation\/\">\r\n\t\t\t\t\t<img decoding=\"async\" src=\"https:\/\/i0.wp.com\/jrfortin.com\/jrf\/wp-content\/uploads\/2020\/07\/ki-le-chemin.jpg?resize=120%2C120&#038;ssl=1\" class=\"bdpp-img bdpp-post-feat-img\" alt=\"De petits extraits inspirants du livre \u00ab Ki &#8211; Le Chemin de l&rsquo;\u00c9veil \u00bb \u00e0-propos de la m\u00e9ditation\" \/>\r\n\t\t\t\t\t\t\t\t\t<\/a>\r\n\t\t\t<\/div>\r\n\t\t<\/div>\r\n\t\t\r\n\t\t<div class=\"bdpp-col-s-8 bdpp-columns\">\r\n\t\t\t\r\n\t\t\t<div class=\"bdpp-post-content-overlay\">\r\n\t\t\t\t<h4 class=\"bdpp-post-title\">\r\n\t\t\t\t\t<a href=\"https:\/\/jrfortin.com\/jrf\/blog\/8-de-petits-extraits-inspirants-du-livre-ki-le-chemin-de-leveil-a-propos-de-la-meditation\/\">De petits extraits inspirants du livre \u00ab Ki &#8211; Le Chemin de l&rsquo;\u00c9veil \u00bb \u00e0-propos de la m\u00e9ditation<\/a>\r\n\t\t\t\t<\/h4>\r\n\r\n\t\t\t\t\t\t\t\t<div class=\"bdpp-post-meta bdpp-post-meta-up\">\r\n\t\t\t\t\t<span class=\"bdpp-post-meta-data bdpp-post-date\"><i class=\"fa fa-clock-o\"><\/i>8 juin 2021<\/span>\t\t\t\t<\/div>\r\n\t\t\t\t\t\t\t<\/div>\r\n\t\t<\/div>\r\n\t<\/div>\r\n<\/div>\r\n\r\n<div class=\"bdpp-post-gridbox bdpp-post-gridbox-right bdpp-col-2 bdpp-columns bdpp-post-8849 bdpp-post-gallery  bdpp-has-thumb\">\r\n\t<div class=\"bdpp-post-grid-content bdpp-clearfix\">\r\n\t\t\t\t<div class=\"bdpp-col-s-4 bdpp-columns\">\r\n\t\t\t<div class=\"bdpp-post-img-bg\">\r\n\t\t\t\t<a href=\"https:\/\/jrfortin.com\/jrf\/blog\/le-zen-des-pratiques-erronees-attention\/\">\r\n\t\t\t\t\t<img decoding=\"async\" src=\"https:\/\/i0.wp.com\/jrfortin.com\/jrf\/wp-content\/uploads\/2017\/12\/Position-de-meditation-Yoga.png?resize=120%2C120&#038;ssl=1\" class=\"bdpp-img bdpp-post-feat-img\" alt=\"Le Zen des pratiques erron\u00e9es : ATTENTION&#8230;\" \/>\r\n\t\t\t\t\t\t\t\t\t<\/a>\r\n\t\t\t<\/div>\r\n\t\t<\/div>\r\n\t\t\r\n\t\t<div class=\"bdpp-col-s-8 bdpp-columns\">\r\n\t\t\t\r\n\t\t\t<div class=\"bdpp-post-content-overlay\">\r\n\t\t\t\t<h4 class=\"bdpp-post-title\">\r\n\t\t\t\t\t<a href=\"https:\/\/jrfortin.com\/jrf\/blog\/le-zen-des-pratiques-erronees-attention\/\">Le Zen des pratiques erron\u00e9es : ATTENTION&#8230;<\/a>\r\n\t\t\t\t<\/h4>\r\n\r\n\t\t\t\t\t\t\t\t<div class=\"bdpp-post-meta bdpp-post-meta-up\">\r\n\t\t\t\t\t<span class=\"bdpp-post-meta-data bdpp-post-date\"><i class=\"fa fa-clock-o\"><\/i>30 d\u00e9cembre 2017<\/span>\t\t\t\t<\/div>\r\n\t\t\t\t\t\t\t<\/div>\r\n\t\t<\/div>\r\n\t<\/div>\r\n<\/div>\r\n\t<\/div>\r\n\t<\/div><\/p>\n","protected":false},"excerpt":{"rendered":"<p>Bienvenue \u00e0 notre activit\u00e9 m\u00e9ditative ! Cette page\u2026<\/p>\n<p> <a class=\"continue-reading-link\" href=\"https:\/\/jrfortin.com\/jrf\/blog\/le-zen-des-pratiques-erronees-attention\/\"><span>continuez la lecture<\/span><i class=\"crycon-right-dir\"><\/i><\/a> <\/p>\n","protected":false},"author":1,"featured_media":0,"parent":0,"menu_order":0,"comment_status":"closed","ping_status":"closed","template":"templates\/template-onecolumn.php","meta":{"footnotes":""},"class_list":["post-16270","page","type-page","status-publish","hentry"],"yoast_head":"<!-- This site is optimized with the Yoast SEO plugin v26.7 - https:\/\/yoast.com\/wordpress\/plugins\/seo\/ -->\n<title>M\u00e9ditations collectives en conscience - Dojo du Nouveau Monde<\/title>\n<meta name=\"robots\" content=\"index, follow, max-snippet:-1, max-image-preview:large, max-video-preview:-1\" \/>\n<link rel=\"canonical\" href=\"https:\/\/jrfortin.com\/jrf\/16270-2\/\" \/>\n<meta property=\"og:locale\" content=\"fr_FR\" \/>\n<meta property=\"og:type\" content=\"article\" \/>\n<meta property=\"og:title\" content=\"M\u00e9ditations collectives en conscience - Dojo du Nouveau Monde\" \/>\n<meta property=\"og:description\" content=\"Bienvenue \u00e0 notre activit\u00e9 m\u00e9ditative ! Cette page\u2026 continuez la lecture\" \/>\n<meta property=\"og:url\" content=\"https:\/\/jrfortin.com\/jrf\/16270-2\/\" \/>\n<meta property=\"og:site_name\" content=\"Dojo du Nouveau Monde\" \/>\n<meta property=\"article:modified_time\" content=\"2022-11-25T17:50:03+00:00\" \/>\n<meta property=\"og:image\" content=\"https:\/\/jrfortin.com\/jrf\/wp-content\/uploads\/2020\/04\/mtfuji.png\" \/>\n<meta name=\"twitter:card\" content=\"summary_large_image\" \/>\n<meta name=\"twitter:site\" content=\"@fortin_rock\" \/>\n<meta name=\"twitter:label1\" content=\"Dur\u00e9e de lecture estim\u00e9e\" \/>\n\t<meta name=\"twitter:data1\" content=\"2 minutes\" \/>\n<script type=\"application\/ld+json\" class=\"yoast-schema-graph\">{\"@context\":\"https:\/\/schema.org\",\"@graph\":[{\"@type\":\"WebPage\",\"@id\":\"https:\/\/jrfortin.com\/jrf\/16270-2\/\",\"url\":\"https:\/\/jrfortin.com\/jrf\/16270-2\/\",\"name\":\"M\u00e9ditations collectives en conscience - Dojo du Nouveau Monde\",\"isPartOf\":{\"@id\":\"https:\/\/jrfortin.com\/jrf\/#website\"},\"primaryImageOfPage\":{\"@id\":\"https:\/\/jrfortin.com\/jrf\/16270-2\/#primaryimage\"},\"image\":{\"@id\":\"https:\/\/jrfortin.com\/jrf\/16270-2\/#primaryimage\"},\"thumbnailUrl\":\"https:\/\/jrfortin.com\/jrf\/wp-content\/uploads\/2020\/04\/mtfuji.png\",\"datePublished\":\"2021-06-11T20:01:54+00:00\",\"dateModified\":\"2022-11-25T17:50:03+00:00\",\"breadcrumb\":{\"@id\":\"https:\/\/jrfortin.com\/jrf\/16270-2\/#breadcrumb\"},\"inLanguage\":\"fr-FR\",\"potentialAction\":[{\"@type\":\"ReadAction\",\"target\":[\"https:\/\/jrfortin.com\/jrf\/16270-2\/\"]}]},{\"@type\":\"ImageObject\",\"inLanguage\":\"fr-FR\",\"@id\":\"https:\/\/jrfortin.com\/jrf\/16270-2\/#primaryimage\",\"url\":\"https:\/\/i0.wp.com\/jrfortin.com\/jrf\/wp-content\/uploads\/2020\/04\/mtfuji.png?fit=298%2C163&ssl=1\",\"contentUrl\":\"https:\/\/i0.wp.com\/jrfortin.com\/jrf\/wp-content\/uploads\/2020\/04\/mtfuji.png?fit=298%2C163&ssl=1\",\"width\":298,\"height\":163,\"caption\":\"Mont Fuji\"},{\"@type\":\"BreadcrumbList\",\"@id\":\"https:\/\/jrfortin.com\/jrf\/16270-2\/#breadcrumb\",\"itemListElement\":[{\"@type\":\"ListItem\",\"position\":1,\"name\":\"Accueil\",\"item\":\"https:\/\/jrfortin.com\/jrf\/\"},{\"@type\":\"ListItem\",\"position\":2,\"name\":\"M\u00e9ditations collectives en conscience\"}]},{\"@type\":\"WebSite\",\"@id\":\"https:\/\/jrfortin.com\/jrf\/#website\",\"url\":\"https:\/\/jrfortin.com\/jrf\/\",\"name\":\"Dojo du Nouveau Monde\",\"description\":\"R\u00e9seau de Shihan Jean-Rock Fortin\",\"publisher\":{\"@id\":\"https:\/\/jrfortin.com\/jrf\/#\/schema\/person\/420b013ae3febafe8d99a66adee55de9\"},\"potentialAction\":[{\"@type\":\"SearchAction\",\"target\":{\"@type\":\"EntryPoint\",\"urlTemplate\":\"https:\/\/jrfortin.com\/jrf\/?s={search_term_string}\"},\"query-input\":{\"@type\":\"PropertyValueSpecification\",\"valueRequired\":true,\"valueName\":\"search_term_string\"}}],\"inLanguage\":\"fr-FR\"},{\"@type\":[\"Person\",\"Organization\"],\"@id\":\"https:\/\/jrfortin.com\/jrf\/#\/schema\/person\/420b013ae3febafe8d99a66adee55de9\",\"name\":\"Shihan Jean-Rock Fortin, M.A.\",\"image\":{\"@type\":\"ImageObject\",\"inLanguage\":\"fr-FR\",\"@id\":\"https:\/\/jrfortin.com\/jrf\/#\/schema\/person\/image\/\",\"url\":\"https:\/\/i2.wp.com\/jrfortin.com\/jrf\/wp-content\/uploads\/2020\/07\/ki-le-chemin.jpg?fit=600%2C848&ssl=1\",\"contentUrl\":\"https:\/\/i2.wp.com\/jrfortin.com\/jrf\/wp-content\/uploads\/2020\/07\/ki-le-chemin.jpg?fit=600%2C848&ssl=1\",\"width\":600,\"height\":848,\"caption\":\"Shihan Jean-Rock Fortin, M.A.\"},\"logo\":{\"@id\":\"https:\/\/jrfortin.com\/jrf\/#\/schema\/person\/image\/\"},\"description\":\"Globetrotteur par affaires et pour le plaisir, et Orientaliste, je suis instructeur d'arts martiaux (maitre-enseignant de Ki-A\u00efkido [Shihan] &amp; Dim-Mak), Fondateur du Dojo du Nouveau Monde (2010), \\\"S\u00e9ancier\\\" de Kiatsu, M\u00e9tatronicien, Radiesth\u00e9siste, Coutelier d'art, Conf\u00e9rencier et Auteur du livre \\\"Ki - Le Chemin de l'\u00c9veil\\\" (2018). Je suis \u00e9galement Consultant strat\u00e9gique en \u00e9volution et prosp\u00e9rit\u00e9 des personnes et des organisations.\",\"sameAs\":[\"http:\/\/www.jrfortin.com\"]}]}<\/script>\n<!-- \/ Yoast SEO plugin. -->","yoast_head_json":{"title":"M\u00e9ditations collectives en conscience - Dojo du Nouveau Monde","robots":{"index":"index","follow":"follow","max-snippet":"max-snippet:-1","max-image-preview":"max-image-preview:large","max-video-preview":"max-video-preview:-1"},"canonical":"https:\/\/jrfortin.com\/jrf\/16270-2\/","og_locale":"fr_FR","og_type":"article","og_title":"M\u00e9ditations collectives en conscience - Dojo du Nouveau Monde","og_description":"Bienvenue \u00e0 notre activit\u00e9 m\u00e9ditative ! Cette page\u2026 continuez la lecture","og_url":"https:\/\/jrfortin.com\/jrf\/16270-2\/","og_site_name":"Dojo du Nouveau Monde","article_modified_time":"2022-11-25T17:50:03+00:00","og_image":[{"url":"https:\/\/jrfortin.com\/jrf\/wp-content\/uploads\/2020\/04\/mtfuji.png","type":"","width":"","height":""}],"twitter_card":"summary_large_image","twitter_site":"@fortin_rock","twitter_misc":{"Dur\u00e9e de lecture estim\u00e9e":"2 minutes"},"schema":{"@context":"https:\/\/schema.org","@graph":[{"@type":"WebPage","@id":"https:\/\/jrfortin.com\/jrf\/16270-2\/","url":"https:\/\/jrfortin.com\/jrf\/16270-2\/","name":"M\u00e9ditations collectives en conscience - Dojo du Nouveau Monde","isPartOf":{"@id":"https:\/\/jrfortin.com\/jrf\/#website"},"primaryImageOfPage":{"@id":"https:\/\/jrfortin.com\/jrf\/16270-2\/#primaryimage"},"image":{"@id":"https:\/\/jrfortin.com\/jrf\/16270-2\/#primaryimage"},"thumbnailUrl":"https:\/\/jrfortin.com\/jrf\/wp-content\/uploads\/2020\/04\/mtfuji.png","datePublished":"2021-06-11T20:01:54+00:00","dateModified":"2022-11-25T17:50:03+00:00","breadcrumb":{"@id":"https:\/\/jrfortin.com\/jrf\/16270-2\/#breadcrumb"},"inLanguage":"fr-FR","potentialAction":[{"@type":"ReadAction","target":["https:\/\/jrfortin.com\/jrf\/16270-2\/"]}]},{"@type":"ImageObject","inLanguage":"fr-FR","@id":"https:\/\/jrfortin.com\/jrf\/16270-2\/#primaryimage","url":"https:\/\/i0.wp.com\/jrfortin.com\/jrf\/wp-content\/uploads\/2020\/04\/mtfuji.png?fit=298%2C163&ssl=1","contentUrl":"https:\/\/i0.wp.com\/jrfortin.com\/jrf\/wp-content\/uploads\/2020\/04\/mtfuji.png?fit=298%2C163&ssl=1","width":298,"height":163,"caption":"Mont Fuji"},{"@type":"BreadcrumbList","@id":"https:\/\/jrfortin.com\/jrf\/16270-2\/#breadcrumb","itemListElement":[{"@type":"ListItem","position":1,"name":"Accueil","item":"https:\/\/jrfortin.com\/jrf\/"},{"@type":"ListItem","position":2,"name":"M\u00e9ditations collectives en conscience"}]},{"@type":"WebSite","@id":"https:\/\/jrfortin.com\/jrf\/#website","url":"https:\/\/jrfortin.com\/jrf\/","name":"Dojo du Nouveau Monde","description":"R\u00e9seau de Shihan Jean-Rock Fortin","publisher":{"@id":"https:\/\/jrfortin.com\/jrf\/#\/schema\/person\/420b013ae3febafe8d99a66adee55de9"},"potentialAction":[{"@type":"SearchAction","target":{"@type":"EntryPoint","urlTemplate":"https:\/\/jrfortin.com\/jrf\/?s={search_term_string}"},"query-input":{"@type":"PropertyValueSpecification","valueRequired":true,"valueName":"search_term_string"}}],"inLanguage":"fr-FR"},{"@type":["Person","Organization"],"@id":"https:\/\/jrfortin.com\/jrf\/#\/schema\/person\/420b013ae3febafe8d99a66adee55de9","name":"Shihan Jean-Rock Fortin, M.A.","image":{"@type":"ImageObject","inLanguage":"fr-FR","@id":"https:\/\/jrfortin.com\/jrf\/#\/schema\/person\/image\/","url":"https:\/\/i2.wp.com\/jrfortin.com\/jrf\/wp-content\/uploads\/2020\/07\/ki-le-chemin.jpg?fit=600%2C848&ssl=1","contentUrl":"https:\/\/i2.wp.com\/jrfortin.com\/jrf\/wp-content\/uploads\/2020\/07\/ki-le-chemin.jpg?fit=600%2C848&ssl=1","width":600,"height":848,"caption":"Shihan Jean-Rock Fortin, M.A."},"logo":{"@id":"https:\/\/jrfortin.com\/jrf\/#\/schema\/person\/image\/"},"description":"Globetrotteur par affaires et pour le plaisir, et Orientaliste, je suis instructeur d'arts martiaux (maitre-enseignant de Ki-A\u00efkido [Shihan] &amp; Dim-Mak), Fondateur du Dojo du Nouveau Monde (2010), \"S\u00e9ancier\" de Kiatsu, M\u00e9tatronicien, Radiesth\u00e9siste, Coutelier d'art, Conf\u00e9rencier et Auteur du livre \"Ki - Le Chemin de l'\u00c9veil\" (2018). Je suis \u00e9galement Consultant strat\u00e9gique en \u00e9volution et prosp\u00e9rit\u00e9 des personnes et des organisations.","sameAs":["http:\/\/www.jrfortin.com"]}]}},"jetpack_sharing_enabled":true,"_links":{"self":[{"href":"https:\/\/jrfortin.com\/jrf\/wp-json\/wp\/v2\/pages\/16270","targetHints":{"allow":["GET"]}}],"collection":[{"href":"https:\/\/jrfortin.com\/jrf\/wp-json\/wp\/v2\/pages"}],"about":[{"href":"https:\/\/jrfortin.com\/jrf\/wp-json\/wp\/v2\/types\/page"}],"author":[{"embeddable":true,"href":"https:\/\/jrfortin.com\/jrf\/wp-json\/wp\/v2\/users\/1"}],"replies":[{"embeddable":true,"href":"https:\/\/jrfortin.com\/jrf\/wp-json\/wp\/v2\/comments?post=16270"}],"version-history":[{"count":2,"href":"https:\/\/jrfortin.com\/jrf\/wp-json\/wp\/v2\/pages\/16270\/revisions"}],"predecessor-version":[{"id":18356,"href":"https:\/\/jrfortin.com\/jrf\/wp-json\/wp\/v2\/pages\/16270\/revisions\/18356"}],"wp:attachment":[{"href":"https:\/\/jrfortin.com\/jrf\/wp-json\/wp\/v2\/media?parent=16270"}],"curies":[{"name":"wp","href":"https:\/\/api.w.org\/{rel}","templated":true}]}}