{"id":5625,"date":"2017-07-03T20:40:15","date_gmt":"2017-07-04T00:40:15","guid":{"rendered":"http:\/\/jrfortin.com\/jrf\/aikido\/?page_id=5625"},"modified":"2025-04-04T07:52:28","modified_gmt":"2025-04-04T11:52:28","slug":"modules-de-formation","status":"publish","type":"page","link":"https:\/\/jrfortin.com\/jrf\/modules-de-formation\/","title":{"rendered":"Formation de groupe et priv\u00e9e sur les pratiques de Ki"},"content":{"rendered":"<p style=\"text-align: center;\"><em><a href=\"https:\/\/jrfortin.com\/jrf\/evenements\/\" target=\"_blank\" rel=\"noopener\"><img data-recalc-dims=\"1\" loading=\"lazy\" decoding=\"async\" data-attachment-id=\"10494\" data-permalink=\"https:\/\/jrfortin.com\/jrf\/cours-prives\/attachment\/10494\/\" data-orig-file=\"https:\/\/i0.wp.com\/jrfortin.com\/jrf\/wp-content\/uploads\/2018\/10\/Sans-titre-1-1.png?fit=606%2C790&amp;ssl=1\" data-orig-size=\"606,790\" data-comments-opened=\"1\" data-image-meta=\"{&quot;aperture&quot;:&quot;0&quot;,&quot;credit&quot;:&quot;&quot;,&quot;camera&quot;:&quot;&quot;,&quot;caption&quot;:&quot;&quot;,&quot;created_timestamp&quot;:&quot;0&quot;,&quot;copyright&quot;:&quot;&quot;,&quot;focal_length&quot;:&quot;0&quot;,&quot;iso&quot;:&quot;0&quot;,&quot;shutter_speed&quot;:&quot;0&quot;,&quot;title&quot;:&quot;&quot;,&quot;orientation&quot;:&quot;0&quot;}\" data-image-title=\"Sans titre\" data-image-description=\"&lt;p&gt;Porte d&amp;rsquo;arche pour induction de r\u00eaves lucides&lt;\/p&gt;\n\" data-image-caption=\"\" data-medium-file=\"https:\/\/i0.wp.com\/jrfortin.com\/jrf\/wp-content\/uploads\/2018\/10\/Sans-titre-1-1.png?fit=230%2C300&amp;ssl=1\" data-large-file=\"https:\/\/i0.wp.com\/jrfortin.com\/jrf\/wp-content\/uploads\/2018\/10\/Sans-titre-1-1.png?fit=606%2C790&amp;ssl=1\" class=\"alignnone wp-image-10494 size-medium aligncenter\" src=\"https:\/\/i0.wp.com\/jrfortin.com\/jrf\/wp-content\/uploads\/2018\/10\/Sans-titre-1-1-230x300.png?resize=230%2C300\" alt=\"Torii\" width=\"230\" height=\"300\" srcset=\"https:\/\/i0.wp.com\/jrfortin.com\/jrf\/wp-content\/uploads\/2018\/10\/Sans-titre-1-1.png?resize=230%2C300&amp;ssl=1 230w, https:\/\/i0.wp.com\/jrfortin.com\/jrf\/wp-content\/uploads\/2018\/10\/Sans-titre-1-1.png?resize=115%2C150&amp;ssl=1 115w, https:\/\/i0.wp.com\/jrfortin.com\/jrf\/wp-content\/uploads\/2018\/10\/Sans-titre-1-1.png?resize=300%2C391&amp;ssl=1 300w, https:\/\/i0.wp.com\/jrfortin.com\/jrf\/wp-content\/uploads\/2018\/10\/Sans-titre-1-1.png?resize=600%2C782&amp;ssl=1 600w, https:\/\/i0.wp.com\/jrfortin.com\/jrf\/wp-content\/uploads\/2018\/10\/Sans-titre-1-1.png?w=606&amp;ssl=1 606w\" sizes=\"auto, (max-width: 230px) 100vw, 230px\" \/><\/a><\/em><em>Voici les 12 modules de formation de base du Dojo sur les pratiques li\u00e9es au Ki. Les contenus peuvent \u00eatre adapt\u00e9s selon les besoins ou les aspirations des participants. N&rsquo;h\u00e9sitez pas \u00e0 communiquer avec moi pour plus d&rsquo;information.<\/em><\/p>\n<p style=\"text-align: center;\"><strong>Shihan Jean-Rock Fortin, M.A.<br \/>\n<\/strong><strong>T\u00e9l. : 418-650-5494 \u2013 Courriel\u00a0: <\/strong><a href=\"mailto:jrfortin@me.com\"><strong>jrfortin@me.com<\/strong><\/a><\/p>\n<p><a href=\"https:\/\/jrfortin.com\/jrf\/cours-regulier-ki-aikido\/487324451_675017808721492_6917553166922763020_n\/\" rel=\"attachment wp-att-20374\"><img data-recalc-dims=\"1\" loading=\"lazy\" decoding=\"async\" data-attachment-id=\"20374\" data-permalink=\"https:\/\/jrfortin.com\/jrf\/cours-regulier-ki-aikido\/487324451_675017808721492_6917553166922763020_n\/\" data-orig-file=\"https:\/\/i0.wp.com\/jrfortin.com\/jrf\/wp-content\/uploads\/2025\/04\/487324451_675017808721492_6917553166922763020_n.jpg?fit=2048%2C1536&amp;ssl=1\" data-orig-size=\"2048,1536\" data-comments-opened=\"1\" data-image-meta=\"{&quot;aperture&quot;:&quot;0&quot;,&quot;credit&quot;:&quot;&quot;,&quot;camera&quot;:&quot;&quot;,&quot;caption&quot;:&quot;&quot;,&quot;created_timestamp&quot;:&quot;0&quot;,&quot;copyright&quot;:&quot;&quot;,&quot;focal_length&quot;:&quot;0&quot;,&quot;iso&quot;:&quot;0&quot;,&quot;shutter_speed&quot;:&quot;0&quot;,&quot;title&quot;:&quot;&quot;,&quot;orientation&quot;:&quot;0&quot;}\" data-image-title=\"487324451_675017808721492_6917553166922763020_n\" data-image-description=\"\" data-image-caption=\"\" data-medium-file=\"https:\/\/i0.wp.com\/jrfortin.com\/jrf\/wp-content\/uploads\/2025\/04\/487324451_675017808721492_6917553166922763020_n.jpg?fit=300%2C225&amp;ssl=1\" data-large-file=\"https:\/\/i0.wp.com\/jrfortin.com\/jrf\/wp-content\/uploads\/2025\/04\/487324451_675017808721492_6917553166922763020_n.jpg?fit=830%2C623&amp;ssl=1\" class=\"alignnone wp-image-20374 size-full aligncenter\" src=\"https:\/\/i0.wp.com\/jrfortin.com\/jrf\/wp-content\/uploads\/2025\/04\/487324451_675017808721492_6917553166922763020_n.jpg?resize=830%2C623&#038;ssl=1\" alt=\"\" width=\"830\" height=\"623\" srcset=\"https:\/\/i0.wp.com\/jrfortin.com\/jrf\/wp-content\/uploads\/2025\/04\/487324451_675017808721492_6917553166922763020_n.jpg?w=2048&amp;ssl=1 2048w, https:\/\/i0.wp.com\/jrfortin.com\/jrf\/wp-content\/uploads\/2025\/04\/487324451_675017808721492_6917553166922763020_n.jpg?resize=300%2C225&amp;ssl=1 300w, https:\/\/i0.wp.com\/jrfortin.com\/jrf\/wp-content\/uploads\/2025\/04\/487324451_675017808721492_6917553166922763020_n.jpg?resize=1024%2C768&amp;ssl=1 1024w, https:\/\/i0.wp.com\/jrfortin.com\/jrf\/wp-content\/uploads\/2025\/04\/487324451_675017808721492_6917553166922763020_n.jpg?resize=768%2C576&amp;ssl=1 768w, https:\/\/i0.wp.com\/jrfortin.com\/jrf\/wp-content\/uploads\/2025\/04\/487324451_675017808721492_6917553166922763020_n.jpg?resize=1536%2C1152&amp;ssl=1 1536w, https:\/\/i0.wp.com\/jrfortin.com\/jrf\/wp-content\/uploads\/2025\/04\/487324451_675017808721492_6917553166922763020_n.jpg?resize=150%2C113&amp;ssl=1 150w, https:\/\/i0.wp.com\/jrfortin.com\/jrf\/wp-content\/uploads\/2025\/04\/487324451_675017808721492_6917553166922763020_n.jpg?resize=640%2C480&amp;ssl=1 640w, https:\/\/i0.wp.com\/jrfortin.com\/jrf\/wp-content\/uploads\/2025\/04\/487324451_675017808721492_6917553166922763020_n.jpg?resize=1320%2C990&amp;ssl=1 1320w, https:\/\/i0.wp.com\/jrfortin.com\/jrf\/wp-content\/uploads\/2025\/04\/487324451_675017808721492_6917553166922763020_n.jpg?resize=24%2C18&amp;ssl=1 24w, https:\/\/i0.wp.com\/jrfortin.com\/jrf\/wp-content\/uploads\/2025\/04\/487324451_675017808721492_6917553166922763020_n.jpg?resize=36%2C27&amp;ssl=1 36w, https:\/\/i0.wp.com\/jrfortin.com\/jrf\/wp-content\/uploads\/2025\/04\/487324451_675017808721492_6917553166922763020_n.jpg?resize=48%2C36&amp;ssl=1 48w, https:\/\/i0.wp.com\/jrfortin.com\/jrf\/wp-content\/uploads\/2025\/04\/487324451_675017808721492_6917553166922763020_n.jpg?w=1660&amp;ssl=1 1660w\" sizes=\"auto, (max-width: 830px) 100vw, 830px\" \/><\/a><\/p>\n<hr \/>\n<h5 style=\"text-align: justify;\"><em>\u00c0 propos de Jean-Rock&#8230;<\/em><\/h5>\n<p style=\"text-align: justify;\"><a href=\"https:\/\/jrfortin.com\/jrf\/accueil-2-2\/shihan-jean-rock-fortin-2\/\" rel=\"attachment wp-att-13859\"><img data-recalc-dims=\"1\" loading=\"lazy\" decoding=\"async\" data-attachment-id=\"13859\" data-permalink=\"https:\/\/jrfortin.com\/jrf\/accueil-2-2\/shihan-jean-rock-fortin-2\/\" data-orig-file=\"https:\/\/i0.wp.com\/jrfortin.com\/jrf\/wp-content\/uploads\/2014\/06\/PHOTO_JRF.png?fit=900%2C1260&amp;ssl=1\" data-orig-size=\"900,1260\" data-comments-opened=\"1\" data-image-meta=\"{&quot;aperture&quot;:&quot;0&quot;,&quot;credit&quot;:&quot;&quot;,&quot;camera&quot;:&quot;&quot;,&quot;caption&quot;:&quot;&quot;,&quot;created_timestamp&quot;:&quot;0&quot;,&quot;copyright&quot;:&quot;&quot;,&quot;focal_length&quot;:&quot;0&quot;,&quot;iso&quot;:&quot;0&quot;,&quot;shutter_speed&quot;:&quot;0&quot;,&quot;title&quot;:&quot;&quot;,&quot;orientation&quot;:&quot;0&quot;}\" data-image-title=\"PHOTO_JRF\" data-image-description=\"&lt;p&gt;Shihan Jean-Rock Fortin&lt;\/p&gt;\n\" data-image-caption=\"&lt;p&gt;Shihan Jean-Rock Fortin&lt;\/p&gt;\n\" data-medium-file=\"https:\/\/i0.wp.com\/jrfortin.com\/jrf\/wp-content\/uploads\/2014\/06\/PHOTO_JRF.png?fit=214%2C300&amp;ssl=1\" data-large-file=\"https:\/\/i0.wp.com\/jrfortin.com\/jrf\/wp-content\/uploads\/2014\/06\/PHOTO_JRF.png?fit=731%2C1024&amp;ssl=1\" class=\"alignleft wp-image-13859\" src=\"https:\/\/i0.wp.com\/jrfortin.com\/jrf\/wp-content\/uploads\/2014\/06\/PHOTO_JRF.png?resize=168%2C211&#038;ssl=1\" alt=\"\" width=\"168\" height=\"211\" \/><\/a>Globetrotteur par affaires et pour le plaisir, je suis instructeur d&rsquo;arts martiaux (maitre-enseignant de <a href=\"https:\/\/jrfortin.com\/jrf\/art-martial-cognitif-amc-2\/\">Ki-A\u00efkido<\/a> [Shihan]), Fondateur du <a href=\"https:\/\/jrfortin.com\/jrf\/aiki\/\">Dojo du Nouveau Monde<\/a> (2010), <a href=\"https:\/\/jrfortin.com\/jrf\/blog\/soins-de-kiatsu\/\">\u00ab S\u00e9ancier \u00bb du Kiatsu<\/a>, <a href=\"https:\/\/jrfortin.com\/jrf\/blog\/introduction-a-la-coutellerie-dart\/\">Coutelier d&rsquo;art<\/a> (sp\u00e9cialis\u00e9 dans la fabrication de Katanas modernes), <a href=\"https:\/\/jrfortin.com\/jrf\/art-martial-cognitif-amc-2\/\">Conf\u00e9rencier<\/a> et Auteur du livre \u00ab\u00a0<a href=\"https:\/\/jrfortin.com\/jrf\/ouvrages-litteraires-de-jean-rock-fortin-sur-le-ki-laikido-et-la-coordination-corps-esprit\/\">Ki &#8211; Le Chemin de l&rsquo;\u00c9veil<\/a>\u00a0\u00bb (2018). Je suis \u00e9galement <a href=\"https:\/\/jrfortin.com\/jrf\/consultant\/\">Conseiller en \u00e9volution et prosp\u00e9rit\u00e9<span style=\"text-decoration: underline;\">.<\/span><\/a><\/p>\n<hr \/>\n<p style=\"text-align: justify;\"><strong>Module\u00a01 : Introduction \u00e0 la coordination corps \u2013 esprit<\/strong><\/p>\n<p style=\"text-align: justify;\"><u>R\u00e9sum\u00e9<\/u>\u00a0: Cette activit\u00e9 est d\u00e9di\u00e9e \u00e0 l\u2019apprentissage de la \u00ab Coordination Corps \u2013 Esprit \u00bb, soit un \u00e9tat modifi\u00e9 de la conscience permettant d\u2019acc\u00e9der \u00e0 toutes nos ressources physiques et mentales. Les exercices qui y sont pr\u00e9sent\u00e9s et la technique de validation par biofeedback nous rendent capables d\u2019appliquer notre magnifique potentiel d\u2019\u00e9nergie, de Ki, dans la vie de tous les jours. Cela permet aussi d\u2019\u00e9lever notre fr\u00e9quence vibratoire afin de vivre harmonieusement.<\/p>\n<p style=\"text-align: justify;\"><strong>Module\u00a02 : Processus relationnels de l\u2019Art martial cognitif (AMC)<\/strong><\/p>\n<p style=\"text-align: justify;\"><u>R\u00e9sum\u00e9<\/u>\u00a0: Dans cette activit\u00e9 fascinante d\u2019apprentissage, on pr\u00e9sente les cinq principes du Ki-A\u00efkido appliqu\u00e9s dans le contexte d\u2019interactions avec les autres et avec notre environnement. \u00a0Au terme de cette activit\u00e9 de formation, les participants seront en mesure d\u2019utiliser les outils pr\u00e9sent\u00e9s qui permettent de maintenir la coordination corps \u2013 esprit et l\u2019harmonie dans leurs rapports et interactions avec les autres et avec soi-m\u00eame dans leur vie courante.<\/p>\n<p style=\"text-align: justify;\"><strong>Module\u00a03 : M\u00e9ditation et respiration avec Ki<\/strong><\/p>\n<p style=\"text-align: justify;\"><u>R\u00e9sum\u00e9<\/u>\u00a0: Cet atelier de formation porte sur les techniques m\u00e9ditatives et respiratoires qui permettent de g\u00e9n\u00e9rer et de maintenir une profonde coordination corps \u2013 esprit. Ce faisant, l\u2019\u00e9nergie vitale d\u2019un pratiquant sera renouvel\u00e9e, ce qui engendrera un apaisement de l\u2019esprit et un mieux-\u00eatre physique et mental. Des effets th\u00e9rapeutiques d\u00e9coulent directement de ces pratiques orientales. <em>Note\u00a0: Cette formation se d\u00e9marque de tr\u00e8s loin des pratiques m\u00e9ditatives populaires.<\/em><\/p>\n<p style=\"text-align: justify;\"><strong>Module 4 : Th\u00e9rapeutique personnelle, sant\u00e9 et Ki<\/strong><\/p>\n<p style=\"text-align: justify;\"><u>R\u00e9sum\u00e9<\/u>\u00a0: Ce module vise la promotion globale de la sant\u00e9. Il inclut notamment l\u2019apprentissage de techniques d\u2019acupression (<em>Kiatsu<\/em>). Cette approche \u00e9nerg\u00e9tique met de l\u2019avant un processus visant tout aussi bien la sant\u00e9 du pratiquant que celle de la personne recevant les pressions de Ki. En plus d\u2019apprendre plusieurs proc\u00e9dures de stimulation \u00e9nerg\u00e9tique, les pratiquants sont instruits sur divers aspects li\u00e9s \u00e0 la sant\u00e9 et au bien-\u00eatre.<\/p>\n<p style=\"text-align: justify;\"><strong>Module 5\u00a0: Expression du potentiel de Ki<\/strong><\/p>\n<p style=\"text-align: justify;\"><u>R\u00e9sum\u00e9<\/u>\u00a0: Dans ce module, les participants apprendront \u00e0 unir leur souffle avec l\u2019\u00e9nergie vitale pour cr\u00e9er des d\u00e9ploiements d\u2019\u00e9nergie visant \u00e0 produire des effets consid\u00e9rables dans le monde physique (ex. : assainir des lieux, apaiser l\u2019esprit instantan\u00e9ment, dynamiser des aliments, etc.). \u00c0 l\u2019issue de cette activit\u00e9 de formation, les participants seront familiers avec plusieurs technologies d\u2019\u00e9veil et de pratiques de mieux-\u00eatre.<\/p>\n<p style=\"text-align: justify;\"><strong>Module 6\u00a0: Radiesth\u00e9sie \/ m\u00e9tatronique<\/strong><\/p>\n<p style=\"text-align: justify;\"><u>R\u00e9sum\u00e9<\/u>\u00a0: Cet atelier d\u00e9voile un cadran de radiesth\u00e9sie programmable original permettant de r\u00e9aliser une infinit\u00e9 de mesures quantitatives. Les participants seront \u00e9galement initi\u00e9s \u00e0 la M\u00e9tatronique, une fabuleuse d\u00e9couverte o\u00f9 des ondes de formes sont utilis\u00e9es pour affecter positivement notre monde physique et les humains. On pr\u00e9sente dans cet atelier des processus de cr\u00e9ation\/modification de la r\u00e9alit\u00e9 et d\u2019ascension en 5<sup>e<\/sup> densit\u00e9.<\/p>\n<p style=\"text-align: justify;\"><strong>Module\u00a07 : Exercices de Ki pour la promotion de la sant\u00e9. <\/strong><\/p>\n<p style=\"text-align: justify;\"><u>R\u00e9sum\u00e9<\/u>\u00a0: Issus du Ki-A\u00efkido, les exercices de Ki pour la sant\u00e9, aussi appel\u00e9 <em>Toitsu Taiso<\/em>, sont une routine d\u2019une dur\u00e9e de trois minutes et demie comprenant une succession de mouvements r\u00e9alis\u00e9s en \u00e9tat de coordination corps \u2013 esprit. Cette proc\u00e9dure permet d\u2019activer l\u2019\u00e9nergie vitale en pr\u00e9paration \u00e0 une activit\u00e9 physique ou mentale, ou simplement pour bien commencer une journ\u00e9e de mani\u00e8re harmonieuse.<\/p>\n<p style=\"text-align: justify;\"><strong>Module 8 : Exercices du Ki-A\u00efkido<\/strong><\/p>\n<p style=\"text-align: justify;\"><u>R\u00e9sum\u00e9<\/u>\u00a0: Ces exercices vari\u00e9s appel\u00e9s <em>Hitori Waza<\/em> permettent d\u2019accroitre la flexibilit\u00e9 des articulations et de ma\u00eetriser l\u2019espace autour de soi dans le mouvement. Ils permettent d\u2019apprendre et de pratiquer la coordination corps \u2013 esprit en action par la ma\u00eetrise de chor\u00e9graphies martiales pacifiques. C\u2019est un programme complet de d\u00e9tente corporelle facile \u00e0 apprendre et qui lorsque pratiqu\u00e9 r\u00e9guli\u00e8rement maintien la forme physique et apporte le mieux-\u00eatre.<\/p>\n<p style=\"text-align: justify;\"><strong>Module 9 : Katas de Jo (ma\u00eetrise du b\u00e2ton de marche) <\/strong><\/p>\n<p style=\"text-align: justify;\"><u>R\u00e9sum\u00e9<\/u>\u00a0: Les Katas ex\u00e9cut\u00e9s avec le b\u00e2ton de marche nous apprennent \u00e0 diffuser l\u2019\u00e9nergie, le Ki, au travers d\u2019un objet, ce qui permet d\u2019\u00e9tendre notre champ d\u2019influence dans l\u2019environnement. Il s\u2019agit d\u2019une m\u00e9ditation en mouvement qui produit chez le pratiquant une augmentation de sa fr\u00e9quence vibratoire. Cet apprentissage de la coordination corps \u2013 esprit comprend deux Katas de 21 mouvements et aussi des routines d\u00e9fensives utilisant cet objet courant qui est utilis\u00e9 par les humains depuis des milliers d\u2019ann\u00e9e.<\/p>\n<p style=\"text-align: justify;\"><strong>Module 10 : Katas de Boken (sabre de bois) <\/strong><\/p>\n<p style=\"text-align: justify;\"><u>R\u00e9sum\u00e9<\/u> : Les principes de vie de la pratique du sabre avec coordination corps \u2013 esprit constituent en soi une Voie de d\u00e9veloppement spirituelle insoup\u00e7onn\u00e9e, sans dualit\u00e9. Dans cette activit\u00e9, on utilise des sabres de bois appel\u00e9s \u00ab <em>Boken<\/em> \u00bb qui simulent le poids et la port\u00e9e d\u2019un Katana. Le <em>Boken<\/em> est un m\u00e9dium tr\u00e8s chaud qui permet au pratiquant d\u2019\u00e9lever sa fr\u00e9quence vibratoire. \u00c0 l\u2019instar des Katas ex\u00e9cut\u00e9s avec le b\u00e2ton de marche, il s\u2019agit d\u2019une m\u00e9ditation en mouvement dans le cadre d\u2019une ma\u00eetrise corporelle de grande finesse.<\/p>\n<p style=\"text-align: justify;\"><strong>Module 11 : Introduction au Ki-A\u00efkido<\/strong><\/p>\n<p style=\"text-align: justify;\"><u>R\u00e9sum\u00e9<\/u>\u00a0: Cet atelier pr\u00e9sente une introduction au Ki-A\u00efkido, un art martial essentiellement pacifique et d\u2019une grande beaut\u00e9 qui permet d\u2019interagir avec le Ki, soit l\u2019\u00e9nergie vitale qui nous habite et aussi l\u2019\u00e9nergie cosmique \u00e0 laquelle nous avons acc\u00e8s. De ses origines \u00e0 ses principes d\u2019application par le biais d\u2019exercices et de d\u00e9monstrations vari\u00e9es, le Ki-A\u00efkido est un mode d\u2019expression positif applicable \u00e0 tous aspects de la vie courante d\u2019un humain. La coordination corps \u2013 esprit est au c\u0153ur de cette fabuleuse pratique.<\/p>\n<p style=\"text-align: justify;\"><strong>Module 12 : KYUSHO (Dim-Mak) avec Ki \u2013 l\u2019Art martial des points de pression<\/strong><\/p>\n<p style=\"text-align: justify;\"><u>R\u00e9sum\u00e9<\/u>\u00a0: Les principes d\u2019application et les exercices qui sont pr\u00e9sent\u00e9s dans le cadre de cet atelier permettent une compr\u00e9hension \u00e9largie de l\u2019auto-d\u00e9fense, et aussi de principes de vie bas\u00e9s sur l\u2019expression du potentiel \u00e9nerg\u00e9tique, du Ki. Les pratiquer souvent m\u00e8ne \u00e0 une ma\u00eetrise dont les bienfaits deviennent de plus en plus pr\u00e9sents et op\u00e9rants de mani\u00e8re positive dans la vie courante. Les techniques de points de pression visent \u00e0 perturber un attaquant afin de s\u2019en soustraire d\u00e9finitivement\u2026 ou mieux encore, \u00e0 le soigner.<\/p>\n<hr \/>\n<p style=\"text-align: center;\"><strong>Notes<\/strong>\u00a0:<\/p>\n<ul style=\"text-align: justify;\">\n<li style=\"text-align: left;\"><em>Chaque module est une initiation d\u2019une dur\u00e9e minimale de 3 heures. Les participants peuvent par la suite participer \u00e0 des ateliers compl\u00e9mentaires ou adapt\u00e9s \u00e0 leurs aspirations et besoins sp\u00e9cifiques. <\/em><\/li>\n<li style=\"text-align: left;\"><em>Les notes de cours sont remises aux participants avant le d\u00e9but de l\u2019activit\u00e9.<\/em><\/li>\n<li style=\"text-align: left;\">Les lieux de formation varient en fonction des besoins (Salon de th\u00e9, Dojo, gym, \u00e0 ext\u00e9rieur, etc.).<\/li>\n<li style=\"text-align: left;\">Voir aussi les conditions d\u2019admission <a href=\"https:\/\/jrfortin.com\/jrf\/evenements\/\">en cliquant ici<\/a>.<\/li>\n<\/ul>\n<hr \/>\n<p style=\"text-align: center;\"><strong>Pour plus d&rsquo;information, contactez Jean-Rock Fortin :<\/strong><\/p>\n<p style=\"text-align: center;\">T\u00e9l. : 418-650-5494 \u2013 Courriel\u00a0: <a href=\"mailto:jrfortin@me.com\">jrfortin@me.com<\/a><\/p>\n","protected":false},"excerpt":{"rendered":"<p>Voici les 12 modules de formation de base du Dojo \u2026<\/p>\n<p> <a class=\"continue-reading-link\" href=\"https:\/\/jrfortin.com\/jrf\/modules-de-formation\/\"><span>continuez la lecture<\/span><i class=\"crycon-right-dir\"><\/i><\/a> <\/p>\n","protected":false},"author":1,"featured_media":0,"parent":0,"menu_order":0,"comment_status":"open","ping_status":"closed","template":"templates\/template-twocolumns-right.php","meta":{"footnotes":""},"class_list":["post-5625","page","type-page","status-publish","hentry"],"yoast_head":"<!-- This site is optimized with the Yoast SEO plugin v26.7 - https:\/\/yoast.com\/wordpress\/plugins\/seo\/ -->\n<title>Formation de groupe et priv\u00e9e sur les pratiques de Ki - Dojo du Nouveau Monde<\/title>\n<meta name=\"robots\" content=\"index, follow, max-snippet:-1, max-image-preview:large, max-video-preview:-1\" \/>\n<link rel=\"canonical\" href=\"https:\/\/jrfortin.com\/jrf\/modules-de-formation\/\" \/>\n<meta property=\"og:locale\" content=\"fr_FR\" \/>\n<meta property=\"og:type\" content=\"article\" \/>\n<meta property=\"og:title\" content=\"Formation de groupe et priv\u00e9e sur les pratiques de Ki - Dojo du Nouveau Monde\" \/>\n<meta property=\"og:description\" content=\"Voici les 12 modules de formation de base du Dojo \u2026 continuez la lecture\" \/>\n<meta property=\"og:url\" content=\"https:\/\/jrfortin.com\/jrf\/modules-de-formation\/\" \/>\n<meta property=\"og:site_name\" content=\"Dojo du Nouveau Monde\" \/>\n<meta property=\"article:modified_time\" content=\"2025-04-04T11:52:28+00:00\" \/>\n<meta property=\"og:image\" content=\"http:\/\/jrfortin.com\/jrf\/wp-content\/uploads\/2018\/10\/Sans-titre-1-1-230x300.png\" \/>\n<meta name=\"twitter:card\" content=\"summary_large_image\" \/>\n<meta name=\"twitter:site\" content=\"@fortin_rock\" \/>\n<meta name=\"twitter:label1\" content=\"Dur\u00e9e de lecture estim\u00e9e\" \/>\n\t<meta name=\"twitter:data1\" content=\"7 minutes\" \/>\n<script type=\"application\/ld+json\" class=\"yoast-schema-graph\">{\"@context\":\"https:\/\/schema.org\",\"@graph\":[{\"@type\":\"WebPage\",\"@id\":\"https:\/\/jrfortin.com\/jrf\/modules-de-formation\/\",\"url\":\"https:\/\/jrfortin.com\/jrf\/modules-de-formation\/\",\"name\":\"Formation de groupe et priv\u00e9e sur les pratiques de Ki - Dojo du Nouveau Monde\",\"isPartOf\":{\"@id\":\"https:\/\/jrfortin.com\/jrf\/#website\"},\"primaryImageOfPage\":{\"@id\":\"https:\/\/jrfortin.com\/jrf\/modules-de-formation\/#primaryimage\"},\"image\":{\"@id\":\"https:\/\/jrfortin.com\/jrf\/modules-de-formation\/#primaryimage\"},\"thumbnailUrl\":\"http:\/\/jrfortin.com\/jrf\/wp-content\/uploads\/2018\/10\/Sans-titre-1-1-230x300.png\",\"datePublished\":\"2017-07-04T00:40:15+00:00\",\"dateModified\":\"2025-04-04T11:52:28+00:00\",\"breadcrumb\":{\"@id\":\"https:\/\/jrfortin.com\/jrf\/modules-de-formation\/#breadcrumb\"},\"inLanguage\":\"fr-FR\",\"potentialAction\":[{\"@type\":\"ReadAction\",\"target\":[\"https:\/\/jrfortin.com\/jrf\/modules-de-formation\/\"]}]},{\"@type\":\"ImageObject\",\"inLanguage\":\"fr-FR\",\"@id\":\"https:\/\/jrfortin.com\/jrf\/modules-de-formation\/#primaryimage\",\"url\":\"http:\/\/jrfortin.com\/jrf\/wp-content\/uploads\/2018\/10\/Sans-titre-1-1-230x300.png\",\"contentUrl\":\"http:\/\/jrfortin.com\/jrf\/wp-content\/uploads\/2018\/10\/Sans-titre-1-1-230x300.png\"},{\"@type\":\"BreadcrumbList\",\"@id\":\"https:\/\/jrfortin.com\/jrf\/modules-de-formation\/#breadcrumb\",\"itemListElement\":[{\"@type\":\"ListItem\",\"position\":1,\"name\":\"Accueil\",\"item\":\"https:\/\/jrfortin.com\/jrf\/\"},{\"@type\":\"ListItem\",\"position\":2,\"name\":\"Formation de groupe et priv\u00e9e sur les pratiques de Ki\"}]},{\"@type\":\"WebSite\",\"@id\":\"https:\/\/jrfortin.com\/jrf\/#website\",\"url\":\"https:\/\/jrfortin.com\/jrf\/\",\"name\":\"Dojo du Nouveau Monde\",\"description\":\"R\u00e9seau de Shihan Jean-Rock Fortin\",\"publisher\":{\"@id\":\"https:\/\/jrfortin.com\/jrf\/#\/schema\/person\/420b013ae3febafe8d99a66adee55de9\"},\"potentialAction\":[{\"@type\":\"SearchAction\",\"target\":{\"@type\":\"EntryPoint\",\"urlTemplate\":\"https:\/\/jrfortin.com\/jrf\/?s={search_term_string}\"},\"query-input\":{\"@type\":\"PropertyValueSpecification\",\"valueRequired\":true,\"valueName\":\"search_term_string\"}}],\"inLanguage\":\"fr-FR\"},{\"@type\":[\"Person\",\"Organization\"],\"@id\":\"https:\/\/jrfortin.com\/jrf\/#\/schema\/person\/420b013ae3febafe8d99a66adee55de9\",\"name\":\"Shihan Jean-Rock Fortin, M.A.\",\"image\":{\"@type\":\"ImageObject\",\"inLanguage\":\"fr-FR\",\"@id\":\"https:\/\/jrfortin.com\/jrf\/#\/schema\/person\/image\/\",\"url\":\"https:\/\/i2.wp.com\/jrfortin.com\/jrf\/wp-content\/uploads\/2020\/07\/ki-le-chemin.jpg?fit=600%2C848&ssl=1\",\"contentUrl\":\"https:\/\/i2.wp.com\/jrfortin.com\/jrf\/wp-content\/uploads\/2020\/07\/ki-le-chemin.jpg?fit=600%2C848&ssl=1\",\"width\":600,\"height\":848,\"caption\":\"Shihan Jean-Rock Fortin, M.A.\"},\"logo\":{\"@id\":\"https:\/\/jrfortin.com\/jrf\/#\/schema\/person\/image\/\"},\"description\":\"Globetrotteur par affaires et pour le plaisir, et Orientaliste, je suis instructeur d'arts martiaux (maitre-enseignant de Ki-A\u00efkido [Shihan] &amp; Dim-Mak), Fondateur du Dojo du Nouveau Monde (2010), \\\"S\u00e9ancier\\\" de Kiatsu, M\u00e9tatronicien, Radiesth\u00e9siste, Coutelier d'art, Conf\u00e9rencier et Auteur du livre \\\"Ki - Le Chemin de l'\u00c9veil\\\" (2018). Je suis \u00e9galement Consultant strat\u00e9gique en \u00e9volution et prosp\u00e9rit\u00e9 des personnes et des organisations.\",\"sameAs\":[\"http:\/\/www.jrfortin.com\"]}]}<\/script>\n<!-- \/ Yoast SEO plugin. -->","yoast_head_json":{"title":"Formation de groupe et priv\u00e9e sur les pratiques de Ki - Dojo du Nouveau Monde","robots":{"index":"index","follow":"follow","max-snippet":"max-snippet:-1","max-image-preview":"max-image-preview:large","max-video-preview":"max-video-preview:-1"},"canonical":"https:\/\/jrfortin.com\/jrf\/modules-de-formation\/","og_locale":"fr_FR","og_type":"article","og_title":"Formation de groupe et priv\u00e9e sur les pratiques de Ki - Dojo du Nouveau Monde","og_description":"Voici les 12 modules de formation de base du Dojo \u2026 continuez la lecture","og_url":"https:\/\/jrfortin.com\/jrf\/modules-de-formation\/","og_site_name":"Dojo du Nouveau Monde","article_modified_time":"2025-04-04T11:52:28+00:00","og_image":[{"url":"http:\/\/jrfortin.com\/jrf\/wp-content\/uploads\/2018\/10\/Sans-titre-1-1-230x300.png","type":"","width":"","height":""}],"twitter_card":"summary_large_image","twitter_site":"@fortin_rock","twitter_misc":{"Dur\u00e9e de lecture estim\u00e9e":"7 minutes"},"schema":{"@context":"https:\/\/schema.org","@graph":[{"@type":"WebPage","@id":"https:\/\/jrfortin.com\/jrf\/modules-de-formation\/","url":"https:\/\/jrfortin.com\/jrf\/modules-de-formation\/","name":"Formation de groupe et priv\u00e9e sur les pratiques de Ki - Dojo du Nouveau Monde","isPartOf":{"@id":"https:\/\/jrfortin.com\/jrf\/#website"},"primaryImageOfPage":{"@id":"https:\/\/jrfortin.com\/jrf\/modules-de-formation\/#primaryimage"},"image":{"@id":"https:\/\/jrfortin.com\/jrf\/modules-de-formation\/#primaryimage"},"thumbnailUrl":"http:\/\/jrfortin.com\/jrf\/wp-content\/uploads\/2018\/10\/Sans-titre-1-1-230x300.png","datePublished":"2017-07-04T00:40:15+00:00","dateModified":"2025-04-04T11:52:28+00:00","breadcrumb":{"@id":"https:\/\/jrfortin.com\/jrf\/modules-de-formation\/#breadcrumb"},"inLanguage":"fr-FR","potentialAction":[{"@type":"ReadAction","target":["https:\/\/jrfortin.com\/jrf\/modules-de-formation\/"]}]},{"@type":"ImageObject","inLanguage":"fr-FR","@id":"https:\/\/jrfortin.com\/jrf\/modules-de-formation\/#primaryimage","url":"http:\/\/jrfortin.com\/jrf\/wp-content\/uploads\/2018\/10\/Sans-titre-1-1-230x300.png","contentUrl":"http:\/\/jrfortin.com\/jrf\/wp-content\/uploads\/2018\/10\/Sans-titre-1-1-230x300.png"},{"@type":"BreadcrumbList","@id":"https:\/\/jrfortin.com\/jrf\/modules-de-formation\/#breadcrumb","itemListElement":[{"@type":"ListItem","position":1,"name":"Accueil","item":"https:\/\/jrfortin.com\/jrf\/"},{"@type":"ListItem","position":2,"name":"Formation de groupe et priv\u00e9e sur les pratiques de Ki"}]},{"@type":"WebSite","@id":"https:\/\/jrfortin.com\/jrf\/#website","url":"https:\/\/jrfortin.com\/jrf\/","name":"Dojo du Nouveau Monde","description":"R\u00e9seau de Shihan Jean-Rock Fortin","publisher":{"@id":"https:\/\/jrfortin.com\/jrf\/#\/schema\/person\/420b013ae3febafe8d99a66adee55de9"},"potentialAction":[{"@type":"SearchAction","target":{"@type":"EntryPoint","urlTemplate":"https:\/\/jrfortin.com\/jrf\/?s={search_term_string}"},"query-input":{"@type":"PropertyValueSpecification","valueRequired":true,"valueName":"search_term_string"}}],"inLanguage":"fr-FR"},{"@type":["Person","Organization"],"@id":"https:\/\/jrfortin.com\/jrf\/#\/schema\/person\/420b013ae3febafe8d99a66adee55de9","name":"Shihan Jean-Rock Fortin, M.A.","image":{"@type":"ImageObject","inLanguage":"fr-FR","@id":"https:\/\/jrfortin.com\/jrf\/#\/schema\/person\/image\/","url":"https:\/\/i2.wp.com\/jrfortin.com\/jrf\/wp-content\/uploads\/2020\/07\/ki-le-chemin.jpg?fit=600%2C848&ssl=1","contentUrl":"https:\/\/i2.wp.com\/jrfortin.com\/jrf\/wp-content\/uploads\/2020\/07\/ki-le-chemin.jpg?fit=600%2C848&ssl=1","width":600,"height":848,"caption":"Shihan Jean-Rock Fortin, M.A."},"logo":{"@id":"https:\/\/jrfortin.com\/jrf\/#\/schema\/person\/image\/"},"description":"Globetrotteur par affaires et pour le plaisir, et Orientaliste, je suis instructeur d'arts martiaux (maitre-enseignant de Ki-A\u00efkido [Shihan] &amp; Dim-Mak), Fondateur du Dojo du Nouveau Monde (2010), \"S\u00e9ancier\" de Kiatsu, M\u00e9tatronicien, Radiesth\u00e9siste, Coutelier d'art, Conf\u00e9rencier et Auteur du livre \"Ki - Le Chemin de l'\u00c9veil\" (2018). Je suis \u00e9galement Consultant strat\u00e9gique en \u00e9volution et prosp\u00e9rit\u00e9 des personnes et des organisations.","sameAs":["http:\/\/www.jrfortin.com"]}]}},"jetpack_sharing_enabled":true,"_links":{"self":[{"href":"https:\/\/jrfortin.com\/jrf\/wp-json\/wp\/v2\/pages\/5625","targetHints":{"allow":["GET"]}}],"collection":[{"href":"https:\/\/jrfortin.com\/jrf\/wp-json\/wp\/v2\/pages"}],"about":[{"href":"https:\/\/jrfortin.com\/jrf\/wp-json\/wp\/v2\/types\/page"}],"author":[{"embeddable":true,"href":"https:\/\/jrfortin.com\/jrf\/wp-json\/wp\/v2\/users\/1"}],"replies":[{"embeddable":true,"href":"https:\/\/jrfortin.com\/jrf\/wp-json\/wp\/v2\/comments?post=5625"}],"version-history":[{"count":2,"href":"https:\/\/jrfortin.com\/jrf\/wp-json\/wp\/v2\/pages\/5625\/revisions"}],"predecessor-version":[{"id":20376,"href":"https:\/\/jrfortin.com\/jrf\/wp-json\/wp\/v2\/pages\/5625\/revisions\/20376"}],"wp:attachment":[{"href":"https:\/\/jrfortin.com\/jrf\/wp-json\/wp\/v2\/media?parent=5625"}],"curies":[{"name":"wp","href":"https:\/\/api.w.org\/{rel}","templated":true}]}}