{"id":5917,"date":"2017-07-06T18:00:21","date_gmt":"2017-07-06T22:00:21","guid":{"rendered":"http:\/\/jrfortin.com\/jrf\/aikido\/?page_id=5917"},"modified":"2023-07-12T13:15:39","modified_gmt":"2023-07-12T17:15:39","slug":"dojo-de-quebec-2","status":"publish","type":"page","link":"https:\/\/jrfortin.com\/jrf\/dojo-de-quebec-2\/","title":{"rendered":"DOJO de K\u00e9bek"},"content":{"rendered":"<h3 style=\"text-align: center;\">KI-A\u00cfKIDO &amp; ART MARTIAL COGNITIF<\/h3>\n<p style=\"text-align: center;\"><strong><em>Bienvenue dans le r\u00e9seau de Shihan Jean-Rock Fortin !<\/em><\/strong><\/p>\n<hr \/>\n<p style=\"text-align: left;\">Le Dojo du Nouveau Monde est toujours tr\u00e8s actif.<\/p>\n<ul style=\"text-align: justify;\">\n<li style=\"list-style-type: none;\">\n<ul>\n<li style=\"text-align: justify;\"><strong>Pour l\u2019activit\u00e9 Jissen-Ka\u00ef (<a href=\"https:\/\/jrfortin.com\/jrf\/modules-de-formation\/\" target=\"_blank\" rel=\"noopener\">ART MARTIAL COGNITIF [AMC]<\/a>)<\/strong>, une tenue vestimentaire sportive et d\u00e9contract\u00e9e est appropri\u00e9e (ex. pantalon ample de coton avec T-shirt). Pour leur confort, les participants peuvent amener un tapis de sol pour Yoga, et un banc appropri\u00e9 de m\u00e9ditation.<\/li>\n<\/ul>\n<ul>\n<li style=\"text-align: justify;\"><strong>Pour l\u2019activit\u00e9 de Ki-A\u00cfKIDO et DIM-MAK<\/strong>, le v\u00eatement appropri\u00e9 est le <em>Keikogi<\/em> ou <em>Gi<\/em> (v\u00eatement d\u2019entrainement des arts martiaux compos\u00e9 d\u2019une ceinture [<em>Obi<\/em>], d\u2019une veste [<em>Uwagi<\/em>] et d\u2019un pantalon [<em>Zubon<\/em>] amples, souvent fait de coton).<\/li>\n<\/ul>\n<\/li>\n<\/ul>\n<hr \/>\n<p style=\"text-align: justify;\">Des formations individuelles (<a href=\"https:\/\/jrfortin.com\/jrf\/services-de-formation-en-art-martial-cognitif\/\"><strong>cours priv\u00e9s<\/strong><\/a>) et s\u00e9minaires en ART MARTIAL COGNITIF (AMC) et en Ki-A\u00cfKIDO sont \u00e9galement disponibles sur demande.<\/p>\n<hr \/>\n<p style=\"text-align: center;\"><strong>CONTACT<\/strong><\/p>\n<p style=\"text-align: center;\"><strong>Pour plus d&rsquo;information, contactez Shihan Jean-Rock Fortin \u00e0 Qu\u00e9bec :<br \/>\npar courriel : <a href=\"mailto:jrfortin@me.com\">jrfortin@me.com<\/a><\/strong><strong>, ou par t\u00e9l\u00e9phone : (418) 650-5494.<\/strong><\/p>\n<p style=\"text-align: center;\"><em>Si votre attitude est positive, vous serez admis\u00a0au sein de notre Dojo !<\/em><\/p>\n<hr \/>\n<p style=\"text-align: justify;\">\u00a0Les pratiques des activit\u00e9s li\u00e9es au Ki et l\u2019A\u00efkido sont fascinantes. Elles s\u2019av\u00e8rent des activit\u00e9s agr\u00e9ables et tr\u00e8s vivifiantes pour les participants. Cependant, l\u2019\u00e9tude r\u00e9elle du Ki et de l\u2019A\u00efkido se r\u00e9v\u00e8le des plus b\u00e9n\u00e9fique sur le plan humain. En effet, de nombreux t\u00e9moignages d\u2019\u00e9l\u00e8ves r\u00e9v\u00e8lent les extraordinaires bienfaits apport\u00e9s par cette pratique dans la vie courante.<\/p>\n<p style=\"text-align: justify;\">C\u2019est pourquoi les activit\u00e9s du Dojo sont structur\u00e9es pour en permettre cette \u00e9tude syst\u00e9matis\u00e9e qui assure la v\u00e9ritable progression du pratiquant. D\u2019autant plus que chaque \u00e9l\u00e9ment \u00e0 l\u2019\u00e9tude est document\u00e9 en se r\u00e9f\u00e9rant directement \u00e0 des sections du livre : \u00ab <a href=\"https:\/\/jrfortin.com\/jrf\/ouvrages-litteraires-de-jean-rock-fortin-sur-le-ki-laikido-et-la-coordination-corps-esprit\/\"><strong>Ki \u2014 LE CHEMIN DE L\u2019\u00c9VEIL\u00a0<\/strong><\/a>\u00bb.<\/p>\n<p style=\"text-align: justify;\">De cette mani\u00e8re, un pratiquant qui a manqu\u00e9 un cours pourra effectuer un rattrapage ad\u00e9quat et poursuivre son \u00e9tude, en y mettant l\u2019effort requis avec le concours courtois d\u2019un instructeur ou d\u2019un \u00e9l\u00e8ve avanc\u00e9 du Dojo.<\/p>\n<p style=\"text-align: justify;\">Rappelons aussi que la Mission du Dojo du Nouveau Monde consiste \u00e0 <strong>: \u00ab <\/strong><em>Diffuser les principes universels de coordination corps \u2013 esprit et les connaissances sur le Ki afin d\u2019am\u00e9liorer le tissu de l\u2019humanit\u00e9 par l\u2019\u00e9veil spirituel<\/em>. <strong>\u00bb<\/strong> Une mani\u00e8re traditionnelle d\u2019y arriver consiste \u00e0 partager ad\u00e9quatement sous forme de cours cette formidable connaissance pratique applicable \u00e0 toutes les activit\u00e9s humaines positives.<\/p>\n<hr \/>\n<p style=\"text-align: justify;\"><img data-recalc-dims=\"1\" loading=\"lazy\" decoding=\"async\" data-attachment-id=\"7910\" data-permalink=\"https:\/\/jrfortin.com\/jrf\/blog\/le-bras-inflexible\/bras-inflexible\/\" data-orig-file=\"https:\/\/i0.wp.com\/jrfortin.com\/jrf\/wp-content\/uploads\/2011\/04\/Bras-inflexible.png?fit=959%2C1463&amp;ssl=1\" data-orig-size=\"959,1463\" data-comments-opened=\"0\" data-image-meta=\"{&quot;aperture&quot;:&quot;0&quot;,&quot;credit&quot;:&quot;&quot;,&quot;camera&quot;:&quot;&quot;,&quot;caption&quot;:&quot;&quot;,&quot;created_timestamp&quot;:&quot;0&quot;,&quot;copyright&quot;:&quot;&quot;,&quot;focal_length&quot;:&quot;0&quot;,&quot;iso&quot;:&quot;0&quot;,&quot;shutter_speed&quot;:&quot;0&quot;,&quot;title&quot;:&quot;&quot;,&quot;orientation&quot;:&quot;0&quot;}\" data-image-title=\"Bras inflexible\" data-image-description=\"\" data-image-caption=\"\" data-medium-file=\"https:\/\/i0.wp.com\/jrfortin.com\/jrf\/wp-content\/uploads\/2011\/04\/Bras-inflexible.png?fit=197%2C300&amp;ssl=1\" data-large-file=\"https:\/\/i0.wp.com\/jrfortin.com\/jrf\/wp-content\/uploads\/2011\/04\/Bras-inflexible.png?fit=671%2C1024&amp;ssl=1\" class=\"wp-image-7910 size-medium alignright\" src=\"https:\/\/i0.wp.com\/jrfortin.com\/jrf\/wp-content\/uploads\/2011\/04\/Bras-inflexible.png?resize=197%2C300&#038;ssl=1\" alt=\"\" width=\"197\" height=\"300\" srcset=\"https:\/\/i0.wp.com\/jrfortin.com\/jrf\/wp-content\/uploads\/2011\/04\/Bras-inflexible.png?resize=197%2C300&amp;ssl=1 197w, https:\/\/i0.wp.com\/jrfortin.com\/jrf\/wp-content\/uploads\/2011\/04\/Bras-inflexible.png?resize=768%2C1172&amp;ssl=1 768w, https:\/\/i0.wp.com\/jrfortin.com\/jrf\/wp-content\/uploads\/2011\/04\/Bras-inflexible.png?resize=671%2C1024&amp;ssl=1 671w, https:\/\/i0.wp.com\/jrfortin.com\/jrf\/wp-content\/uploads\/2011\/04\/Bras-inflexible.png?resize=600%2C915&amp;ssl=1 600w, https:\/\/i0.wp.com\/jrfortin.com\/jrf\/wp-content\/uploads\/2011\/04\/Bras-inflexible.png?resize=118%2C180&amp;ssl=1 118w, https:\/\/i0.wp.com\/jrfortin.com\/jrf\/wp-content\/uploads\/2011\/04\/Bras-inflexible.png?resize=393%2C600&amp;ssl=1 393w, https:\/\/i0.wp.com\/jrfortin.com\/jrf\/wp-content\/uploads\/2011\/04\/Bras-inflexible.png?resize=98%2C150&amp;ssl=1 98w, https:\/\/i0.wp.com\/jrfortin.com\/jrf\/wp-content\/uploads\/2011\/04\/Bras-inflexible.png?w=959&amp;ssl=1 959w\" sizes=\"auto, (max-width: 197px) 100vw, 197px\" \/><\/p>\n<p style=\"text-align: justify;\"><strong>Les entra\u00eenements Jissen-Ka\u00ef ne comportent <span style=\"text-decoration: underline;\">ni frappe ni projection<\/span>. Il s&rsquo;agit d&rsquo;une pratique appel\u00e9e : ART MARTIAL COGNITIF (AMC)<\/strong><strong><br \/>\n<\/strong><\/p>\n<p style=\"text-align: justify;\">Les cours sont pr\u00e9sent\u00e9s avec un support didactique r\u00e9cemment d\u00e9velopp\u00e9 sous la forme d\u2019une pr\u00e9sentation multim\u00e9dia. Cette activit\u00e9 est requise pour acc\u00e9der \u00e0 la partie Ki-A\u00efkido du mercredi.<\/p>\n<p style=\"text-align: justify;\">Dans cette partie les participants pratiquent \u00e9galement, \u00e0 chaque cours, des exercices yoguiques (pp.\u00a0318-319), des exercices d\u2019\u00e9tirements au sol (<em>Junan Kenko Taiso<\/em> [p.\u00a0319]), des exercices de Ki pour la sant\u00e9 (<em>Toitsu Taiso <\/em>[p.\u00a0320-322]) et des exercices d&rsquo;A\u00efkido appel\u00e9s <em>Hitori Waza<\/em> (pp.\u00a0323-335)<em>.<\/em><\/p>\n<p style=\"text-align: justify;\">Avec la m\u00e9ditation avec Ki (<em>Ni-bun-no-ichi<\/em> et <em>Ki-no-kaduka\u00ef-ho<\/em> [pp. 228-230]), l\u2019exercice de respiration avec Ki (<em>Ki-no-kokyu-<\/em>ho [pp.\u00a0243-245]) et les techniques d\u2019assainissement de l\u2019esprit et des lieux, tel que <em>Ki-bara\u00ef <\/em>(pp.\u00a0253-259), ces exercices constituent une panoplie permettant le d\u00e9veloppement des participants par eux-m\u00eames, en dehors des activit\u00e9s du Dojo.<\/p>\n<p style=\"text-align: justify;\">Les activit\u00e9s de l\u2019Art Martial Cognitif (AMC) conduisent, apr\u00e8s les examens appropri\u00e9s, \u00e0 la graduation des pratiquants (offerte en dehors des heures de cours) selon leur maitrise de la coordination corps \u2013 esprit et du <em>Ki<\/em> (grades inf\u00e9rieurs\u00a0:<em> Shokyu, Chukyu,<\/em> et<em> Jokyu, <\/em>et grades sup\u00e9rieurs\u00a0:<em> Shoden, Chuden <\/em>et<em> Okuden<\/em>).<\/p>\n<hr \/>\n<p style=\"text-align: center;\"><strong>KI-A\u00cfKIDO<br \/>\nA\u00efkido pratiqu\u00e9 avec coordination corps \u2013 esprit<\/strong><\/p>\n<p style=\"text-align: justify;\"><strong>La pratique des techniques martiales \u00e0 mains nues (Kumi Waza) du Ki-A\u00cfKIDO.<\/strong><\/p>\n<p style=\"text-align: justify;\">Dans cette partie les participants pratiquent des techniques martiales appel\u00e9es <em>Kumi Waza <\/em>(pp.\u00a0336-386).\u00a0<em>\u00a0<\/em><\/p>\n<p style=\"text-align: justify;\">La derni\u00e8re demi-heure du cours de Ki-A\u00efkido est consacr\u00e9e, en alternance, <em>au Randori<\/em> (la maitrise de techniques martiales sur des attaques arm\u00e9es ou non par un ou plusieurs partenaires) et aux <em>Taigis<\/em> (Katas de techniques avec partenaire).<\/p>\n<p style=\"text-align: justify;\">Ces activit\u00e9s martiales conduisent, apr\u00e8s les examens appropri\u00e9s, \u00e0 la graduation des pratiquants (offerte en dehors des heures de cours) selon leur maitrise de l\u2019A\u00efkido pratiqu\u00e9 avec coordination corps \u2013 esprit (grades inf\u00e9rieurs\u00a0: <em>Nikyu<\/em> [ceinture bleue], <em>Ikkyu<\/em> [ceinture brune] et grade sup\u00e9rieur\u00a0: <em>Shodan, Nidan et Sandan<\/em> [ceintures noires premier, deuxi\u00e8me et troisi\u00e8me degr\u00e9s]).<\/p>\n<hr \/>\n<h4 style=\"text-align: justify;\"><img data-recalc-dims=\"1\" loading=\"lazy\" decoding=\"async\" data-attachment-id=\"5578\" data-permalink=\"https:\/\/jrfortin.com\/jrf\/pratiques-esoteriques\/affiche-budo\/\" data-orig-file=\"https:\/\/i0.wp.com\/jrfortin.com\/jrf\/wp-content\/uploads\/2016\/12\/AFFICHE-BUDO.png?fit=360%2C526&amp;ssl=1\" data-orig-size=\"360,526\" data-comments-opened=\"0\" data-image-meta=\"{&quot;aperture&quot;:&quot;0&quot;,&quot;credit&quot;:&quot;&quot;,&quot;camera&quot;:&quot;&quot;,&quot;caption&quot;:&quot;&quot;,&quot;created_timestamp&quot;:&quot;0&quot;,&quot;copyright&quot;:&quot;&quot;,&quot;focal_length&quot;:&quot;0&quot;,&quot;iso&quot;:&quot;0&quot;,&quot;shutter_speed&quot;:&quot;0&quot;,&quot;title&quot;:&quot;&quot;,&quot;orientation&quot;:&quot;0&quot;}\" data-image-title=\"AFFICHE-BUDO\" data-image-description=\"&lt;p&gt;Affiche du kanji du BUDO&lt;\/p&gt;\n\" data-image-caption=\"&lt;p&gt;Affiche calligraphie&lt;\/p&gt;\n\" data-medium-file=\"https:\/\/i0.wp.com\/jrfortin.com\/jrf\/wp-content\/uploads\/2016\/12\/AFFICHE-BUDO.png?fit=205%2C300&amp;ssl=1\" data-large-file=\"https:\/\/i0.wp.com\/jrfortin.com\/jrf\/wp-content\/uploads\/2016\/12\/AFFICHE-BUDO.png?fit=360%2C526&amp;ssl=1\" class=\"wp-image-5578 size-medium alignleft\" src=\"https:\/\/i0.wp.com\/jrfortin.com\/jrf\/wp-content\/uploads\/2016\/12\/AFFICHE-BUDO.png?resize=205%2C300&#038;ssl=1\" alt=\"\" width=\"205\" height=\"300\" srcset=\"https:\/\/i0.wp.com\/jrfortin.com\/jrf\/wp-content\/uploads\/2016\/12\/AFFICHE-BUDO.png?resize=205%2C300&amp;ssl=1 205w, https:\/\/i0.wp.com\/jrfortin.com\/jrf\/wp-content\/uploads\/2016\/12\/AFFICHE-BUDO.png?resize=123%2C180&amp;ssl=1 123w, https:\/\/i0.wp.com\/jrfortin.com\/jrf\/wp-content\/uploads\/2016\/12\/AFFICHE-BUDO.png?w=360&amp;ssl=1 360w\" sizes=\"auto, (max-width: 205px) 100vw, 205px\" \/><strong>Fournisseur officiel d&rsquo;\u00e9quipements d&rsquo;arts martiaux du DOJO du Nouveau Monde<\/strong> :<\/h4>\n<h4 style=\"text-align: justify;\"><a href=\"http:\/\/www.jukado.com\" target=\"_blank\" rel=\"noopener noreferrer\"><strong><em>JUKADO.com<\/em><\/strong><\/a><\/h4>\n<p style=\"text-align: justify;\">Boutique d&rsquo;Arts martiaux situ\u00e9e \u00e0 Montr\u00e9al (QC). <a href=\"mailto:jrfortin@me.com?subject=Commande de produits chez Jukado\"><strong>En commandant aupr\u00e8s de moi, vous b\u00e9n\u00e9ficiez du transport postal <\/strong><strong>gratuit<\/strong> <\/a><strong>(applicable seulement pour les pratiquants du Dojo de Qu\u00e9bec).<\/strong><\/p>\n<p style=\"text-align: justify;\"><a name=\"ancreA\"><\/a><\/p>\n<p style=\"text-align: justify;\">Voir quelques exemples de produits recommand\u00e9s pour la pratique de l&rsquo;A\u00efkido, <a href=\"https:\/\/jrfortin.com\/jrf\/quelques-liens-utiles\/#ancre3\"><strong><em>en cliquant ici&#8230;<\/em><\/strong><\/a><\/p>\n<hr \/>\n<h6><em><img data-recalc-dims=\"1\" loading=\"lazy\" decoding=\"async\" data-attachment-id=\"6133\" data-permalink=\"https:\/\/jrfortin.com\/jrf\/les-objets-de-notre-pratique\/koteg\/\" data-orig-file=\"https:\/\/i0.wp.com\/jrfortin.com\/jrf\/wp-content\/uploads\/2017\/07\/koteg.png?fit=400%2C306&amp;ssl=1\" data-orig-size=\"400,306\" data-comments-opened=\"0\" data-image-meta=\"{&quot;aperture&quot;:&quot;0&quot;,&quot;credit&quot;:&quot;&quot;,&quot;camera&quot;:&quot;&quot;,&quot;caption&quot;:&quot;&quot;,&quot;created_timestamp&quot;:&quot;0&quot;,&quot;copyright&quot;:&quot;&quot;,&quot;focal_length&quot;:&quot;0&quot;,&quot;iso&quot;:&quot;0&quot;,&quot;shutter_speed&quot;:&quot;0&quot;,&quot;title&quot;:&quot;&quot;,&quot;orientation&quot;:&quot;0&quot;}\" data-image-title=\"koteg\" data-image-description=\"\" data-image-caption=\"\" data-medium-file=\"https:\/\/i0.wp.com\/jrfortin.com\/jrf\/wp-content\/uploads\/2017\/07\/koteg.png?fit=300%2C230&amp;ssl=1\" data-large-file=\"https:\/\/i0.wp.com\/jrfortin.com\/jrf\/wp-content\/uploads\/2017\/07\/koteg.png?fit=400%2C306&amp;ssl=1\" class=\"alignnone size-full wp-image-6133 aligncenter\" src=\"https:\/\/i0.wp.com\/jrfortin.com\/jrf\/wp-content\/uploads\/2017\/07\/koteg.png?resize=400%2C306&#038;ssl=1\" alt=\"\" width=\"400\" height=\"306\" srcset=\"https:\/\/i0.wp.com\/jrfortin.com\/jrf\/wp-content\/uploads\/2017\/07\/koteg.png?w=400&amp;ssl=1 400w, https:\/\/i0.wp.com\/jrfortin.com\/jrf\/wp-content\/uploads\/2017\/07\/koteg.png?resize=300%2C230&amp;ssl=1 300w, https:\/\/i0.wp.com\/jrfortin.com\/jrf\/wp-content\/uploads\/2017\/07\/koteg.png?resize=180%2C138&amp;ssl=1 180w\" sizes=\"auto, (max-width: 400px) 100vw, 400px\" \/><\/em><\/h6>\n<hr \/>\n<p style=\"text-align: justify;\"><em>La formation planifi\u00e9e ne peut pas couvrir toute la mati\u00e8re disponible en AMC et en Ki-A\u00efkido. Cependant, elle est peut \u00eatre compl\u00e9t\u00e9e par des stages sp\u00e9cialis\u00e9s et autres activit\u00e9s de formation en dehors des heures planifi\u00e9es du Dojo, en fonction des fonds disponibles et de l\u2019int\u00e9r\u00eat des participants.<\/em><\/p>\n","protected":false},"excerpt":{"rendered":"<p>KI-A\u00cfKIDO &amp; ART MARTIAL COGNITIF Bienvenue dan\u2026<\/p>\n<p> <a class=\"continue-reading-link\" href=\"https:\/\/jrfortin.com\/jrf\/dojo-de-quebec-2\/\"><span>continuez la lecture<\/span><i class=\"crycon-right-dir\"><\/i><\/a> <\/p>\n","protected":false},"author":1,"featured_media":0,"parent":0,"menu_order":0,"comment_status":"open","ping_status":"closed","template":"templates\/template-twocolumns-right.php","meta":{"footnotes":""},"class_list":["post-5917","page","type-page","status-publish","hentry"],"yoast_head":"<!-- This site is optimized with the Yoast SEO plugin v26.7 - https:\/\/yoast.com\/wordpress\/plugins\/seo\/ -->\n<title>DOJO de K\u00e9bek - Dojo du Nouveau Monde<\/title>\n<meta name=\"robots\" content=\"index, follow, max-snippet:-1, max-image-preview:large, max-video-preview:-1\" \/>\n<link rel=\"canonical\" href=\"https:\/\/jrfortin.com\/jrf\/dojo-de-quebec-2\/\" \/>\n<meta property=\"og:locale\" content=\"fr_FR\" \/>\n<meta property=\"og:type\" content=\"article\" \/>\n<meta property=\"og:title\" content=\"DOJO de K\u00e9bek - Dojo du Nouveau Monde\" \/>\n<meta property=\"og:description\" content=\"KI-A\u00cfKIDO &amp; ART MARTIAL COGNITIF Bienvenue dan\u2026 continuez la lecture\" \/>\n<meta property=\"og:url\" content=\"https:\/\/jrfortin.com\/jrf\/dojo-de-quebec-2\/\" \/>\n<meta property=\"og:site_name\" content=\"Dojo du Nouveau Monde\" \/>\n<meta property=\"article:modified_time\" content=\"2023-07-12T17:15:39+00:00\" \/>\n<meta property=\"og:image\" content=\"https:\/\/jrfortin.com\/jrf\/wp-content\/uploads\/2011\/04\/Bras-inflexible-197x300.png\" \/>\n<meta name=\"twitter:card\" content=\"summary_large_image\" \/>\n<meta name=\"twitter:site\" content=\"@fortin_rock\" \/>\n<meta name=\"twitter:label1\" content=\"Dur\u00e9e de lecture estim\u00e9e\" \/>\n\t<meta name=\"twitter:data1\" content=\"4 minutes\" \/>\n<script type=\"application\/ld+json\" class=\"yoast-schema-graph\">{\"@context\":\"https:\/\/schema.org\",\"@graph\":[{\"@type\":\"WebPage\",\"@id\":\"https:\/\/jrfortin.com\/jrf\/dojo-de-quebec-2\/\",\"url\":\"https:\/\/jrfortin.com\/jrf\/dojo-de-quebec-2\/\",\"name\":\"DOJO de K\u00e9bek - Dojo du Nouveau Monde\",\"isPartOf\":{\"@id\":\"https:\/\/jrfortin.com\/jrf\/#website\"},\"primaryImageOfPage\":{\"@id\":\"https:\/\/jrfortin.com\/jrf\/dojo-de-quebec-2\/#primaryimage\"},\"image\":{\"@id\":\"https:\/\/jrfortin.com\/jrf\/dojo-de-quebec-2\/#primaryimage\"},\"thumbnailUrl\":\"https:\/\/jrfortin.com\/jrf\/wp-content\/uploads\/2011\/04\/Bras-inflexible-197x300.png\",\"datePublished\":\"2017-07-06T22:00:21+00:00\",\"dateModified\":\"2023-07-12T17:15:39+00:00\",\"breadcrumb\":{\"@id\":\"https:\/\/jrfortin.com\/jrf\/dojo-de-quebec-2\/#breadcrumb\"},\"inLanguage\":\"fr-FR\",\"potentialAction\":[{\"@type\":\"ReadAction\",\"target\":[\"https:\/\/jrfortin.com\/jrf\/dojo-de-quebec-2\/\"]}]},{\"@type\":\"ImageObject\",\"inLanguage\":\"fr-FR\",\"@id\":\"https:\/\/jrfortin.com\/jrf\/dojo-de-quebec-2\/#primaryimage\",\"url\":\"https:\/\/i0.wp.com\/jrfortin.com\/jrf\/wp-content\/uploads\/2011\/04\/Bras-inflexible.png?fit=959%2C1463&ssl=1\",\"contentUrl\":\"https:\/\/i0.wp.com\/jrfortin.com\/jrf\/wp-content\/uploads\/2011\/04\/Bras-inflexible.png?fit=959%2C1463&ssl=1\",\"width\":959,\"height\":1463},{\"@type\":\"BreadcrumbList\",\"@id\":\"https:\/\/jrfortin.com\/jrf\/dojo-de-quebec-2\/#breadcrumb\",\"itemListElement\":[{\"@type\":\"ListItem\",\"position\":1,\"name\":\"Accueil\",\"item\":\"https:\/\/jrfortin.com\/jrf\/\"},{\"@type\":\"ListItem\",\"position\":2,\"name\":\"DOJO de K\u00e9bek\"}]},{\"@type\":\"WebSite\",\"@id\":\"https:\/\/jrfortin.com\/jrf\/#website\",\"url\":\"https:\/\/jrfortin.com\/jrf\/\",\"name\":\"Dojo du Nouveau Monde\",\"description\":\"R\u00e9seau de Shihan Jean-Rock Fortin\",\"publisher\":{\"@id\":\"https:\/\/jrfortin.com\/jrf\/#\/schema\/person\/420b013ae3febafe8d99a66adee55de9\"},\"potentialAction\":[{\"@type\":\"SearchAction\",\"target\":{\"@type\":\"EntryPoint\",\"urlTemplate\":\"https:\/\/jrfortin.com\/jrf\/?s={search_term_string}\"},\"query-input\":{\"@type\":\"PropertyValueSpecification\",\"valueRequired\":true,\"valueName\":\"search_term_string\"}}],\"inLanguage\":\"fr-FR\"},{\"@type\":[\"Person\",\"Organization\"],\"@id\":\"https:\/\/jrfortin.com\/jrf\/#\/schema\/person\/420b013ae3febafe8d99a66adee55de9\",\"name\":\"Shihan Jean-Rock Fortin, M.A.\",\"image\":{\"@type\":\"ImageObject\",\"inLanguage\":\"fr-FR\",\"@id\":\"https:\/\/jrfortin.com\/jrf\/#\/schema\/person\/image\/\",\"url\":\"https:\/\/i2.wp.com\/jrfortin.com\/jrf\/wp-content\/uploads\/2020\/07\/ki-le-chemin.jpg?fit=600%2C848&ssl=1\",\"contentUrl\":\"https:\/\/i2.wp.com\/jrfortin.com\/jrf\/wp-content\/uploads\/2020\/07\/ki-le-chemin.jpg?fit=600%2C848&ssl=1\",\"width\":600,\"height\":848,\"caption\":\"Shihan Jean-Rock Fortin, M.A.\"},\"logo\":{\"@id\":\"https:\/\/jrfortin.com\/jrf\/#\/schema\/person\/image\/\"},\"description\":\"Globetrotteur par affaires et pour le plaisir, et Orientaliste, je suis instructeur d'arts martiaux (maitre-enseignant de Ki-A\u00efkido [Shihan] &amp; Dim-Mak), Fondateur du Dojo du Nouveau Monde (2010), \\\"S\u00e9ancier\\\" de Kiatsu, M\u00e9tatronicien, Radiesth\u00e9siste, Coutelier d'art, Conf\u00e9rencier et Auteur du livre \\\"Ki - Le Chemin de l'\u00c9veil\\\" (2018). Je suis \u00e9galement Consultant strat\u00e9gique en \u00e9volution et prosp\u00e9rit\u00e9 des personnes et des organisations.\",\"sameAs\":[\"http:\/\/www.jrfortin.com\"]}]}<\/script>\n<!-- \/ Yoast SEO plugin. -->","yoast_head_json":{"title":"DOJO de K\u00e9bek - Dojo du Nouveau Monde","robots":{"index":"index","follow":"follow","max-snippet":"max-snippet:-1","max-image-preview":"max-image-preview:large","max-video-preview":"max-video-preview:-1"},"canonical":"https:\/\/jrfortin.com\/jrf\/dojo-de-quebec-2\/","og_locale":"fr_FR","og_type":"article","og_title":"DOJO de K\u00e9bek - Dojo du Nouveau Monde","og_description":"KI-A\u00cfKIDO &amp; ART MARTIAL COGNITIF Bienvenue dan\u2026 continuez la lecture","og_url":"https:\/\/jrfortin.com\/jrf\/dojo-de-quebec-2\/","og_site_name":"Dojo du Nouveau Monde","article_modified_time":"2023-07-12T17:15:39+00:00","og_image":[{"url":"https:\/\/jrfortin.com\/jrf\/wp-content\/uploads\/2011\/04\/Bras-inflexible-197x300.png","type":"","width":"","height":""}],"twitter_card":"summary_large_image","twitter_site":"@fortin_rock","twitter_misc":{"Dur\u00e9e de lecture estim\u00e9e":"4 minutes"},"schema":{"@context":"https:\/\/schema.org","@graph":[{"@type":"WebPage","@id":"https:\/\/jrfortin.com\/jrf\/dojo-de-quebec-2\/","url":"https:\/\/jrfortin.com\/jrf\/dojo-de-quebec-2\/","name":"DOJO de K\u00e9bek - Dojo du Nouveau Monde","isPartOf":{"@id":"https:\/\/jrfortin.com\/jrf\/#website"},"primaryImageOfPage":{"@id":"https:\/\/jrfortin.com\/jrf\/dojo-de-quebec-2\/#primaryimage"},"image":{"@id":"https:\/\/jrfortin.com\/jrf\/dojo-de-quebec-2\/#primaryimage"},"thumbnailUrl":"https:\/\/jrfortin.com\/jrf\/wp-content\/uploads\/2011\/04\/Bras-inflexible-197x300.png","datePublished":"2017-07-06T22:00:21+00:00","dateModified":"2023-07-12T17:15:39+00:00","breadcrumb":{"@id":"https:\/\/jrfortin.com\/jrf\/dojo-de-quebec-2\/#breadcrumb"},"inLanguage":"fr-FR","potentialAction":[{"@type":"ReadAction","target":["https:\/\/jrfortin.com\/jrf\/dojo-de-quebec-2\/"]}]},{"@type":"ImageObject","inLanguage":"fr-FR","@id":"https:\/\/jrfortin.com\/jrf\/dojo-de-quebec-2\/#primaryimage","url":"https:\/\/i0.wp.com\/jrfortin.com\/jrf\/wp-content\/uploads\/2011\/04\/Bras-inflexible.png?fit=959%2C1463&ssl=1","contentUrl":"https:\/\/i0.wp.com\/jrfortin.com\/jrf\/wp-content\/uploads\/2011\/04\/Bras-inflexible.png?fit=959%2C1463&ssl=1","width":959,"height":1463},{"@type":"BreadcrumbList","@id":"https:\/\/jrfortin.com\/jrf\/dojo-de-quebec-2\/#breadcrumb","itemListElement":[{"@type":"ListItem","position":1,"name":"Accueil","item":"https:\/\/jrfortin.com\/jrf\/"},{"@type":"ListItem","position":2,"name":"DOJO de K\u00e9bek"}]},{"@type":"WebSite","@id":"https:\/\/jrfortin.com\/jrf\/#website","url":"https:\/\/jrfortin.com\/jrf\/","name":"Dojo du Nouveau Monde","description":"R\u00e9seau de Shihan Jean-Rock Fortin","publisher":{"@id":"https:\/\/jrfortin.com\/jrf\/#\/schema\/person\/420b013ae3febafe8d99a66adee55de9"},"potentialAction":[{"@type":"SearchAction","target":{"@type":"EntryPoint","urlTemplate":"https:\/\/jrfortin.com\/jrf\/?s={search_term_string}"},"query-input":{"@type":"PropertyValueSpecification","valueRequired":true,"valueName":"search_term_string"}}],"inLanguage":"fr-FR"},{"@type":["Person","Organization"],"@id":"https:\/\/jrfortin.com\/jrf\/#\/schema\/person\/420b013ae3febafe8d99a66adee55de9","name":"Shihan Jean-Rock Fortin, M.A.","image":{"@type":"ImageObject","inLanguage":"fr-FR","@id":"https:\/\/jrfortin.com\/jrf\/#\/schema\/person\/image\/","url":"https:\/\/i2.wp.com\/jrfortin.com\/jrf\/wp-content\/uploads\/2020\/07\/ki-le-chemin.jpg?fit=600%2C848&ssl=1","contentUrl":"https:\/\/i2.wp.com\/jrfortin.com\/jrf\/wp-content\/uploads\/2020\/07\/ki-le-chemin.jpg?fit=600%2C848&ssl=1","width":600,"height":848,"caption":"Shihan Jean-Rock Fortin, M.A."},"logo":{"@id":"https:\/\/jrfortin.com\/jrf\/#\/schema\/person\/image\/"},"description":"Globetrotteur par affaires et pour le plaisir, et Orientaliste, je suis instructeur d'arts martiaux (maitre-enseignant de Ki-A\u00efkido [Shihan] &amp; Dim-Mak), Fondateur du Dojo du Nouveau Monde (2010), \"S\u00e9ancier\" de Kiatsu, M\u00e9tatronicien, Radiesth\u00e9siste, Coutelier d'art, Conf\u00e9rencier et Auteur du livre \"Ki - Le Chemin de l'\u00c9veil\" (2018). Je suis \u00e9galement Consultant strat\u00e9gique en \u00e9volution et prosp\u00e9rit\u00e9 des personnes et des organisations.","sameAs":["http:\/\/www.jrfortin.com"]}]}},"jetpack_sharing_enabled":true,"_links":{"self":[{"href":"https:\/\/jrfortin.com\/jrf\/wp-json\/wp\/v2\/pages\/5917","targetHints":{"allow":["GET"]}}],"collection":[{"href":"https:\/\/jrfortin.com\/jrf\/wp-json\/wp\/v2\/pages"}],"about":[{"href":"https:\/\/jrfortin.com\/jrf\/wp-json\/wp\/v2\/types\/page"}],"author":[{"embeddable":true,"href":"https:\/\/jrfortin.com\/jrf\/wp-json\/wp\/v2\/users\/1"}],"replies":[{"embeddable":true,"href":"https:\/\/jrfortin.com\/jrf\/wp-json\/wp\/v2\/comments?post=5917"}],"version-history":[{"count":2,"href":"https:\/\/jrfortin.com\/jrf\/wp-json\/wp\/v2\/pages\/5917\/revisions"}],"predecessor-version":[{"id":19546,"href":"https:\/\/jrfortin.com\/jrf\/wp-json\/wp\/v2\/pages\/5917\/revisions\/19546"}],"wp:attachment":[{"href":"https:\/\/jrfortin.com\/jrf\/wp-json\/wp\/v2\/media?parent=5917"}],"curies":[{"name":"wp","href":"https:\/\/api.w.org\/{rel}","templated":true}]}}