{"id":7665,"date":"2016-12-13T18:47:13","date_gmt":"2016-12-13T23:47:13","guid":{"rendered":"http:\/\/jrfortin.com\/jrf\/?page_id=7665"},"modified":"2024-07-30T07:47:02","modified_gmt":"2024-07-30T11:47:02","slug":"services-de-formation-en-art-martial-cognitif","status":"publish","type":"page","link":"https:\/\/jrfortin.com\/jrf\/services-de-formation-en-art-martial-cognitif\/","title":{"rendered":"Services de formation"},"content":{"rendered":"<h4><\/h4>\n<h4><span style=\"color: #000000;\"><em>Shihan<\/em> Jean-Rock Fortin, M.A.<strong><br \/>\nFormateur en <a href=\"https:\/\/jrfortin.com\/jrf\/art-martial-cognitif-amc-2\/\">Art Martial Cognitif (AMC)<\/a>, <a href=\"https:\/\/jrfortin.com\/jrf\/aiki\/\">Ki-A\u00cfKIDO\u00a0<\/a><br \/>\net aux pratiques li\u00e9es au Ki<\/strong><\/span><span style=\"color: #000000;\"><a name=\"Haut\"><\/a><\/span><\/h4>\n<h4><span style=\"color: #000000;\"><em><img data-recalc-dims=\"1\" loading=\"lazy\" decoding=\"async\" data-attachment-id=\"12273\" data-permalink=\"https:\/\/jrfortin.com\/jrf\/instructeurs-du-dojo\/photo_jrf-2\/\" data-orig-file=\"https:\/\/i0.wp.com\/jrfortin.com\/jrf\/wp-content\/uploads\/2020\/02\/PHOTO_JRF.png?fit=900%2C1260&amp;ssl=1\" data-orig-size=\"900,1260\" data-comments-opened=\"1\" data-image-meta=\"{&quot;aperture&quot;:&quot;0&quot;,&quot;credit&quot;:&quot;&quot;,&quot;camera&quot;:&quot;&quot;,&quot;caption&quot;:&quot;&quot;,&quot;created_timestamp&quot;:&quot;0&quot;,&quot;copyright&quot;:&quot;&quot;,&quot;focal_length&quot;:&quot;0&quot;,&quot;iso&quot;:&quot;0&quot;,&quot;shutter_speed&quot;:&quot;0&quot;,&quot;title&quot;:&quot;&quot;,&quot;orientation&quot;:&quot;0&quot;}\" data-image-title=\"PHOTO_JRF\" data-image-description=\"&lt;p&gt;Shihan Jean-Rock Fortin&lt;\/p&gt;\n\" data-image-caption=\"&lt;p&gt;Shihan Jean-Rock Fortin&lt;\/p&gt;\n\" data-medium-file=\"https:\/\/i0.wp.com\/jrfortin.com\/jrf\/wp-content\/uploads\/2020\/02\/PHOTO_JRF.png?fit=214%2C300&amp;ssl=1\" data-large-file=\"https:\/\/i0.wp.com\/jrfortin.com\/jrf\/wp-content\/uploads\/2020\/02\/PHOTO_JRF.png?fit=731%2C1024&amp;ssl=1\" class=\" wp-image-12273 alignleft\" src=\"https:\/\/i0.wp.com\/jrfortin.com\/jrf\/wp-content\/uploads\/2020\/02\/PHOTO_JRF.png?resize=135%2C189&#038;ssl=1\" alt=\"\" width=\"135\" height=\"189\" srcset=\"https:\/\/i0.wp.com\/jrfortin.com\/jrf\/wp-content\/uploads\/2020\/02\/PHOTO_JRF.png?w=900&amp;ssl=1 900w, https:\/\/i0.wp.com\/jrfortin.com\/jrf\/wp-content\/uploads\/2020\/02\/PHOTO_JRF.png?resize=214%2C300&amp;ssl=1 214w, https:\/\/i0.wp.com\/jrfortin.com\/jrf\/wp-content\/uploads\/2020\/02\/PHOTO_JRF.png?resize=731%2C1024&amp;ssl=1 731w, https:\/\/i0.wp.com\/jrfortin.com\/jrf\/wp-content\/uploads\/2020\/02\/PHOTO_JRF.png?resize=768%2C1075&amp;ssl=1 768w, https:\/\/i0.wp.com\/jrfortin.com\/jrf\/wp-content\/uploads\/2020\/02\/PHOTO_JRF.png?resize=107%2C150&amp;ssl=1 107w\" sizes=\"auto, (max-width: 135px) 100vw, 135px\" \/><\/em><\/span><\/h4>\n<p style=\"text-align: justify;\"><span style=\"font-family: 'Source Sans Pro';\">Globetrotteur par affaires et pour le plaisir, je suis instructeur d&rsquo;arts martiaux (maitre-enseignant de <a href=\"https:\/\/jrfortin.com\/jrf\/art-martial-cognitif-amc-2\/\">Ki-A\u00efkido<\/a> [Shihan], <a href=\"https:\/\/jrfortin.com\/jrf\/aiki\/\">Art Martial Cognitif [AMC]<\/a>) et <a href=\"https:\/\/jrfortin.com\/jrf\/blog\/dim-mak-sappo-avec-ki\/\" target=\"_blank\" rel=\"noopener\">DIM-MAK<\/a>. Fondateur du <a href=\"https:\/\/jrfortin.com\/jrf\/aiki\/\">Dojo du Nouveau Monde<\/a> (2010),\u00a0<a href=\"https:\/\/jrfortin.com\/jrf\/blog\/soins-de-kiatsu\/\">\u00ab S\u00e9ancier \u00bb de Kiatsu<\/a>, <a href=\"https:\/\/jrfortin.com\/jrf\/blog\/introduction-a-la-coutellerie-dart\/\">Coutelier d&rsquo;art<\/a> (sp\u00e9cialis\u00e9 dans la fabrication de Katanas modernes), <a href=\"https:\/\/jrfortin.com\/jrf\/art-martial-cognitif-amc-2\/\">Conf\u00e9rencier<\/a> et Auteur du livre \u00ab\u00a0<a href=\"https:\/\/jrfortin.com\/jrf\/ouvrages-litteraires-de-jean-rock-fortin-sur-le-ki-laikido-et-la-coordination-corps-esprit\/\">Ki &#8211; Le Chemin de l&rsquo;\u00c9veil<\/a>\u00a0\u00bb (2018). <\/span><\/p>\n<p style=\"text-align: justify;\"><span style=\"font-family: 'Source Sans Pro';\">Je suis \u00e9galement <a href=\"https:\/\/jrfortin.com\/jrf\/consultant\/\">Conseiller strat\u00e9gique en \u00e9volution et prosp\u00e9rit\u00e9 des organisations et coach de vie<\/a>.<\/span><\/p>\n<hr \/>\n<p style=\"text-align: justify;\">Mon dernier livre, \u00e9dit\u00e9 en 2018, \u00ab<a href=\"https:\/\/jrfortin.com\/jrf\/ouvrages-litteraires-de-jean-rock-fortin-sur-le-ki-laikido-et-la-coordination-corps-esprit\/\"><strong>KI \u2014 LE CHEMIN DE L\u2019\u00c9VEIL<\/strong><\/a>\u00bb aux \u00e9ditions le Dauphin Blanc sert de r\u00e9f\u00e9rence de formation sur la coordination corps \u2013 esprit (CCE). Coh\u00e9rente avec les connaissances scientifiques de pointe, cette approche moderne d\u2019\u00e9veil spirituel repose sur l\u2019expression de la force int\u00e9rieure et universelle qui nous habite, le Ki.<\/p>\n<p style=\"text-align: justify;\">La d\u00e9couverte de la coordination corps \u2013 esprit est un processus de croissance personnelle ax\u00e9 sur la d\u00e9couverte du bien-\u00eatre. L\u2019ouvrage unique, \u00e0 caract\u00e8re quasi encyclop\u00e9dique, pr\u00e9sente aussi un aper\u00e7u de la vraie nature des arts martiaux, celle de la paix int\u00e9rieure et de l\u2019harmonie en toute chose.<\/p>\n<h5><strong>FORMATION DE GROUPE :<\/strong><\/h5>\n<hr \/>\n<p style=\"text-align: justify;\">En plus de dispenser r\u00e9guli\u00e8rement des cours de Ki-A\u00efkido \u00e0 Qu\u00e9bec, j&rsquo;anime des ateliers et s\u00e9minaires de formation sur la coordination corps \u2013 esprit (CCE), la croissance personnelle et les activit\u00e9s li\u00e9es au Ki.<\/p>\n<p style=\"text-align: justify;\">Issu d\u2019un art martial pacifique appel\u00e9 Ki-A\u00efkido, l\u2019Art Martial Cognitif (AMC) apprend aux participants \u00e0 transposer dans la vie de tous les jours les principes d\u2019harmonisation, avec soi-m\u00eame puis dans leurs relations avec les autres. Les douze modules de formation, adaptables aux besoins des diverses client\u00e8les, s&rsquo;adressent \u00e0 des groupes en activit\u00e9.<\/p>\n<h5><strong>FORMATION INDIVIDUELLE :<\/strong><\/h5>\n<hr \/>\n<p style=\"text-align: justify;\">Le \u00ab\u00a0<em>coaching<\/em>\u00a0\u00bb priv\u00e9 s&rsquo;exerce sur une base individuelle ou avec de tr\u00e8s petits groupes de deux ou trois personnes \u00e0 la fois. La dur\u00e9e des consultations est variable et poursuit habituellement des buts tr\u00e8s sp\u00e9cifiques.\u00a0\u00c0 titre d&rsquo;exemple, voici quelques items d&rsquo;apprentissage en Art Martial Cognitif (AMC) :<\/p>\n<ul>\n<li style=\"text-align: justify;\">L&rsquo;apprentissage en direct des principes de coordination corps &#8211; esprit et sa m\u00e9thode de <em>biofeedback;<\/em><\/li>\n<li style=\"text-align: justify;\">La maitrise de\u00a0la m\u00e9ditation et de la respiration avec Ki;<\/li>\n<li>Les processus de cr\u00e9ation de mouvements de Ki dirig\u00e9;<\/li>\n<li>La validation physique de pratiques m\u00e9ditatives, des <em>Mudras<\/em>\u00a0et des <em>Mantras;<\/em><\/li>\n<li>Le\u00a0<em>Kiatsu<\/em> th\u00e9rapeutique (techniques d&rsquo;accu-pressions de promotion de la sant\u00e9);<\/li>\n<li style=\"text-align: justify;\">La mesure de l&rsquo;impact physique de pens\u00e9es, attitudes, postures ou mouvements, au travail et dans la vie de tous les jours;<\/li>\n<li style=\"text-align: justify;\">Les rudiments de radiesth\u00e9sie pour mesurer notamment la fr\u00e9quence vibratoire;<\/li>\n<li style=\"text-align: justify;\">Les principes d&rsquo;A\u00efkido pratiqu\u00e9 avec Ki dans les relations interpersonnelles;<\/li>\n<li>L&rsquo;apprentissage d&rsquo;exercices individuels de Ki pour la sant\u00e9;<\/li>\n<li>Les exercices de revitalisation \u00e9nerg\u00e9tique;<\/li>\n<li>La radiesth\u00e9sie appliqu\u00e9e \u00e0 la sant\u00e9;<\/li>\n<li style=\"text-align: justify;\">L&rsquo;apprentissage des <em>Katas<\/em> de <em>Jo<\/em> (b\u00e2ton de marche) et de <em>Boken<\/em> (sabre de bois);<\/li>\n<li>L&rsquo;apprentissage de haut niveau du maniement du Katana;<\/li>\n<li>Le Dim-Mak (Sappo) &#8211; \u00a0L&rsquo;Art des points de pression;<\/li>\n<li style=\"text-align: justify;\">Etc.<\/li>\n<\/ul>\n<p>Voir le d\u00e9tail des module en cliquant <a href=\"https:\/\/jrfortin.com\/jrf\/modules-de-formation\/\"><strong>ICI<\/strong><\/a>.<\/p>\n<p style=\"text-align: justify;\">Je transmets notamment ces connaissances, aupr\u00e8s de maitres d\u2019arts martiaux, de gens d\u2019affaires, de th\u00e9rapeutes, de personnes sur la voie de l&rsquo;\u00e9veil ou \u00e0 la recherche de techniques de d\u00e9veloppement personnel, et aupr\u00e8s de sportifs de tous les niveaux.<\/p>\n<hr \/>\n<p style=\"text-align: center;\"><img data-recalc-dims=\"1\" loading=\"lazy\" decoding=\"async\" data-attachment-id=\"17796\" data-permalink=\"https:\/\/jrfortin.com\/jrf\/services-de-formation-en-art-martial-cognitif\/kat-3\/\" data-orig-file=\"https:\/\/i0.wp.com\/jrfortin.com\/jrf\/wp-content\/uploads\/2022\/07\/kat.jpg?fit=1843%2C1382&amp;ssl=1\" data-orig-size=\"1843,1382\" data-comments-opened=\"1\" data-image-meta=\"{&quot;aperture&quot;:&quot;1.9&quot;,&quot;credit&quot;:&quot;&quot;,&quot;camera&quot;:&quot;SM-P610&quot;,&quot;caption&quot;:&quot;&quot;,&quot;created_timestamp&quot;:&quot;1658324664&quot;,&quot;copyright&quot;:&quot;&quot;,&quot;focal_length&quot;:&quot;2.91&quot;,&quot;iso&quot;:&quot;40&quot;,&quot;shutter_speed&quot;:&quot;0.0043290043290043&quot;,&quot;title&quot;:&quot;&quot;,&quot;orientation&quot;:&quot;1&quot;}\" data-image-title=\"kat\" data-image-description=\"\" data-image-caption=\"\" data-medium-file=\"https:\/\/i0.wp.com\/jrfortin.com\/jrf\/wp-content\/uploads\/2022\/07\/kat.jpg?fit=300%2C225&amp;ssl=1\" data-large-file=\"https:\/\/i0.wp.com\/jrfortin.com\/jrf\/wp-content\/uploads\/2022\/07\/kat.jpg?fit=830%2C623&amp;ssl=1\" class=\"alignnone wp-image-17796 size-full\" src=\"https:\/\/i0.wp.com\/jrfortin.com\/jrf\/wp-content\/uploads\/2022\/07\/kat.jpg?resize=830%2C622\" alt=\"\" width=\"830\" height=\"622\" srcset=\"https:\/\/i0.wp.com\/jrfortin.com\/jrf\/wp-content\/uploads\/2022\/07\/kat.jpg?w=1843&amp;ssl=1 1843w, https:\/\/i0.wp.com\/jrfortin.com\/jrf\/wp-content\/uploads\/2022\/07\/kat.jpg?resize=300%2C225&amp;ssl=1 300w, https:\/\/i0.wp.com\/jrfortin.com\/jrf\/wp-content\/uploads\/2022\/07\/kat.jpg?resize=1024%2C768&amp;ssl=1 1024w, https:\/\/i0.wp.com\/jrfortin.com\/jrf\/wp-content\/uploads\/2022\/07\/kat.jpg?resize=768%2C576&amp;ssl=1 768w, https:\/\/i0.wp.com\/jrfortin.com\/jrf\/wp-content\/uploads\/2022\/07\/kat.jpg?resize=1536%2C1152&amp;ssl=1 1536w, https:\/\/i0.wp.com\/jrfortin.com\/jrf\/wp-content\/uploads\/2022\/07\/kat.jpg?resize=150%2C112&amp;ssl=1 150w, https:\/\/i0.wp.com\/jrfortin.com\/jrf\/wp-content\/uploads\/2022\/07\/kat.jpg?resize=1320%2C990&amp;ssl=1 1320w, https:\/\/i0.wp.com\/jrfortin.com\/jrf\/wp-content\/uploads\/2022\/07\/kat.jpg?resize=24%2C18&amp;ssl=1 24w, https:\/\/i0.wp.com\/jrfortin.com\/jrf\/wp-content\/uploads\/2022\/07\/kat.jpg?resize=36%2C27&amp;ssl=1 36w, https:\/\/i0.wp.com\/jrfortin.com\/jrf\/wp-content\/uploads\/2022\/07\/kat.jpg?resize=48%2C36&amp;ssl=1 48w, https:\/\/i0.wp.com\/jrfortin.com\/jrf\/wp-content\/uploads\/2022\/07\/kat.jpg?w=1660&amp;ssl=1 1660w\" sizes=\"auto, (max-width: 830px) 100vw, 830px\" \/><\/p>\n<p style=\"text-align: center;\"><img data-recalc-dims=\"1\" loading=\"lazy\" decoding=\"async\" data-attachment-id=\"4153\" data-permalink=\"https:\/\/jrfortin.com\/jrf\/?attachment_id=4153\" data-orig-file=\"https:\/\/i0.wp.com\/jrfortin.com\/jrf\/wp-content\/uploads\/2013\/03\/kanji-biceps-gaul-e1502211352767.png?fit=150%2C28&amp;ssl=1\" data-orig-size=\"150,28\" data-comments-opened=\"0\" data-image-meta=\"{&quot;aperture&quot;:&quot;0&quot;,&quot;credit&quot;:&quot;&quot;,&quot;camera&quot;:&quot;&quot;,&quot;caption&quot;:&quot;&quot;,&quot;created_timestamp&quot;:&quot;0&quot;,&quot;copyright&quot;:&quot;&quot;,&quot;focal_length&quot;:&quot;0&quot;,&quot;iso&quot;:&quot;0&quot;,&quot;shutter_speed&quot;:&quot;0&quot;,&quot;title&quot;:&quot;&quot;,&quot;orientation&quot;:&quot;0&quot;}\" data-image-title=\"kanji-biceps-gaul\" data-image-description=\"&lt;p&gt;Kanjis de Jean-Rock&lt;\/p&gt;\n\" data-image-caption=\"\" data-medium-file=\"https:\/\/i0.wp.com\/jrfortin.com\/jrf\/wp-content\/uploads\/2013\/03\/kanji-biceps-gaul-e1502211352767.png?fit=300%2C57&amp;ssl=1\" data-large-file=\"https:\/\/i0.wp.com\/jrfortin.com\/jrf\/wp-content\/uploads\/2013\/03\/kanji-biceps-gaul-e1502211352767.png?fit=150%2C28&amp;ssl=1\" class=\"aligncenter wp-image-4153\" src=\"https:\/\/i0.wp.com\/jrfortin.com\/jrf\/wp-content\/uploads\/2013\/03\/kanji-biceps-gaul.png?resize=216%2C41\" alt=\"kanji-biceps-gaul\" width=\"216\" height=\"41\" \/><\/p>\n","protected":false},"excerpt":{"rendered":"<p>Shihan Jean-Rock Fortin, M.A. Formateur en Art Mar\u2026<\/p>\n<p> <a class=\"continue-reading-link\" href=\"https:\/\/jrfortin.com\/jrf\/services-de-formation-en-art-martial-cognitif\/\"><span>continuez la lecture<\/span><i class=\"crycon-right-dir\"><\/i><\/a> <\/p>\n","protected":false},"author":1,"featured_media":0,"parent":0,"menu_order":0,"comment_status":"open","ping_status":"closed","template":"templates\/template-twocolumns-right.php","meta":{"footnotes":""},"class_list":["post-7665","page","type-page","status-publish","hentry"],"yoast_head":"<!-- This site is optimized with the Yoast SEO plugin v26.7 - https:\/\/yoast.com\/wordpress\/plugins\/seo\/ -->\n<title>Services de formation - Dojo du Nouveau Monde<\/title>\n<meta name=\"robots\" content=\"index, follow, max-snippet:-1, max-image-preview:large, max-video-preview:-1\" \/>\n<link rel=\"canonical\" href=\"https:\/\/jrfortin.com\/jrf\/services-de-formation-en-art-martial-cognitif\/\" \/>\n<meta property=\"og:locale\" content=\"fr_FR\" \/>\n<meta property=\"og:type\" content=\"article\" \/>\n<meta property=\"og:title\" content=\"Services de formation - Dojo du Nouveau Monde\" \/>\n<meta property=\"og:description\" content=\"Shihan Jean-Rock Fortin, M.A. Formateur en Art Mar\u2026 continuez la lecture\" \/>\n<meta property=\"og:url\" content=\"https:\/\/jrfortin.com\/jrf\/services-de-formation-en-art-martial-cognitif\/\" \/>\n<meta property=\"og:site_name\" content=\"Dojo du Nouveau Monde\" \/>\n<meta property=\"article:modified_time\" content=\"2024-07-30T11:47:02+00:00\" \/>\n<meta property=\"og:image\" content=\"https:\/\/jrfortin.com\/jrf\/wp-content\/uploads\/2020\/02\/PHOTO_JRF.png\" \/>\n<meta name=\"twitter:card\" content=\"summary_large_image\" \/>\n<meta name=\"twitter:site\" content=\"@fortin_rock\" \/>\n<meta name=\"twitter:label1\" content=\"Dur\u00e9e de lecture estim\u00e9e\" \/>\n\t<meta name=\"twitter:data1\" content=\"4 minutes\" \/>\n<script type=\"application\/ld+json\" class=\"yoast-schema-graph\">{\"@context\":\"https:\/\/schema.org\",\"@graph\":[{\"@type\":\"WebPage\",\"@id\":\"https:\/\/jrfortin.com\/jrf\/services-de-formation-en-art-martial-cognitif\/\",\"url\":\"https:\/\/jrfortin.com\/jrf\/services-de-formation-en-art-martial-cognitif\/\",\"name\":\"Services de formation - Dojo du Nouveau Monde\",\"isPartOf\":{\"@id\":\"https:\/\/jrfortin.com\/jrf\/#website\"},\"primaryImageOfPage\":{\"@id\":\"https:\/\/jrfortin.com\/jrf\/services-de-formation-en-art-martial-cognitif\/#primaryimage\"},\"image\":{\"@id\":\"https:\/\/jrfortin.com\/jrf\/services-de-formation-en-art-martial-cognitif\/#primaryimage\"},\"thumbnailUrl\":\"https:\/\/jrfortin.com\/jrf\/wp-content\/uploads\/2020\/02\/PHOTO_JRF.png\",\"datePublished\":\"2016-12-13T23:47:13+00:00\",\"dateModified\":\"2024-07-30T11:47:02+00:00\",\"breadcrumb\":{\"@id\":\"https:\/\/jrfortin.com\/jrf\/services-de-formation-en-art-martial-cognitif\/#breadcrumb\"},\"inLanguage\":\"fr-FR\",\"potentialAction\":[{\"@type\":\"ReadAction\",\"target\":[\"https:\/\/jrfortin.com\/jrf\/services-de-formation-en-art-martial-cognitif\/\"]}]},{\"@type\":\"ImageObject\",\"inLanguage\":\"fr-FR\",\"@id\":\"https:\/\/jrfortin.com\/jrf\/services-de-formation-en-art-martial-cognitif\/#primaryimage\",\"url\":\"https:\/\/i0.wp.com\/jrfortin.com\/jrf\/wp-content\/uploads\/2020\/02\/PHOTO_JRF.png?fit=900%2C1260&ssl=1\",\"contentUrl\":\"https:\/\/i0.wp.com\/jrfortin.com\/jrf\/wp-content\/uploads\/2020\/02\/PHOTO_JRF.png?fit=900%2C1260&ssl=1\",\"width\":900,\"height\":1260,\"caption\":\"Shihan Jean-Rock Fortin\"},{\"@type\":\"BreadcrumbList\",\"@id\":\"https:\/\/jrfortin.com\/jrf\/services-de-formation-en-art-martial-cognitif\/#breadcrumb\",\"itemListElement\":[{\"@type\":\"ListItem\",\"position\":1,\"name\":\"Accueil\",\"item\":\"https:\/\/jrfortin.com\/jrf\/\"},{\"@type\":\"ListItem\",\"position\":2,\"name\":\"Services de formation\"}]},{\"@type\":\"WebSite\",\"@id\":\"https:\/\/jrfortin.com\/jrf\/#website\",\"url\":\"https:\/\/jrfortin.com\/jrf\/\",\"name\":\"Dojo du Nouveau Monde\",\"description\":\"R\u00e9seau de Shihan Jean-Rock Fortin\",\"publisher\":{\"@id\":\"https:\/\/jrfortin.com\/jrf\/#\/schema\/person\/420b013ae3febafe8d99a66adee55de9\"},\"potentialAction\":[{\"@type\":\"SearchAction\",\"target\":{\"@type\":\"EntryPoint\",\"urlTemplate\":\"https:\/\/jrfortin.com\/jrf\/?s={search_term_string}\"},\"query-input\":{\"@type\":\"PropertyValueSpecification\",\"valueRequired\":true,\"valueName\":\"search_term_string\"}}],\"inLanguage\":\"fr-FR\"},{\"@type\":[\"Person\",\"Organization\"],\"@id\":\"https:\/\/jrfortin.com\/jrf\/#\/schema\/person\/420b013ae3febafe8d99a66adee55de9\",\"name\":\"Shihan Jean-Rock Fortin, M.A.\",\"image\":{\"@type\":\"ImageObject\",\"inLanguage\":\"fr-FR\",\"@id\":\"https:\/\/jrfortin.com\/jrf\/#\/schema\/person\/image\/\",\"url\":\"https:\/\/i2.wp.com\/jrfortin.com\/jrf\/wp-content\/uploads\/2020\/07\/ki-le-chemin.jpg?fit=600%2C848&ssl=1\",\"contentUrl\":\"https:\/\/i2.wp.com\/jrfortin.com\/jrf\/wp-content\/uploads\/2020\/07\/ki-le-chemin.jpg?fit=600%2C848&ssl=1\",\"width\":600,\"height\":848,\"caption\":\"Shihan Jean-Rock Fortin, M.A.\"},\"logo\":{\"@id\":\"https:\/\/jrfortin.com\/jrf\/#\/schema\/person\/image\/\"},\"description\":\"Globetrotteur par affaires et pour le plaisir, et Orientaliste, je suis instructeur d'arts martiaux (maitre-enseignant de Ki-A\u00efkido [Shihan] &amp; Dim-Mak), Fondateur du Dojo du Nouveau Monde (2010), \\\"S\u00e9ancier\\\" de Kiatsu, M\u00e9tatronicien, Radiesth\u00e9siste, Coutelier d'art, Conf\u00e9rencier et Auteur du livre \\\"Ki - Le Chemin de l'\u00c9veil\\\" (2018). Je suis \u00e9galement Consultant strat\u00e9gique en \u00e9volution et prosp\u00e9rit\u00e9 des personnes et des organisations.\",\"sameAs\":[\"http:\/\/www.jrfortin.com\"]}]}<\/script>\n<!-- \/ Yoast SEO plugin. -->","yoast_head_json":{"title":"Services de formation - Dojo du Nouveau Monde","robots":{"index":"index","follow":"follow","max-snippet":"max-snippet:-1","max-image-preview":"max-image-preview:large","max-video-preview":"max-video-preview:-1"},"canonical":"https:\/\/jrfortin.com\/jrf\/services-de-formation-en-art-martial-cognitif\/","og_locale":"fr_FR","og_type":"article","og_title":"Services de formation - Dojo du Nouveau Monde","og_description":"Shihan Jean-Rock Fortin, M.A. Formateur en Art Mar\u2026 continuez la lecture","og_url":"https:\/\/jrfortin.com\/jrf\/services-de-formation-en-art-martial-cognitif\/","og_site_name":"Dojo du Nouveau Monde","article_modified_time":"2024-07-30T11:47:02+00:00","og_image":[{"url":"https:\/\/jrfortin.com\/jrf\/wp-content\/uploads\/2020\/02\/PHOTO_JRF.png","type":"","width":"","height":""}],"twitter_card":"summary_large_image","twitter_site":"@fortin_rock","twitter_misc":{"Dur\u00e9e de lecture estim\u00e9e":"4 minutes"},"schema":{"@context":"https:\/\/schema.org","@graph":[{"@type":"WebPage","@id":"https:\/\/jrfortin.com\/jrf\/services-de-formation-en-art-martial-cognitif\/","url":"https:\/\/jrfortin.com\/jrf\/services-de-formation-en-art-martial-cognitif\/","name":"Services de formation - Dojo du Nouveau Monde","isPartOf":{"@id":"https:\/\/jrfortin.com\/jrf\/#website"},"primaryImageOfPage":{"@id":"https:\/\/jrfortin.com\/jrf\/services-de-formation-en-art-martial-cognitif\/#primaryimage"},"image":{"@id":"https:\/\/jrfortin.com\/jrf\/services-de-formation-en-art-martial-cognitif\/#primaryimage"},"thumbnailUrl":"https:\/\/jrfortin.com\/jrf\/wp-content\/uploads\/2020\/02\/PHOTO_JRF.png","datePublished":"2016-12-13T23:47:13+00:00","dateModified":"2024-07-30T11:47:02+00:00","breadcrumb":{"@id":"https:\/\/jrfortin.com\/jrf\/services-de-formation-en-art-martial-cognitif\/#breadcrumb"},"inLanguage":"fr-FR","potentialAction":[{"@type":"ReadAction","target":["https:\/\/jrfortin.com\/jrf\/services-de-formation-en-art-martial-cognitif\/"]}]},{"@type":"ImageObject","inLanguage":"fr-FR","@id":"https:\/\/jrfortin.com\/jrf\/services-de-formation-en-art-martial-cognitif\/#primaryimage","url":"https:\/\/i0.wp.com\/jrfortin.com\/jrf\/wp-content\/uploads\/2020\/02\/PHOTO_JRF.png?fit=900%2C1260&ssl=1","contentUrl":"https:\/\/i0.wp.com\/jrfortin.com\/jrf\/wp-content\/uploads\/2020\/02\/PHOTO_JRF.png?fit=900%2C1260&ssl=1","width":900,"height":1260,"caption":"Shihan Jean-Rock Fortin"},{"@type":"BreadcrumbList","@id":"https:\/\/jrfortin.com\/jrf\/services-de-formation-en-art-martial-cognitif\/#breadcrumb","itemListElement":[{"@type":"ListItem","position":1,"name":"Accueil","item":"https:\/\/jrfortin.com\/jrf\/"},{"@type":"ListItem","position":2,"name":"Services de formation"}]},{"@type":"WebSite","@id":"https:\/\/jrfortin.com\/jrf\/#website","url":"https:\/\/jrfortin.com\/jrf\/","name":"Dojo du Nouveau Monde","description":"R\u00e9seau de Shihan Jean-Rock Fortin","publisher":{"@id":"https:\/\/jrfortin.com\/jrf\/#\/schema\/person\/420b013ae3febafe8d99a66adee55de9"},"potentialAction":[{"@type":"SearchAction","target":{"@type":"EntryPoint","urlTemplate":"https:\/\/jrfortin.com\/jrf\/?s={search_term_string}"},"query-input":{"@type":"PropertyValueSpecification","valueRequired":true,"valueName":"search_term_string"}}],"inLanguage":"fr-FR"},{"@type":["Person","Organization"],"@id":"https:\/\/jrfortin.com\/jrf\/#\/schema\/person\/420b013ae3febafe8d99a66adee55de9","name":"Shihan Jean-Rock Fortin, M.A.","image":{"@type":"ImageObject","inLanguage":"fr-FR","@id":"https:\/\/jrfortin.com\/jrf\/#\/schema\/person\/image\/","url":"https:\/\/i2.wp.com\/jrfortin.com\/jrf\/wp-content\/uploads\/2020\/07\/ki-le-chemin.jpg?fit=600%2C848&ssl=1","contentUrl":"https:\/\/i2.wp.com\/jrfortin.com\/jrf\/wp-content\/uploads\/2020\/07\/ki-le-chemin.jpg?fit=600%2C848&ssl=1","width":600,"height":848,"caption":"Shihan Jean-Rock Fortin, M.A."},"logo":{"@id":"https:\/\/jrfortin.com\/jrf\/#\/schema\/person\/image\/"},"description":"Globetrotteur par affaires et pour le plaisir, et Orientaliste, je suis instructeur d'arts martiaux (maitre-enseignant de Ki-A\u00efkido [Shihan] &amp; Dim-Mak), Fondateur du Dojo du Nouveau Monde (2010), \"S\u00e9ancier\" de Kiatsu, M\u00e9tatronicien, Radiesth\u00e9siste, Coutelier d'art, Conf\u00e9rencier et Auteur du livre \"Ki - Le Chemin de l'\u00c9veil\" (2018). Je suis \u00e9galement Consultant strat\u00e9gique en \u00e9volution et prosp\u00e9rit\u00e9 des personnes et des organisations.","sameAs":["http:\/\/www.jrfortin.com"]}]}},"jetpack_sharing_enabled":true,"_links":{"self":[{"href":"https:\/\/jrfortin.com\/jrf\/wp-json\/wp\/v2\/pages\/7665","targetHints":{"allow":["GET"]}}],"collection":[{"href":"https:\/\/jrfortin.com\/jrf\/wp-json\/wp\/v2\/pages"}],"about":[{"href":"https:\/\/jrfortin.com\/jrf\/wp-json\/wp\/v2\/types\/page"}],"author":[{"embeddable":true,"href":"https:\/\/jrfortin.com\/jrf\/wp-json\/wp\/v2\/users\/1"}],"replies":[{"embeddable":true,"href":"https:\/\/jrfortin.com\/jrf\/wp-json\/wp\/v2\/comments?post=7665"}],"version-history":[{"count":2,"href":"https:\/\/jrfortin.com\/jrf\/wp-json\/wp\/v2\/pages\/7665\/revisions"}],"predecessor-version":[{"id":20121,"href":"https:\/\/jrfortin.com\/jrf\/wp-json\/wp\/v2\/pages\/7665\/revisions\/20121"}],"wp:attachment":[{"href":"https:\/\/jrfortin.com\/jrf\/wp-json\/wp\/v2\/media?parent=7665"}],"curies":[{"name":"wp","href":"https:\/\/api.w.org\/{rel}","templated":true}]}}