{"id":8440,"date":"2017-09-10T12:54:40","date_gmt":"2017-09-10T16:54:40","guid":{"rendered":"https:\/\/jrfortin.com\/jrf\/?page_id=8440"},"modified":"2026-04-30T08:08:42","modified_gmt":"2026-04-30T12:08:42","slug":"evenements","status":"publish","type":"page","link":"https:\/\/jrfortin.com\/jrf\/evenements\/","title":{"rendered":"Tarification, Admissibilit\u00e9 &#038; Restrictions"},"content":{"rendered":"<p style=\"text-align: justify;\">Les cours r\u00e9guliers, les cours priv\u00e9s, les ateliers et les \u00e9v\u00e9nements sp\u00e9ciaux li\u00e9es au d\u00e9veloppement personnel ou aux arts martiaux sont offerts b\u00e9n\u00e9volement sur la base de contributions volontaires aux personnes de sexe f\u00e9minin et de sexe masculin (les trans et autres aberrations de genre ne seront pas admis).<\/p>\r\n<p style=\"text-align: center;\"><strong><span style=\"text-decoration: underline;\">Toute personne avec r\u00e9f\u00e9rences v\u00e9rifiables sera admise aux activit\u00e9s<\/span>.<\/strong><\/p>\r\n<p style=\"text-align: justify;\"><em>C&rsquo;est par l&rsquo;action des \u00e9veill\u00e9s que va se manifester la construction du Nouveau Monde d&rsquo;Amour, d&rsquo;Harmonie et d&rsquo;Abondance de l&rsquo;\u00e8re du Verseau.<\/em><\/p>\r\n<p style=\"text-align: right;\">Shihan Jean-Rock Fortin<\/p>\r\n<p style=\"text-align: center;\"><em>Note : Ces crit\u00e8res d\u2019admissibilit\u00e9 s&rsquo;appliquent \u00e9galement aux personnes et aux organisations b\u00e9n\u00e9ficiaires de <strong><a href=\"https:\/\/jrfortin.com\/jrf\/consultant\/\" target=\"_blank\" rel=\"noopener\">services-conseils en \u00e9volution et prosp\u00e9rit\u00e9<\/a><\/strong>.<\/em><\/p>\r\n<hr \/>\r\n<p style=\"text-align: center;\"><strong>Consignes \u00e0 respecter pour participer aux activit\u00e9s du <br \/>Dojo du Nouveau Monde<\/strong><\/p>\r\n<p style=\"text-align: center;\"><img data-recalc-dims=\"1\" loading=\"lazy\" decoding=\"async\" data-attachment-id=\"18434\" data-permalink=\"https:\/\/jrfortin.com\/jrf\/evenements\/pancarte\/\" data-orig-file=\"https:\/\/i0.wp.com\/jrfortin.com\/jrf\/wp-content\/uploads\/2022\/12\/Pancarte.png?fit=1753%2C695&amp;ssl=1\" data-orig-size=\"1753,695\" data-comments-opened=\"1\" data-image-meta=\"{&quot;aperture&quot;:&quot;0&quot;,&quot;credit&quot;:&quot;&quot;,&quot;camera&quot;:&quot;&quot;,&quot;caption&quot;:&quot;&quot;,&quot;created_timestamp&quot;:&quot;0&quot;,&quot;copyright&quot;:&quot;&quot;,&quot;focal_length&quot;:&quot;0&quot;,&quot;iso&quot;:&quot;0&quot;,&quot;shutter_speed&quot;:&quot;0&quot;,&quot;title&quot;:&quot;&quot;,&quot;orientation&quot;:&quot;0&quot;}\" data-image-title=\"Pancarte\" data-image-description=\"\" data-image-caption=\"\" data-medium-file=\"https:\/\/i0.wp.com\/jrfortin.com\/jrf\/wp-content\/uploads\/2022\/12\/Pancarte.png?fit=300%2C119&amp;ssl=1\" data-large-file=\"https:\/\/i0.wp.com\/jrfortin.com\/jrf\/wp-content\/uploads\/2022\/12\/Pancarte.png?fit=830%2C329&amp;ssl=1\" class=\"alignnone wp-image-18434 size-full\" src=\"https:\/\/i0.wp.com\/jrfortin.com\/jrf\/wp-content\/uploads\/2022\/12\/Pancarte.png?resize=830%2C329\" alt=\"Consignes \u00e0 respecter pour participer aux activit\u00e9s du\r\nDojo du Nouveau Monde\" width=\"830\" height=\"329\" srcset=\"https:\/\/i0.wp.com\/jrfortin.com\/jrf\/wp-content\/uploads\/2022\/12\/Pancarte.png?w=1753&amp;ssl=1 1753w, https:\/\/i0.wp.com\/jrfortin.com\/jrf\/wp-content\/uploads\/2022\/12\/Pancarte.png?resize=300%2C119&amp;ssl=1 300w, https:\/\/i0.wp.com\/jrfortin.com\/jrf\/wp-content\/uploads\/2022\/12\/Pancarte.png?resize=1024%2C406&amp;ssl=1 1024w, https:\/\/i0.wp.com\/jrfortin.com\/jrf\/wp-content\/uploads\/2022\/12\/Pancarte.png?resize=768%2C304&amp;ssl=1 768w, https:\/\/i0.wp.com\/jrfortin.com\/jrf\/wp-content\/uploads\/2022\/12\/Pancarte.png?resize=1536%2C609&amp;ssl=1 1536w, https:\/\/i0.wp.com\/jrfortin.com\/jrf\/wp-content\/uploads\/2022\/12\/Pancarte.png?resize=150%2C59&amp;ssl=1 150w, https:\/\/i0.wp.com\/jrfortin.com\/jrf\/wp-content\/uploads\/2022\/12\/Pancarte.png?resize=1320%2C523&amp;ssl=1 1320w, https:\/\/i0.wp.com\/jrfortin.com\/jrf\/wp-content\/uploads\/2022\/12\/Pancarte.png?resize=24%2C10&amp;ssl=1 24w, https:\/\/i0.wp.com\/jrfortin.com\/jrf\/wp-content\/uploads\/2022\/12\/Pancarte.png?resize=36%2C14&amp;ssl=1 36w, https:\/\/i0.wp.com\/jrfortin.com\/jrf\/wp-content\/uploads\/2022\/12\/Pancarte.png?resize=48%2C19&amp;ssl=1 48w, https:\/\/i0.wp.com\/jrfortin.com\/jrf\/wp-content\/uploads\/2022\/12\/Pancarte.png?w=1660&amp;ssl=1 1660w\" sizes=\"auto, (max-width: 830px) 100vw, 830px\" \/><\/p>\r\n<hr \/>\r\n<p style=\"text-align: justify;\"><strong>Note tr\u00e8s importante<\/strong> : Afin de maintenir l&rsquo;\u00e9gr\u00e9gore du Dojo \u00e0 une fr\u00e9quence vibratoire correspondant minimalement \u00e0 la 5i\u00e8me densit\u00e9 (5i\u00e8me dimension spirituelle) on se voit dans l&rsquo;obligation d&rsquo;exclure <span style=\"font-family: 'Source Sans Pro';\">jusqu&rsquo;en 2028<\/span><span style=\"font-family: 'Source Sans Pro';\">, <span style=\"text-decoration: underline;\">sauf exception<\/span>, les personnes qui ont fait le choix d&rsquo;appartenir \u00e0 ces cat\u00e9gories :<\/span><\/p>\r\n<ol style=\"list-style-type: lower-roman; text-align: justify;\">\r\n<li>Tous les politiciens et leurs supp\u00f4ts de la sant\u00e9 publique, ces criminels contre l&rsquo;humanit\u00e9 \u00e0 qui l&rsquo;on doit d&rsquo;avoir foment\u00e9 le d\u00e9mocide 2020-2024 pour le compte des mondialistes;<\/li>\r\n<li>Les journalistes des m\u00e9dias de masse qui par leurs manquements \u00e0 l&rsquo;\u00e9thique et par leurs mensonges \u00e9hont\u00e9s et continuels ont plong\u00e9 et plongent encore une grande partie de la population dans la peur et l&rsquo;anxi\u00e9t\u00e9 dans le but de la contr\u00f4ler;<\/li>\r\n<li>Les policiers et les agents de la sant\u00e9 publique qui ont \u00e9t\u00e9 l&rsquo;instrument d&rsquo;imposition de la dictature 2020-2023 par leur r\u00e9pression et en appliquant des r\u00e8glements anticonstitutionnels et liberticides, bafouant ainsi les droits humains;<\/li>\r\n<li>La plupart des m\u00e9decins \u00e0 qui l&rsquo;on doit d&rsquo;avoir maintenu la population dans l&rsquo;ignorance et de l&rsquo;avoir fait souffrir par cupidit\u00e9, par peur, par leur inaction, leur incomp\u00e9tence et surtout par leur aplaventrisme devant leur Coll\u00e8ge contr\u00f4l\u00e9 par Big Pharma;<\/li>\r\n<li>Les fonctionnaires gouverne-mentaux qui participent \u00e0 l&rsquo;implantation du syst\u00e8me de cr\u00e9dit social chinois dans notre Soci\u00e9t\u00e9, bafouant ainsi les droits humains fondamentaux par la mise en place de l&rsquo;identit\u00e9 num\u00e9rique;<\/li>\r\n<li>Les militaires, qui ont laiss\u00e9 la population dans la tyrannie, ob\u00e9issant \u00e0 Trou-d&rsquo;eau et ses ma\u00eetres mondialistes alors que leur seul mandat \u00e0 vie consiste \u00e0 d\u00e9fendre les droits de la population et la constitution canadienne;<\/li>\r\n<li>Les enseignants du primaire et du secondaire qui ont maltrait\u00e9, traumatis\u00e9 et d\u00e9truit la sant\u00e9 mentale et physique des enfants. Ces gens qui sont cens\u00e9s montrer l&rsquo;exemple ont forc\u00e9 les enfants \u00e0 porter des masques inutiles et dommageables pour leur sant\u00e9, \u00e0 se laver les mains \u00e0 outrance avec des produits hautement toxiques et \u00e0 se distancier. Ils ont m\u00eame culpabiliser les enfants de tuer leurs grands parents s&rsquo;ils les visitaient <em>(qu&rsquo;est-ce que ces gens peuvent bien enseigner aux enfants sauf le mensonge?);<\/em><\/li>\r\n<li>Finalement, les gens encore endormis (<em>et probablement finis<\/em>), incluant <span style=\"text-decoration: underline;\">les personnes qui se sont faites injecter, volontairement ou qui ont c\u00e9d\u00e9 \u00e0 la contrainte et qui sont maintenant contamin\u00e9es et infectieuses<\/span> (elles peuvent encore se soigner de l&rsquo;injection&#8230; <a href=\"https:\/\/jrfortin.com\/jrf\/blog\/comment-soigner-les-quatre-corps-de-linjection-afin-de-creer-de-nouvelles-realites\/\" target=\"_blank\" rel=\"noopener\">suivez ce lien pour savoir comment<\/a>).<\/li>\r\n<\/ol>\r\n<p style=\"text-align: justify;\">Nous remercions infiniment ces personnes qui dans leurs sch\u00e9mas d&rsquo;\u00e9volution ont tr\u00e8s bien jou\u00e9 leur r\u00f4le. Ils ont fait \u00e9voluer spirituellement les \u00eatres de lumi\u00e8re incarn\u00e9s sur Ga\u00efa et ils auront permis d&rsquo;\u00e9veiller un tr\u00e8s grand nombre d&rsquo;autres humains.<\/p>\r\n<hr \/>\r\n<p style=\"padding-left: 40px; text-align: justify;\"><em>\u00ab <strong>Complotiste<\/strong> \u00bb est un mot qui a \u00e9t\u00e9 invent\u00e9 par la CIA au lendemain de l\u2019assassinat par la CIA du Pr\u00e9sident John F. Kennedy en 1963 pour d\u00e9signer quiconque remettant en question une version officielle de la v\u00e9rit\u00e9 <span class=\"x193iq5w xeuugli x13faqbe x1vvkbs xlh3980 xvmahel x1n0sxbx x1lliihq x1s928wv xhkezso x1gmr53x x1cpjm7i x1fgarty x1943h6x xudqn12 x3x7a5m x6prxxf xvq8zen xo1l8bm xzsf02u x1yc453h\" dir=\"auto\">(une id\u00e9e emprunt\u00e9e \u00e0 Joseph Goebbels, le ministre de la propagande nazie). <\/span><\/em><\/p>\r\n<p style=\"padding-left: 40px; text-align: justify;\"><em>Les \u00ab Complotistes \u00bb, les lanceurs d&rsquo;alertes, les soldats digitaux et les guerriers de Lumi\u00e8re ont eu raison sur tout, tout, tout \u00e0 propos des vax et du g\u00e9nocide 2020-2024 que l&rsquo;on a surnomm\u00e9 la pland\u00e9mie. <br \/><\/em><\/p>\r\n<p style=\"padding-left: 40px; text-align: justify;\"><em>*** <strong>J\u2019ai remport\u00e9 mon pari !<\/strong> Je n\u2019ai jamais port\u00e9 de masque en 666 jours de restrictions ill\u00e9gales. <\/em><em>Et jamais je n\u2019ai demand\u00e9 \u00e0 quelqu\u2019un d&rsquo;autre de le faire pour moi. J&rsquo;ai refus\u00e9 de me plier \u00e0 <span style=\"text-decoration: underline;\">toutes<\/span> les mesures insanitaires qui sont d&rsquo;ailleurs compl\u00e8tement inutiles, nuisibles pour la sant\u00e9, liberticides et allant \u00e0 l&rsquo;encontre des droits humains&#8230; car je suis libre et souverain. <\/em><em>Et tout ce temps, j&rsquo;ai continu\u00e9 avec mes amis et connaissances mes activit\u00e9s de formation et de pratique des arts martiaux.<br \/><\/em><\/p>\r\n<p style=\"text-align: right;\"><strong>Shihan Jean-Rock Fortin<\/strong><\/p>\r\n<hr \/>\r\n<h2 style=\"text-align: center;\"><a href=\"https:\/\/jrfortin.com\/jrf\/evenements\/screenshot-3\/\" rel=\"attachment wp-att-20222\"><img data-recalc-dims=\"1\" loading=\"lazy\" decoding=\"async\" data-attachment-id=\"20222\" data-permalink=\"https:\/\/jrfortin.com\/jrf\/evenements\/screenshot-3\/\" data-orig-file=\"https:\/\/i0.wp.com\/jrfortin.com\/jrf\/wp-content\/uploads\/2024\/11\/content_image_14.jpeg?fit=595%2C600&amp;ssl=1\" data-orig-size=\"595,600\" data-comments-opened=\"1\" data-image-meta=\"{&quot;aperture&quot;:&quot;0&quot;,&quot;credit&quot;:&quot;&quot;,&quot;camera&quot;:&quot;&quot;,&quot;caption&quot;:&quot;Screenshot&quot;,&quot;created_timestamp&quot;:&quot;1730881282&quot;,&quot;copyright&quot;:&quot;&quot;,&quot;focal_length&quot;:&quot;0&quot;,&quot;iso&quot;:&quot;0&quot;,&quot;shutter_speed&quot;:&quot;0&quot;,&quot;title&quot;:&quot;Screenshot&quot;,&quot;orientation&quot;:&quot;1&quot;}\" data-image-title=\"Screenshot\" data-image-description=\"\" data-image-caption=\"&lt;p&gt;Screenshot&lt;\/p&gt;\n\" data-medium-file=\"https:\/\/i0.wp.com\/jrfortin.com\/jrf\/wp-content\/uploads\/2024\/11\/content_image_14.jpeg?fit=298%2C300&amp;ssl=1\" data-large-file=\"https:\/\/i0.wp.com\/jrfortin.com\/jrf\/wp-content\/uploads\/2024\/11\/content_image_14.jpeg?fit=595%2C600&amp;ssl=1\" class=\"wp-image-20222 size-full aligncenter\" src=\"https:\/\/i0.wp.com\/jrfortin.com\/jrf\/wp-content\/uploads\/2024\/11\/content_image_14.jpeg?resize=595%2C600&#038;ssl=1\" alt=\"\" width=\"595\" height=\"600\" srcset=\"https:\/\/i0.wp.com\/jrfortin.com\/jrf\/wp-content\/uploads\/2024\/11\/content_image_14.jpeg?w=595&amp;ssl=1 595w, https:\/\/i0.wp.com\/jrfortin.com\/jrf\/wp-content\/uploads\/2024\/11\/content_image_14.jpeg?resize=298%2C300&amp;ssl=1 298w, https:\/\/i0.wp.com\/jrfortin.com\/jrf\/wp-content\/uploads\/2024\/11\/content_image_14.jpeg?resize=120%2C120&amp;ssl=1 120w, https:\/\/i0.wp.com\/jrfortin.com\/jrf\/wp-content\/uploads\/2024\/11\/content_image_14.jpeg?resize=150%2C150&amp;ssl=1 150w, https:\/\/i0.wp.com\/jrfortin.com\/jrf\/wp-content\/uploads\/2024\/11\/content_image_14.jpeg?resize=24%2C24&amp;ssl=1 24w, https:\/\/i0.wp.com\/jrfortin.com\/jrf\/wp-content\/uploads\/2024\/11\/content_image_14.jpeg?resize=36%2C36&amp;ssl=1 36w, https:\/\/i0.wp.com\/jrfortin.com\/jrf\/wp-content\/uploads\/2024\/11\/content_image_14.jpeg?resize=48%2C48&amp;ssl=1 48w\" sizes=\"auto, (max-width: 595px) 100vw, 595px\" \/><\/a><strong>WWG1WGA<\/strong><\/h2>\r\n<hr \/>\r\n<p style=\"text-align: left;\">\u00a0<\/p>\r\n","protected":false},"excerpt":{"rendered":"<p>Les cours r\u00e9guliers, les cours priv\u00e9s, les atelier\u2026<\/p>\n<p> <a class=\"continue-reading-link\" href=\"https:\/\/jrfortin.com\/jrf\/evenements\/\"><span>continuez la lecture<\/span><i class=\"crycon-right-dir\"><\/i><\/a> <\/p>\n","protected":false},"author":1,"featured_media":0,"parent":0,"menu_order":0,"comment_status":"open","ping_status":"open","template":"templates\/template-twocolumns-right.php","meta":{"footnotes":""},"class_list":["post-8440","page","type-page","status-publish","hentry"],"yoast_head":"<!-- This site is optimized with the Yoast SEO plugin v26.7 - https:\/\/yoast.com\/wordpress\/plugins\/seo\/ -->\n<title>Tarification, Admissibilit\u00e9 &amp; Restrictions - Dojo du Nouveau Monde<\/title>\n<meta name=\"robots\" content=\"index, follow, max-snippet:-1, max-image-preview:large, max-video-preview:-1\" \/>\n<link rel=\"canonical\" href=\"https:\/\/jrfortin.com\/jrf\/evenements\/\" \/>\n<meta property=\"og:locale\" content=\"fr_FR\" \/>\n<meta property=\"og:type\" content=\"article\" \/>\n<meta property=\"og:title\" content=\"Tarification, Admissibilit\u00e9 &amp; Restrictions - Dojo du Nouveau Monde\" \/>\n<meta property=\"og:description\" content=\"Les cours r\u00e9guliers, les cours priv\u00e9s, les atelier\u2026 continuez la lecture\" \/>\n<meta property=\"og:url\" content=\"https:\/\/jrfortin.com\/jrf\/evenements\/\" \/>\n<meta property=\"og:site_name\" content=\"Dojo du Nouveau Monde\" \/>\n<meta property=\"article:modified_time\" content=\"2026-04-30T12:08:42+00:00\" \/>\n<meta property=\"og:image\" content=\"http:\/\/jrfortin.com\/jrf\/wp-content\/uploads\/2022\/12\/Pancarte.png\" \/>\n<meta name=\"twitter:card\" content=\"summary_large_image\" \/>\n<meta name=\"twitter:site\" content=\"@fortin_rock\" \/>\n<meta name=\"twitter:label1\" content=\"Dur\u00e9e de lecture estim\u00e9e\" \/>\n\t<meta name=\"twitter:data1\" content=\"4 minutes\" \/>\n<script type=\"application\/ld+json\" class=\"yoast-schema-graph\">{\"@context\":\"https:\/\/schema.org\",\"@graph\":[{\"@type\":\"WebPage\",\"@id\":\"https:\/\/jrfortin.com\/jrf\/evenements\/\",\"url\":\"https:\/\/jrfortin.com\/jrf\/evenements\/\",\"name\":\"Tarification, Admissibilit\u00e9 & Restrictions - Dojo du Nouveau Monde\",\"isPartOf\":{\"@id\":\"https:\/\/jrfortin.com\/jrf\/#website\"},\"primaryImageOfPage\":{\"@id\":\"https:\/\/jrfortin.com\/jrf\/evenements\/#primaryimage\"},\"image\":{\"@id\":\"https:\/\/jrfortin.com\/jrf\/evenements\/#primaryimage\"},\"thumbnailUrl\":\"http:\/\/jrfortin.com\/jrf\/wp-content\/uploads\/2022\/12\/Pancarte.png\",\"datePublished\":\"2017-09-10T16:54:40+00:00\",\"dateModified\":\"2026-04-30T12:08:42+00:00\",\"breadcrumb\":{\"@id\":\"https:\/\/jrfortin.com\/jrf\/evenements\/#breadcrumb\"},\"inLanguage\":\"fr-FR\",\"potentialAction\":[{\"@type\":\"ReadAction\",\"target\":[\"https:\/\/jrfortin.com\/jrf\/evenements\/\"]}]},{\"@type\":\"ImageObject\",\"inLanguage\":\"fr-FR\",\"@id\":\"https:\/\/jrfortin.com\/jrf\/evenements\/#primaryimage\",\"url\":\"http:\/\/jrfortin.com\/jrf\/wp-content\/uploads\/2022\/12\/Pancarte.png\",\"contentUrl\":\"http:\/\/jrfortin.com\/jrf\/wp-content\/uploads\/2022\/12\/Pancarte.png\"},{\"@type\":\"BreadcrumbList\",\"@id\":\"https:\/\/jrfortin.com\/jrf\/evenements\/#breadcrumb\",\"itemListElement\":[{\"@type\":\"ListItem\",\"position\":1,\"name\":\"Accueil\",\"item\":\"https:\/\/jrfortin.com\/jrf\/\"},{\"@type\":\"ListItem\",\"position\":2,\"name\":\"Tarification, Admissibilit\u00e9 &#038; Restrictions\"}]},{\"@type\":\"WebSite\",\"@id\":\"https:\/\/jrfortin.com\/jrf\/#website\",\"url\":\"https:\/\/jrfortin.com\/jrf\/\",\"name\":\"Dojo du Nouveau Monde\",\"description\":\"R\u00e9seau de Shihan Jean-Rock Fortin\",\"publisher\":{\"@id\":\"https:\/\/jrfortin.com\/jrf\/#\/schema\/person\/420b013ae3febafe8d99a66adee55de9\"},\"potentialAction\":[{\"@type\":\"SearchAction\",\"target\":{\"@type\":\"EntryPoint\",\"urlTemplate\":\"https:\/\/jrfortin.com\/jrf\/?s={search_term_string}\"},\"query-input\":{\"@type\":\"PropertyValueSpecification\",\"valueRequired\":true,\"valueName\":\"search_term_string\"}}],\"inLanguage\":\"fr-FR\"},{\"@type\":[\"Person\",\"Organization\"],\"@id\":\"https:\/\/jrfortin.com\/jrf\/#\/schema\/person\/420b013ae3febafe8d99a66adee55de9\",\"name\":\"Shihan Jean-Rock Fortin, M.A.\",\"image\":{\"@type\":\"ImageObject\",\"inLanguage\":\"fr-FR\",\"@id\":\"https:\/\/jrfortin.com\/jrf\/#\/schema\/person\/image\/\",\"url\":\"https:\/\/i2.wp.com\/jrfortin.com\/jrf\/wp-content\/uploads\/2020\/07\/ki-le-chemin.jpg?fit=600%2C848&ssl=1\",\"contentUrl\":\"https:\/\/i2.wp.com\/jrfortin.com\/jrf\/wp-content\/uploads\/2020\/07\/ki-le-chemin.jpg?fit=600%2C848&ssl=1\",\"width\":600,\"height\":848,\"caption\":\"Shihan Jean-Rock Fortin, M.A.\"},\"logo\":{\"@id\":\"https:\/\/jrfortin.com\/jrf\/#\/schema\/person\/image\/\"},\"description\":\"Globetrotteur par affaires et pour le plaisir, et Orientaliste, je suis instructeur d'arts martiaux (maitre-enseignant de Ki-A\u00efkido [Shihan] &amp; Dim-Mak), Fondateur du Dojo du Nouveau Monde (2010), \\\"S\u00e9ancier\\\" de Kiatsu, M\u00e9tatronicien, Radiesth\u00e9siste, Coutelier d'art, Conf\u00e9rencier et Auteur du livre \\\"Ki - Le Chemin de l'\u00c9veil\\\" (2018). Je suis \u00e9galement Consultant strat\u00e9gique en \u00e9volution et prosp\u00e9rit\u00e9 des personnes et des organisations.\",\"sameAs\":[\"http:\/\/www.jrfortin.com\"]}]}<\/script>\n<!-- \/ Yoast SEO plugin. -->","yoast_head_json":{"title":"Tarification, Admissibilit\u00e9 & Restrictions - Dojo du Nouveau Monde","robots":{"index":"index","follow":"follow","max-snippet":"max-snippet:-1","max-image-preview":"max-image-preview:large","max-video-preview":"max-video-preview:-1"},"canonical":"https:\/\/jrfortin.com\/jrf\/evenements\/","og_locale":"fr_FR","og_type":"article","og_title":"Tarification, Admissibilit\u00e9 & Restrictions - Dojo du Nouveau Monde","og_description":"Les cours r\u00e9guliers, les cours priv\u00e9s, les atelier\u2026 continuez la lecture","og_url":"https:\/\/jrfortin.com\/jrf\/evenements\/","og_site_name":"Dojo du Nouveau Monde","article_modified_time":"2026-04-30T12:08:42+00:00","og_image":[{"url":"http:\/\/jrfortin.com\/jrf\/wp-content\/uploads\/2022\/12\/Pancarte.png","type":"","width":"","height":""}],"twitter_card":"summary_large_image","twitter_site":"@fortin_rock","twitter_misc":{"Dur\u00e9e de lecture estim\u00e9e":"4 minutes"},"schema":{"@context":"https:\/\/schema.org","@graph":[{"@type":"WebPage","@id":"https:\/\/jrfortin.com\/jrf\/evenements\/","url":"https:\/\/jrfortin.com\/jrf\/evenements\/","name":"Tarification, Admissibilit\u00e9 & Restrictions - Dojo du Nouveau Monde","isPartOf":{"@id":"https:\/\/jrfortin.com\/jrf\/#website"},"primaryImageOfPage":{"@id":"https:\/\/jrfortin.com\/jrf\/evenements\/#primaryimage"},"image":{"@id":"https:\/\/jrfortin.com\/jrf\/evenements\/#primaryimage"},"thumbnailUrl":"http:\/\/jrfortin.com\/jrf\/wp-content\/uploads\/2022\/12\/Pancarte.png","datePublished":"2017-09-10T16:54:40+00:00","dateModified":"2026-04-30T12:08:42+00:00","breadcrumb":{"@id":"https:\/\/jrfortin.com\/jrf\/evenements\/#breadcrumb"},"inLanguage":"fr-FR","potentialAction":[{"@type":"ReadAction","target":["https:\/\/jrfortin.com\/jrf\/evenements\/"]}]},{"@type":"ImageObject","inLanguage":"fr-FR","@id":"https:\/\/jrfortin.com\/jrf\/evenements\/#primaryimage","url":"http:\/\/jrfortin.com\/jrf\/wp-content\/uploads\/2022\/12\/Pancarte.png","contentUrl":"http:\/\/jrfortin.com\/jrf\/wp-content\/uploads\/2022\/12\/Pancarte.png"},{"@type":"BreadcrumbList","@id":"https:\/\/jrfortin.com\/jrf\/evenements\/#breadcrumb","itemListElement":[{"@type":"ListItem","position":1,"name":"Accueil","item":"https:\/\/jrfortin.com\/jrf\/"},{"@type":"ListItem","position":2,"name":"Tarification, Admissibilit\u00e9 &#038; Restrictions"}]},{"@type":"WebSite","@id":"https:\/\/jrfortin.com\/jrf\/#website","url":"https:\/\/jrfortin.com\/jrf\/","name":"Dojo du Nouveau Monde","description":"R\u00e9seau de Shihan Jean-Rock Fortin","publisher":{"@id":"https:\/\/jrfortin.com\/jrf\/#\/schema\/person\/420b013ae3febafe8d99a66adee55de9"},"potentialAction":[{"@type":"SearchAction","target":{"@type":"EntryPoint","urlTemplate":"https:\/\/jrfortin.com\/jrf\/?s={search_term_string}"},"query-input":{"@type":"PropertyValueSpecification","valueRequired":true,"valueName":"search_term_string"}}],"inLanguage":"fr-FR"},{"@type":["Person","Organization"],"@id":"https:\/\/jrfortin.com\/jrf\/#\/schema\/person\/420b013ae3febafe8d99a66adee55de9","name":"Shihan Jean-Rock Fortin, M.A.","image":{"@type":"ImageObject","inLanguage":"fr-FR","@id":"https:\/\/jrfortin.com\/jrf\/#\/schema\/person\/image\/","url":"https:\/\/i2.wp.com\/jrfortin.com\/jrf\/wp-content\/uploads\/2020\/07\/ki-le-chemin.jpg?fit=600%2C848&ssl=1","contentUrl":"https:\/\/i2.wp.com\/jrfortin.com\/jrf\/wp-content\/uploads\/2020\/07\/ki-le-chemin.jpg?fit=600%2C848&ssl=1","width":600,"height":848,"caption":"Shihan Jean-Rock Fortin, M.A."},"logo":{"@id":"https:\/\/jrfortin.com\/jrf\/#\/schema\/person\/image\/"},"description":"Globetrotteur par affaires et pour le plaisir, et Orientaliste, je suis instructeur d'arts martiaux (maitre-enseignant de Ki-A\u00efkido [Shihan] &amp; Dim-Mak), Fondateur du Dojo du Nouveau Monde (2010), \"S\u00e9ancier\" de Kiatsu, M\u00e9tatronicien, Radiesth\u00e9siste, Coutelier d'art, Conf\u00e9rencier et Auteur du livre \"Ki - Le Chemin de l'\u00c9veil\" (2018). Je suis \u00e9galement Consultant strat\u00e9gique en \u00e9volution et prosp\u00e9rit\u00e9 des personnes et des organisations.","sameAs":["http:\/\/www.jrfortin.com"]}]}},"jetpack_sharing_enabled":true,"_links":{"self":[{"href":"https:\/\/jrfortin.com\/jrf\/wp-json\/wp\/v2\/pages\/8440","targetHints":{"allow":["GET"]}}],"collection":[{"href":"https:\/\/jrfortin.com\/jrf\/wp-json\/wp\/v2\/pages"}],"about":[{"href":"https:\/\/jrfortin.com\/jrf\/wp-json\/wp\/v2\/types\/page"}],"author":[{"embeddable":true,"href":"https:\/\/jrfortin.com\/jrf\/wp-json\/wp\/v2\/users\/1"}],"replies":[{"embeddable":true,"href":"https:\/\/jrfortin.com\/jrf\/wp-json\/wp\/v2\/comments?post=8440"}],"version-history":[{"count":2,"href":"https:\/\/jrfortin.com\/jrf\/wp-json\/wp\/v2\/pages\/8440\/revisions"}],"predecessor-version":[{"id":20427,"href":"https:\/\/jrfortin.com\/jrf\/wp-json\/wp\/v2\/pages\/8440\/revisions\/20427"}],"wp:attachment":[{"href":"https:\/\/jrfortin.com\/jrf\/wp-json\/wp\/v2\/media?parent=8440"}],"curies":[{"name":"wp","href":"https:\/\/api.w.org\/{rel}","templated":true}]}}